{"id":8057,"date":"2018-08-22T15:46:58","date_gmt":"2018-08-22T22:46:58","guid":{"rendered":"https:\/\/indigenoustourism.ca\/corporate\/media-coverage\/"},"modified":"2020-06-04T10:47:15","modified_gmt":"2020-06-04T17:47:15","slug":"couverture-mediatique","status":"publish","type":"page","link":"https:\/\/indigenoustourism.ca\/fr\/couverture-mediatique\/","title":{"rendered":"Couverture m\u00e9diatique"},"content":{"rendered":"<ul class=\"media-coverage-list\">\n<li><a class=\"media-coverage-article\" title=\"\u201cFeds earmark $1.5M to support recovery of B.C., Indigenous tourism\" href=\"https:\/\/www.pentictonwesternnews.com\/news\/feds-earmark-1-5m-to-support-recovery-of-b-c-indigenous-tourism\/\" target=\"_blank\" rel=\"noopener noreferrer\"><span class=\"media-coverage-article__meta\"><span class=\"media-coverage-article__date\">31 mai 2020<\/span><span class=\"media-coverage-article__publisher\">Penticton Western News<\/span><\/span><span class=\"media-coverage-article__title\">Feds earmark $1.5M to support recovery of B.C., Indigenous tourism<\/span><\/a><\/li>\n<li><a class=\"media-coverage-article\" title=\"\u201c25 Places to Go Backcountry Camping in Ontario\" href=\"https:\/\/www.todocanada.ca\/places-to-go-backcountry-camping-in-ontario\/\" target=\"_blank\" rel=\"noopener noreferrer\"><span class=\"media-coverage-article__meta\"><span class=\"media-coverage-article__date\">30 mai 2020<\/span><span class=\"media-coverage-article__publisher\">To Do Canada<\/span><\/span><span class=\"media-coverage-article__title\">25 Places to Go Backcountry Camping in Ontario<\/span><\/a><\/li>\n<li><a class=\"media-coverage-article\" title=\"\u201cHow Manitoba\u2019s tourism industry plans to recover from the pandemic\" href=\"https:\/\/winnipeg.ctvnews.ca\/how-manitoba-s-tourism-industry-plans-to-recover-from-the-pandemic-1.4955597?cache=yesclipId1723871clipId89578%3FclipId%3D1920563%3FautoPlay%3Dtrue\" target=\"_blank\" rel=\"noopener noreferrer\"><span class=\"media-coverage-article__meta\"><span class=\"media-coverage-article__date\">26 mai 2020<\/span><span class=\"media-coverage-article__publisher\">CTV News<\/span><\/span><span class=\"media-coverage-article__title\">How Manitoba\u2019s tourism industry plans to recover from the pandemic<\/span><\/a><\/li>\n<li><a class=\"media-coverage-article\" title=\"\u201cWhy First Nations Communities are Uninviting Visitors\" href=\"http:\/\/www.bbc.com\/travel\/story\/20200525-why-first-nations-communities-are-uninviting-visitors\" target=\"_blank\" rel=\"noopener noreferrer\"><span class=\"media-coverage-article__meta\"><span class=\"media-coverage-article__date\">26 mai 2020<\/span><span class=\"media-coverage-article__publisher\">BBC Travel<\/span><\/span><span class=\"media-coverage-article__title\">Why First Nations Communities are Uninviting Visitors<\/span><\/a><\/li>\n<li><a class=\"media-coverage-article\" title=\"\u201cEconomic Stimulus Fund for Indigenous Tourism BC\" href=\"https:\/\/www.youtube.com\/watch?v=lcPTIxZkYOE&#038;feature=youtu.be\" data-rel=\"lightbox-video-0\" target=\"_blank\" rel=\"noopener noreferrer\"><span class=\"media-coverage-article__meta\"><span class=\"media-coverage-article__date\">22 mai 2020<\/span><span class=\"media-coverage-article__publisher\">Indigenous Tourism BC<\/span><\/span><span class=\"media-coverage-article__title\">Economic Stimulus Fund for Indigenous Tourism BC<\/span><\/a><\/li>\n<li><a class=\"media-coverage-article\" title=\"\u201cSask. Indigenous tourism operators feeling the crunch\" href=\"https:\/\/thestarphoenix.com\/news\/local-news\/sask-indigenous-tourism-operators-feeling-the-crunch\/\" target=\"_blank\" rel=\"noopener noreferrer\"><span class=\"media-coverage-article__meta\"><span class=\"media-coverage-article__date\">21 mai 2020<\/span><span class=\"media-coverage-article__publisher\">Saskatoon Star Phoenix<\/span><\/span><span class=\"media-coverage-article__title\">Sask. Indigenous tourism operators feeling the crunch<\/span><\/a><\/li>\n<li><a class=\"media-coverage-article\" title=\"\u201cWikwemikong: Explore Rugged Landscapes of Canada\u2019s Only Officially Recognized Unceded Territory With Indigenous Knowledge Keepers\" href=\"https:\/\/www.todocanada.ca\/wikwemikong-explore-rugged-landscapes-of-canadas-only-officially-recognized-unceded-reserve-in-manitoulin-island-with-indigenous-knowledge-keepers\/\" target=\"_blank\" rel=\"noopener noreferrer\"><span class=\"media-coverage-article__meta\"><span class=\"media-coverage-article__date\">20 mai 2020<\/span><span class=\"media-coverage-article__publisher\">To Do Canada<\/span><\/span><span class=\"media-coverage-article__title\">Wikwemikong: Explore Rugged Landscapes of Canada\u2019s Only Officially Recognized Unceded Territory With Indigenous Knowledge Keepers<\/span><\/a><\/li>\n<li><a class=\"media-coverage-article\" title=\"\u201cL'\u00e9lan du tourisme autochtone bris\u00e9 par la pand\u00e9mie\" href=\"https:\/\/ici.radio-canada.ca\/premiere\/emissions\/bonjour-la-cote\/segments\/entrevue\/172684\/elan-tourisme-autochtone-brise-pandemie-travail-promotion\" target=\"_blank\" rel=\"noopener noreferrer\"><span class=\"media-coverage-article__meta\"><span class=\"media-coverage-article__date\">20 mai 2020<\/span><span class=\"media-coverage-article__publisher\">ICI Premi\u0113re<\/span><\/span><span class=\"media-coverage-article__title\">L&rsquo;\u00e9lan du tourisme autochtone bris\u00e9 par la pand\u00e9mie<\/span><\/a><\/li>\n<li><a class=\"media-coverage-article\" title=\"\u201cKekuli owner keeps cool\" href=\"https:\/\/okanaganedge.net\/2020\/05\/19\/kekuli-owner-keeps-cool\/\" target=\"_blank\" rel=\"noopener noreferrer\"><span class=\"media-coverage-article__meta\"><span class=\"media-coverage-article__date\">19 mai 2020<\/span><span class=\"media-coverage-article__publisher\">Okanagan Edge<\/span><\/span><span class=\"media-coverage-article__title\">Kekuli owner keeps cool<\/span><\/a><\/li>\n<li><a class=\"media-coverage-article\" title=\"\u201cIndigenous tourism businesses feeling the bite from COVID-19\" href=\"https:\/\/www.cbc.ca\/news\/indigenous\/indigenous-tourism-business-coronavirus-1.5572259\" target=\"_blank\" rel=\"noopener noreferrer\"><span class=\"media-coverage-article__meta\"><span class=\"media-coverage-article__date\">16 mai 2020<\/span><span class=\"media-coverage-article__publisher\">CBC News<\/span><\/span><span class=\"media-coverage-article__title\">Indigenous tourism businesses feeling the bite from COVID-19<\/span><\/a><\/li>\n<li><a class=\"media-coverage-article\" title=\"\u201cIndigenous Tourism B.C. Provides Relief Funds to 71 Businesses\" href=\"https:\/\/www.hoteliermagazine.com\/indigenous-tourism-b-c-provides-relief-funds-to-71-businesses\/\" target=\"_blank\" rel=\"noopener noreferrer\"><span class=\"media-coverage-article__meta\"><span class=\"media-coverage-article__date\">13 mai 2020<\/span><span class=\"media-coverage-article__publisher\">Hotelier<\/span><\/span><span class=\"media-coverage-article__title\">Indigenous Tourism B.C. Provides Relief Funds to 71 Businesses<\/span><\/a><\/li>\n<li><a class=\"media-coverage-article\" title=\"\u201cWatch Five Renowned Indigenous Chefs Cook Up A Delicious Feast This Week\" href=\"https:\/\/www.forbes.com\/sites\/fionatapp\/2020\/05\/13\/watch-five-renowned-indigenous-chefs-cook-up-a-delicious-feast-this-week\/#679774b86d56\" target=\"_blank\" rel=\"noopener noreferrer\"><span class=\"media-coverage-article__meta\"><span class=\"media-coverage-article__date\">13 mai 2020<\/span><span class=\"media-coverage-article__publisher\">Forbes<\/span><\/span><span class=\"media-coverage-article__title\">Watch Five Renowned Indigenous Chefs Cook Up A Delicious Feast This Week<\/span><\/a><\/li>\n<li><a class=\"media-coverage-article\" title=\"\u201c8 Boundary-Pushing Canadian Adventures that Start Where the Wi-Fi Signal Ends\" href=\"https:\/\/www.explore-mag.com\/8_Boundary_Pushing_Outdoor_Adventures_that_Start_Where-the_WiFi_Signal_Ends\" target=\"_blank\" rel=\"noopener noreferrer\"><span class=\"media-coverage-article__meta\"><span class=\"media-coverage-article__date\">12 mai 2020<\/span><span class=\"media-coverage-article__publisher\">Explore Magazine<\/span><\/span><span class=\"media-coverage-article__title\">8 Boundary-Pushing Canadian Adventures that Start Where the Wi-Fi Signal Ends<\/span><\/a><\/li>\n<li><a class=\"media-coverage-article\" title=\"\u201cIndigenous restaurant owners adopt new business models to try and ride out pandemic\" href=\"https:\/\/www.cbc.ca\/news\/indigenous\/restaurant-coronavirus-business-adapt-1.5566900\" target=\"_blank\" rel=\"noopener noreferrer\"><span class=\"media-coverage-article__meta\"><span class=\"media-coverage-article__date\">12 mai 2020<\/span><span class=\"media-coverage-article__publisher\">CBC News<\/span><\/span><span class=\"media-coverage-article__title\">Indigenous restaurant owners adopt new business models to try and ride out pandemic<\/span><\/a><\/li>\n<li><a class=\"media-coverage-article\" title=\"\u201cCOVID-19 will be tough recovery says N.W.T. Indigenous businesses operators\" href=\"https:\/\/www.aptnnews.ca\/national-news\/covid-19-will-be-tough-recovery-says-n-w-t-indigenous-businesses-operators\/\" target=\"_blank\" rel=\"noopener noreferrer\"><span class=\"media-coverage-article__meta\"><span class=\"media-coverage-article__date\">11 mai 2020<\/span><span class=\"media-coverage-article__publisher\">APTN National News<\/span><\/span><span class=\"media-coverage-article__title\">COVID-19 will be tough recovery says N.W.T. Indigenous businesses operators<\/span><\/a><\/li>\n<li><a class=\"media-coverage-article\" title=\"\u201cA 3-season travel guide to the natural wonders of Churchill, Manitoba\" href=\"https:\/\/matadornetwork.com\/read\/3-season-travel-guide-natural-wonders-churchill-manitoba\/\" target=\"_blank\" rel=\"noopener noreferrer\"><span class=\"media-coverage-article__meta\"><span class=\"media-coverage-article__date\">7 mai 2020<\/span><span class=\"media-coverage-article__publisher\">Matador Network<\/span><\/span><span class=\"media-coverage-article__title\">A 3-season travel guide to the natural wonders of Churchill, Manitoba<\/span><\/a><\/li>\n<li><a class=\"media-coverage-article\" title=\"\u201cLocal First Nations cancel powwows, other events due to COVID-19\" href=\"https:\/\/www.owensoundsuntimes.com\/news\/local-news\/local-first-nations-cancel-powwows-other-events-due-to-covid-19\" target=\"_blank\" rel=\"noopener noreferrer\"><span class=\"media-coverage-article__meta\"><span class=\"media-coverage-article__date\">7 mai 2020<\/span><span class=\"media-coverage-article__publisher\">Owen Sound Sun Times<\/span><\/span><span class=\"media-coverage-article__title\">Local First Nations cancel powwows, other events due to COVID-19<\/span><\/a><\/li>\n<li><a class=\"media-coverage-article\" title=\"\u201cTourism sector pleads for urgent help\" href=\"https:\/\/www.fftimes.com\/news\/local\/news\/tourism-sector-pleads-urgent-help\" target=\"_blank\" rel=\"noopener noreferrer\"><span class=\"media-coverage-article__meta\"><span class=\"media-coverage-article__date\">6 mai 2020<\/span><span class=\"media-coverage-article__publisher\">Fort Frances Times<\/span><\/span><span class=\"media-coverage-article__title\">Tourism sector pleads for urgent help<\/span><\/a><\/li>\n<li><a class=\"media-coverage-article\" title=\"\u201cNishDish is closing on Bloor\" href=\"https:\/\/nowtoronto.com\/food-and-drink\/food\/nishdish-closing\/\" target=\"_blank\" rel=\"noopener noreferrer\"><span class=\"media-coverage-article__meta\"><span class=\"media-coverage-article__date\">6 mai 2020<\/span><span class=\"media-coverage-article__publisher\">Now Toronto<\/span><\/span><span class=\"media-coverage-article__title\">NishDish is closing on Bloor<\/span><\/a><\/li>\n<li><a class=\"media-coverage-article\" title=\"\u201cNunavik, Quebec, an Arctic wilderness, is only two hours from Montreal\" href=\"https:\/\/matadornetwork.com\/read\/nunavik-quebec-arctic-wilderness\/\" target=\"_blank\" rel=\"noopener noreferrer\"><span class=\"media-coverage-article__meta\"><span class=\"media-coverage-article__date\">5 mai 2020<\/span><span class=\"media-coverage-article__publisher\">Matador Network<\/span><\/span><span class=\"media-coverage-article__title\">Nunavik, Quebec, an Arctic wilderness, is only two hours from Montreal<\/span><\/a><\/li>\n<li><a class=\"media-coverage-article\" title=\"\u201cHow to Turn a Walk in the Woods Into an Ancient Indigenous Kitchen Staple\" href=\"https:\/\/www.atlasobscura.com\/articles\/easy-foraging\" target=\"_blank\" rel=\"noopener noreferrer\"><span class=\"media-coverage-article__meta\"><span class=\"media-coverage-article__date\">4 mai 2020<\/span><span class=\"media-coverage-article__publisher\">Atlas Obscura<\/span><\/span><span class=\"media-coverage-article__title\">How to Turn a Walk in the Woods Into an Ancient Indigenous Kitchen Staple<\/span><\/a><\/li>\n<li><a class=\"media-coverage-article\" title=\"\u201cAssociation providing stimulus for Indigenous tourism businesses\" href=\"https:\/\/www.capebretonpost.com\/business\/local-business\/association-providing-stimulus-for-indigenous-tourism-businesses-443696\/\" target=\"_blank\" rel=\"noopener noreferrer\"><span class=\"media-coverage-article__meta\"><span class=\"media-coverage-article__date\">29 avril 2020<\/span><span class=\"media-coverage-article__publisher\">Cape Breton Post<\/span><\/span><span class=\"media-coverage-article__title\">Association providing stimulus for Indigenous tourism businesses<\/span><\/a><\/li>\n<li><a class=\"media-coverage-article\" title=\"\u201cTrying times for Indigenous, remote tourism operators\" href=\"https:\/\/www.northernnews.ca\/news\/local-news\/trying-times-for-indigenous-remote-tourism-operators-2\" target=\"_blank\" rel=\"noopener noreferrer\"><span class=\"media-coverage-article__meta\"><span class=\"media-coverage-article__date\">28 avril 2020<\/span><span class=\"media-coverage-article__publisher\">Northern News<\/span><\/span><span class=\"media-coverage-article__title\">Trying times for Indigenous, remote tourism operators<\/span><\/a><\/li>\n<li><a class=\"media-coverage-article\" title=\"\u201c6 Breathtaking Canadian Wildlife Experiences\" href=\"https:\/\/us-keepexploring.canada.travel\/things-to-do\/6-breathtaking-canadian-wildlife-experiences\" target=\"_blank\" rel=\"noopener noreferrer\"><span class=\"media-coverage-article__meta\"><span class=\"media-coverage-article__date\">27 avril 2020<\/span><span class=\"media-coverage-article__publisher\">Destination Canada<\/span><\/span><span class=\"media-coverage-article__title\">6 Breathtaking Canadian Wildlife Experiences<\/span><\/a><\/li>\n<li><a class=\"media-coverage-article\" title=\"\u201cIn Search of the Spirit Bear\" href=\"https:\/\/www.backpacker.com\/stories\/in-search-of-the-spirit-bear\" target=\"_blank\" rel=\"noopener noreferrer\"><span class=\"media-coverage-article__meta\"><span class=\"media-coverage-article__date\">27 avril 2020<\/span><span class=\"media-coverage-article__publisher\">Backpacker<\/span><\/span><span class=\"media-coverage-article__title\">In Search of the Spirit Bear<\/span><\/a><\/li>\n<li><a class=\"media-coverage-article\" title=\"\u201cCanada From Home: Explore Canada\u2019s Territories Online\" href=\"https:\/\/www.todocanada.ca\/canada-from-home-explore-canadas-territories\/\" target=\"_blank\" rel=\"noopener noreferrer\"><span class=\"media-coverage-article__meta\"><span class=\"media-coverage-article__date\">25 avril 2020<\/span><span class=\"media-coverage-article__publisher\">ToDo Canada<\/span><\/span><span class=\"media-coverage-article__title\">Canada From Home: Explore Canada\u2019s Territories Online<\/span><\/a><\/li>\n<li><a class=\"media-coverage-article\" title=\"\u201c'This is terrifying': Northern Ontario tourism operators calling for more help during pandemic\" href=\"https:\/\/northernontario.ctvnews.ca\/this-is-terrifying-northern-ontario-tourism-operators-calling-for-more-help-during-pandemic-1.4909419\" target=\"_blank\" rel=\"noopener noreferrer\"><span class=\"media-coverage-article__meta\"><span class=\"media-coverage-article__date\">23 avril 2020<\/span><span class=\"media-coverage-article__publisher\">CTV News<\/span><\/span><span class=\"media-coverage-article__title\">&lsquo;This is terrifying&rsquo;: Northern Ontario tourism operators calling for more help during pandemic<\/span><\/a><\/li>\n<li><a class=\"media-coverage-article\" title=\"\u201cRegion's tourism industry on life support\" href=\"https:\/\/www.nugget.ca\/news\/local-news\/regions-tourism-industry-on-life-support\" target=\"_blank\" rel=\"noopener noreferrer\"><span class=\"media-coverage-article__meta\"><span class=\"media-coverage-article__date\">23 avril 2020<\/span><span class=\"media-coverage-article__publisher\">North Bay Nugget<\/span><\/span><span class=\"media-coverage-article__title\">Region&rsquo;s tourism industry on life support<\/span><\/a><\/li>\n<li><a class=\"media-coverage-article\" title=\"\u201cCanadian Tire partners with West Kelowna cafe\" href=\"http:\/\/www.kelownadailycourier.ca\/business_news\/article_700b1a28-84b3-11ea-ae71-83cf639f7e06.html\" target=\"_blank\" rel=\"noopener noreferrer\"><span class=\"media-coverage-article__meta\"><span class=\"media-coverage-article__date\">22 avril 2020<\/span><span class=\"media-coverage-article__publisher\">Kelowna Daily Courier<\/span><\/span><span class=\"media-coverage-article__title\">Canadian Tire partners with West Kelowna cafe<\/span><\/a><\/li>\n<li><a class=\"media-coverage-article\" title=\"\u201cGovernment puts $300 million to help small- to medium-sized Indigenous businesses\" href=\"https:\/\/www.thesafetymag.com\/ca\/topics\/leadership-and-culture\/government-puts-300-million-to-help-small-to-medium-sized-indigenous-businesses\/220300\" target=\"_blank\" rel=\"noopener noreferrer\"><span class=\"media-coverage-article__meta\"><span class=\"media-coverage-article__date\">22 avril 2020<\/span><span class=\"media-coverage-article__publisher\">Canadian Occupational Safety<\/span><\/span><span class=\"media-coverage-article__title\">Government puts $300 million to help small- to medium-sized Indigenous businesses<\/span><\/a><\/li>\n<li><a class=\"media-coverage-article\" title=\"\u201cSeasonal camps put out plea for help\" href=\"http:\/\/www.fftimes.com\/news\/local\/district\/seasonal-camps-put-out-plea-help\" target=\"_blank\" rel=\"noopener noreferrer\"><span class=\"media-coverage-article__meta\"><span class=\"media-coverage-article__date\">22 avril 2020<\/span><span class=\"media-coverage-article__publisher\">Fort Frances Times<\/span><\/span><span class=\"media-coverage-article__title\">Seasonal camps put out plea for help<\/span><\/a><\/li>\n<li><a class=\"media-coverage-article\" title=\"\u201cTrudeau promises relief for Indigenous small business\" href=\"https:\/\/www.nationalobserver.com\/2020\/04\/20\/news\/trudeau-promises-relief-indigenous-small-business\" target=\"_blank\" rel=\"noopener noreferrer\"><span class=\"media-coverage-article__meta\"><span class=\"media-coverage-article__date\">20 avril 2020<\/span><span class=\"media-coverage-article__publisher\">Canada&rsquo;s National Observer<\/span><\/span><span class=\"media-coverage-article__title\">Trudeau promises relief for Indigenous small business<\/span><\/a><\/li>\n<li><a class=\"media-coverage-article\" title=\"\u201cB.C. Indigenous tourism operators at risk of closing because of pandemic\" href=\"https:\/\/aptnnews.ca\/2020\/04\/17\/b-c-indigenous-tourism-operators-at-risk-of-closing-because-of-pandemic\/\" target=\"_blank\" rel=\"noopener noreferrer\"><span class=\"media-coverage-article__meta\"><span class=\"media-coverage-article__date\">17 avril 2020<\/span><span class=\"media-coverage-article__publisher\">APTN National News<\/span><\/span><span class=\"media-coverage-article__title\">B.C. Indigenous tourism operators at risk of closing because of pandemic<\/span><\/a><\/li>\n<li><a class=\"media-coverage-article\" title=\"\u201cHow an Indigenous Chef Fights for Food Sovereignty\" href=\"https:\/\/www.atlasobscura.com\/articles\/first-nations-food-toronto\" target=\"_blank\" rel=\"noopener noreferrer\"><span class=\"media-coverage-article__meta\"><span class=\"media-coverage-article__date\">15 avril 2020<\/span><span class=\"media-coverage-article__publisher\">Atlas Obscura<\/span><\/span><span class=\"media-coverage-article__title\">How an Indigenous Chef Fights for Food Sovereignty<\/span><\/a><\/li>\n<li><a class=\"media-coverage-article\" title=\"\u201cCanada\u2019s Indigenous tourism operators call for more accessible federal assistance amid COVID-19 pandemic\" href=\"https:\/\/www.theglobeandmail.com\/life\/travel\/article-canadas-indigenous-tourism-operators-call-for-more-accessible-federal\/\" target=\"_blank\" rel=\"noopener noreferrer\"><span class=\"media-coverage-article__meta\"><span class=\"media-coverage-article__date\">14 avril 2020<\/span><span class=\"media-coverage-article__publisher\">The Globe and Mail<\/span><\/span><span class=\"media-coverage-article__title\">Canada\u2019s Indigenous tourism operators call for more accessible federal assistance amid COVID-19 pandemic<\/span><\/a><\/li>\n<li><a class=\"media-coverage-article\" title=\"\u201cJenni Lessard Cultivates Creativity in Indigenous Cuisine at Wanuskewin\" href=\"https:\/\/nuvomagazine.com\/daily-edit\/jenni-lessard-cultivates-creativity-in-indigenous-cuisine\" target=\"_blank\" rel=\"noopener noreferrer\"><span class=\"media-coverage-article__meta\"><span class=\"media-coverage-article__date\">13 avril 2020<\/span><span class=\"media-coverage-article__publisher\">Nuvo<\/span><\/span><span class=\"media-coverage-article__title\">Jenni Lessard Cultivates Creativity in Indigenous Cuisine at Wanuskewin<\/span><\/a><\/li>\n<li><a class=\"media-coverage-article\" title=\"\u201cTelling Canada\u2019s indigenous tourism story\" href=\"https:\/\/www.travelpress.com\/digital_posts\/telling-canadas-indigenous-tourism-story\/#.XpiwXlNKjw5\" target=\"_blank\" rel=\"noopener noreferrer\"><span class=\"media-coverage-article__meta\"><span class=\"media-coverage-article__date\">13 avril 2020<\/span><span class=\"media-coverage-article__publisher\">Travel Press<\/span><\/span><span class=\"media-coverage-article__title\">Telling Canada\u2019s indigenous tourism story<\/span><\/a><\/li>\n<li><a class=\"media-coverage-article\" title=\"\u201cThe Shift With Drex\" href=\"https:\/\/api.criticalmention.com\/cm\/wordplay?uuid=63c19259-4fd1-4f6b-b72a-be9d8820da54&amp;channelId=6708&amp;minTime=20200413070000&amp;maxTime=20200413115959&amp;token=c173ad15-c06c-49d1-af90-7a22e5b7d484\" target=\"_blank\" rel=\"noopener noreferrer\"><span class=\"media-coverage-article__meta\"><span class=\"media-coverage-article__date\">13 avril 2020<\/span><span class=\"media-coverage-article__publisher\">CKNW (Global News Radio) &#8211; Canada<\/span><\/span><span class=\"media-coverage-article__title\">The Shift With Drex<\/span><\/a><\/li>\n<li><a class=\"media-coverage-article\" title=\"\u201cIndigenous tourism being ignored by federal government, B.C. operators say\" href=\"https:\/\/www.thestar.com\/news\/canada\/2020\/04\/13\/indigenous-tourism-being-ignored-by-federal-government-bc-operators-say.html\" target=\"_blank\" rel=\"noopener noreferrer\"><span class=\"media-coverage-article__meta\"><span class=\"media-coverage-article__date\">13 avril 2020<\/span><span class=\"media-coverage-article__publisher\">The Star<\/span><\/span><span class=\"media-coverage-article__title\">Indigenous tourism being ignored by federal government, B.C. operators say<\/span><\/a><\/li>\n<li><a class=\"media-coverage-article\" title=\"\u201cIn Canada, a female Indigenous chef popularizes local, pre-European cuisine\" href=\"https:\/\/conversationalist.org\/2020\/04\/10\/mentoring-with-bannock-a-female-chef-popularizes-an-indigenous-dish\/\" target=\"_blank\" rel=\"noopener noreferrer\"><span class=\"media-coverage-article__meta\"><span class=\"media-coverage-article__date\">10 avril 2020<\/span><span class=\"media-coverage-article__publisher\">The Conversationalist<\/span><\/span><span class=\"media-coverage-article__title\">In Canada, a female Indigenous chef popularizes local, pre-European cuisine<\/span><\/a><\/li>\n<li><a class=\"media-coverage-article\" title=\"\u201cCoronavirus pandemic leaves northwest B.C.\u2019s Indigenous businesses at risk of collapse in tourism downturn\" href=\"https:\/\/thenarwhal.ca\/coronavirus-pandemic-northwest-bc-indigenous-businesses-tourism-downturn\/\" target=\"_blank\" rel=\"noopener noreferrer\"><span class=\"media-coverage-article__meta\"><span class=\"media-coverage-article__date\">9 avril 2020<\/span><span class=\"media-coverage-article__publisher\">The Narwhal<\/span><\/span><span class=\"media-coverage-article__title\">Coronavirus pandemic leaves northwest B.C.\u2019s Indigenous businesses at risk of collapse in tourism downturn<\/span><\/a><\/li>\n<li><a class=\"media-coverage-article\" title=\"\u201cAround the World in 6 Quarantine Pantries\" href=\"https:\/\/www.atlasobscura.com\/articles\/what-chefs-are-doing-covid-coronavirus\" target=\"_blank\" rel=\"noopener noreferrer\"><span class=\"media-coverage-article__meta\"><span class=\"media-coverage-article__date\">9 avril 2020<\/span><span class=\"media-coverage-article__publisher\">Atlas Obscura<\/span><\/span><span class=\"media-coverage-article__title\">Around the World in 6 Quarantine Pantries<\/span><\/a><\/li>\n<li><a class=\"media-coverage-article\" title=\"\u201cExperience the Indigenous culture and history of Canada\" href=\"https:\/\/www.travelweekly.co.uk\/articles\/367222\/experience-the-indigenous-culture-and-history-of-canada\" target=\"_blank\" rel=\"noopener noreferrer\"><span class=\"media-coverage-article__meta\"><span class=\"media-coverage-article__date\">8 avril 2020<\/span><span class=\"media-coverage-article__publisher\">Travel Weekly<\/span><\/span><span class=\"media-coverage-article__title\">Experience the Indigenous culture and history of Canada<\/span><\/a><\/li>\n<li><a class=\"media-coverage-article\" title=\"\u201c\u2018The longer we go, the more we bleed money\u2019: Entrepreneurs on their struggles amid the pandemic\" href=\"https:\/\/www.theglobeandmail.com\/business\/article-the-longer-we-go-the-more-we-bleed-money-entrepreneurs-on-their\/\" target=\"_blank\" rel=\"noopener noreferrer\"><span class=\"media-coverage-article__meta\"><span class=\"media-coverage-article__date\">6 avril 2020<\/span><span class=\"media-coverage-article__publisher\">The Globe and Mail<\/span><\/span><span class=\"media-coverage-article__title\">\u2018The longer we go, the more we bleed money\u2019: Entrepreneurs on their struggles amid the pandemic<\/span><\/a><\/li>\n<li><a class=\"media-coverage-article\" title=\"\u201cNk'Mip Cellars in Osoyoos, British Columbia\" href=\"https:\/\/www.atlasobscura.com\/places\/nkmip-cellars\" target=\"_blank\" rel=\"noopener noreferrer\"><span class=\"media-coverage-article__meta\"><span class=\"media-coverage-article__date\">3 avril 2020<\/span><span class=\"media-coverage-article__publisher\">Atlas Obscura<\/span><\/span><span class=\"media-coverage-article__title\">Nk&rsquo;Mip Cellars in Osoyoos, British Columbia<\/span><\/a><\/li>\n<li><a class=\"media-coverage-article\" title=\"\u201cIndigenous tourism industry needs immediate funding to avoid collapse, says association\" href=\"https:\/\/hashilthsa.com\/news\/2020-04-02\/indigenous-tourism-industry-needs-immediate-funding-avoid-collapse-says-association\" target=\"_blank\" rel=\"noopener noreferrer\"><span class=\"media-coverage-article__meta\"><span class=\"media-coverage-article__date\">2 avril 2020<\/span><span class=\"media-coverage-article__publisher\">Ha-Shilth-Sa<\/span><\/span><span class=\"media-coverage-article__title\">Indigenous tourism industry needs immediate funding to avoid collapse, says association<\/span><\/a><\/li>\n<li><a class=\"media-coverage-article\" title=\"\u201cKeith Henry: Indigenous tourism industry needs immediate federal stimulus\" href=\"https:\/\/theprovince.com\/opinion\/keith-henry-indigenous-tourism-industry-needs-immediate-federal-stimulus\/wcm\/bf8ce331-9ec9-4aa9-b1ee-e9a5f7169752\" target=\"_blank\" rel=\"noopener noreferrer\"><span class=\"media-coverage-article__meta\"><span class=\"media-coverage-article__date\">1 avril 2020<\/span><span class=\"media-coverage-article__publisher\">The Province<\/span><\/span><span class=\"media-coverage-article__title\">Keith Henry: Indigenous tourism industry needs immediate federal stimulus<\/span><\/a><\/li>\n<li><a class=\"media-coverage-article\" title=\"\u201cExploring Manitoulin Island with Great Spirit Trail\" href=\"https:\/\/catchcarri.com\/exploring-manitoulin-island-great-spirit-trail\/\" target=\"_blank\" rel=\"noopener noreferrer\"><span class=\"media-coverage-article__meta\"><span class=\"media-coverage-article__date\">31 mars 2020<\/span><span class=\"media-coverage-article__publisher\">Catch Carri<\/span><\/span><span class=\"media-coverage-article__title\">Exploring Manitoulin Island with Great Spirit Trail<\/span><\/a><\/li>\n<li><a class=\"media-coverage-article\" title=\"\u201cIndigenous tourism operations hard hit by pandemic\" href=\"https:\/\/globalnews.ca\/video\/6760185\/indigenous-tourism-operations-hard-hit-by-pandemic\/?fbclid=IwAR1FfC-u2d-RuQaHCID0gpk35T8ahe0Asg6vN4wLVZkyqyTgvts86RYelQg\" target=\"_blank\" rel=\"noopener noreferrer\"><span class=\"media-coverage-article__meta\"><span class=\"media-coverage-article__date\">31 mars 2020<\/span><span class=\"media-coverage-article__publisher\">Global News<\/span><\/span><span class=\"media-coverage-article__title\">Indigenous tourism operations hard hit by pandemic<\/span><\/a><\/li>\n<li><a class=\"media-coverage-article\" title=\"\u201cIndigenous tourism operator in N.W.T. ends aurora season early\" href=\"https:\/\/aptnnews.ca\/2020\/03\/31\/indigenous-tourism-operator-in-n-w-t-ends-aurora-season-early\/\" target=\"_blank\" rel=\"noopener noreferrer\"><span class=\"media-coverage-article__meta\"><span class=\"media-coverage-article__date\">31 mars 2020<\/span><span class=\"media-coverage-article__publisher\">APTN National News<\/span><\/span><span class=\"media-coverage-article__title\">Indigenous tourism operator in N.W.T. ends aurora season early<\/span><\/a><\/li>\n<li><a class=\"media-coverage-article\" title=\"\u201c$1.2M fund set up to help Indigenous tourism operators during pandemic\" href=\"https:\/\/aptnnews.ca\/2020\/03\/30\/1-2m-fund-set-up-to-help-indigenous-tourism-operators-during-pandemic\/\" target=\"_blank\" rel=\"noopener noreferrer\"><span class=\"media-coverage-article__meta\"><span class=\"media-coverage-article__date\">30 mars 2020<\/span><span class=\"media-coverage-article__publisher\">APTN National News<\/span><\/span><span class=\"media-coverage-article__title\">$1.2M fund set up to help Indigenous tourism operators during pandemic<\/span><\/a><\/li>\n<li><a class=\"media-coverage-article\" title=\"\u201cKillarney lodge offers new Indigenous-inspired tour package\" href=\"https:\/\/www.saultstar.com\/news\/local-news\/killarney-lodge-offers-new-indigenous-inspired-tour-package\/wcm\/bf414623-f00d-48f6-8118-b6cd6b2b49cf\" target=\"_blank\" rel=\"noopener noreferrer\"><span class=\"media-coverage-article__meta\"><span class=\"media-coverage-article__date\">26 mars 2020<\/span><span class=\"media-coverage-article__publisher\">The Sault Star<\/span><\/span><span class=\"media-coverage-article__title\">Killarney lodge offers new Indigenous-inspired tour package<\/span><\/a><\/li>\n<li><a class=\"media-coverage-article\" title=\"\u201cNew grant designed to keep Indigenous tourism sector afloat during the COVID-19 crisis\" href=\"https:\/\/windspeaker.com\/news\/windspeaker-news\/new-grant-designed-keep-indigenous-tourism-sector-afloat-during-covid-19\" target=\"_blank\" rel=\"noopener noreferrer\"><span class=\"media-coverage-article__meta\"><span class=\"media-coverage-article__date\">25 mars 2020<\/span><span class=\"media-coverage-article__publisher\">Wind speaker<\/span><\/span><span class=\"media-coverage-article__title\">New grant designed to keep Indigenous tourism sector afloat during the COVID-19 crisis<\/span><\/a><\/li>\n<li><a class=\"media-coverage-article\" title=\"\u201cEconomic shut down without government support will devastate many Indigenous businesses\" href=\"https:\/\/windspeaker.com\/news\/windspeaker-news\/economic-shut-down-without-government-support-will-devastate-many-indigenous\" target=\"_blank\" rel=\"noopener noreferrer\"><span class=\"media-coverage-article__meta\"><span class=\"media-coverage-article__date\">24 mars 2020<\/span><span class=\"media-coverage-article__publisher\">Windspeaker News<\/span><\/span><span class=\"media-coverage-article__title\">Economic shut down without government support will devastate many Indigenous businesses<\/span><\/a><\/li>\n<li><a class=\"media-coverage-article\" title=\"\u201c9 moments you\u2019ll remember forever from your trip to New Brunswick\" href=\"https:\/\/trueviralnews.com\/9-moments-youll-remember-forever-from-your-trip-to-new-brunswick\/\" target=\"_blank\" rel=\"noopener noreferrer\"><span class=\"media-coverage-article__meta\"><span class=\"media-coverage-article__date\">24 mars 2020<\/span><span class=\"media-coverage-article__publisher\">True Viral News<\/span><\/span><span class=\"media-coverage-article__title\">9 moments you\u2019ll remember forever from your trip to New Brunswick<\/span><\/a><\/li>\n<li><a class=\"media-coverage-article\" title=\"\u201cLearn How Devastating The Impact Of Shutdown Is On Indigenous Tourism\" href=\"https:\/\/www.forbes.com\/sites\/fionatapp\/2020\/03\/23\/learn-how-devastating-the-impact-of-shutdown-is-on-indigenous-tourism\/#35af17ed1a44\" target=\"_blank\" rel=\"noopener noreferrer\"><span class=\"media-coverage-article__meta\"><span class=\"media-coverage-article__date\">23 mars 2020<\/span><span class=\"media-coverage-article__publisher\">Forbes<\/span><\/span><span class=\"media-coverage-article__title\">Learn How Devastating The Impact Of Shutdown Is On Indigenous Tourism<\/span><\/a><\/li>\n<li><a class=\"media-coverage-article\" title=\"\u201cA Vancouver Island Journey Stirs the Soul\" href=\"http:\/\/www.dreamscapes.ca\/article\/a_vancouver_island_journey_stirs_the_soul_906.html\" target=\"_blank\" rel=\"noopener noreferrer\"><span class=\"media-coverage-article__meta\"><span class=\"media-coverage-article__date\">20 mars 2020<\/span><span class=\"media-coverage-article__publisher\">Dreamscapes Magazine<\/span><\/span><span class=\"media-coverage-article__title\">A Vancouver Island Journey Stirs the Soul<\/span><\/a><\/li>\n<li><a class=\"media-coverage-article\" title=\"\u201c25 Things to Do in Northeastern Ontario\" href=\"https:\/\/www.todocanada.ca\/25-things-to-do-in-northeastern-ontario\/\" target=\"_blank\" rel=\"noopener noreferrer\"><span class=\"media-coverage-article__meta\"><span class=\"media-coverage-article__date\">20 mars 2020<\/span><span class=\"media-coverage-article__publisher\">To Do Canada<\/span><\/span><span class=\"media-coverage-article__title\">25 Things to Do in Northeastern Ontario<\/span><\/a><\/li>\n<li><a class=\"media-coverage-article\" title=\"\u201c25 of the Best Things to Do on Manitoulin Island\" href=\"https:\/\/www.todocanada.ca\/25-of-the-best-things-to-do-on-manitoulin-island\/\" target=\"_blank\" rel=\"noopener noreferrer\"><span class=\"media-coverage-article__meta\"><span class=\"media-coverage-article__date\">20 mars 2020<\/span><span class=\"media-coverage-article__publisher\">To Do Canada<\/span><\/span><span class=\"media-coverage-article__title\">25 of the Best Things to Do on Manitoulin Island<\/span><\/a><\/li>\n<li><a class=\"media-coverage-article\" title=\"\u201c'We are in limbo right now': Inuvik tour operators, restaurateurs struggling with businesses\" href=\"https:\/\/www.cbc.ca\/news\/canada\/north\/covid-19-struggling-business-nwt-inuvik-tour-restaurant-1.5502198\" target=\"_blank\" rel=\"noopener noreferrer\"><span class=\"media-coverage-article__meta\"><span class=\"media-coverage-article__date\">19 mars 2020<\/span><span class=\"media-coverage-article__publisher\">CBC News<\/span><\/span><span class=\"media-coverage-article__title\">&lsquo;We are in limbo right now&rsquo;: Inuvik tour operators, restaurateurs struggling with businesses<\/span><\/a><\/li>\n<li><a class=\"media-coverage-article\" title=\"\u201cFirst Nations artists, business owners promote their work online amid COVID-19 social distancing\" href=\"https:\/\/www.cbc.ca\/news\/indigenous\/artists-business-covid19-online-1.5500768\" target=\"_blank\" rel=\"noopener noreferrer\"><span class=\"media-coverage-article__meta\"><span class=\"media-coverage-article__date\">18 mars 2020<\/span><span class=\"media-coverage-article__publisher\">CBC News<\/span><\/span><span class=\"media-coverage-article__title\">First Nations artists, business owners promote their work online amid COVID-19 social distancing<\/span><\/a><\/li>\n<li><a class=\"media-coverage-article\" title=\"\u201cThe Canadian Chef Putting Indigenous Food on the Menu\" href=\"https:\/\/theculturetrip.com\/north-america\/canada\/articles\/the-canadian-chef-putting-indigenous-food-on-the-menu\/\" target=\"_blank\" rel=\"noopener noreferrer\"><span class=\"media-coverage-article__meta\"><span class=\"media-coverage-article__date\">16 mars 2020<\/span><span class=\"media-coverage-article__publisher\">The Culture Trip<\/span><\/span><span class=\"media-coverage-article__title\">The Canadian Chef Putting Indigenous Food on the Menu<\/span><\/a><\/li>\n<li><a class=\"media-coverage-article\" title=\"\u201cTop Things to Do in Haida Gwaii \u2013 Canada\" href=\"https:\/\/www.unchartedbackpacker.com\/top-things-to-do-in-haida-gwaii-canada\/\" target=\"_blank\" rel=\"noopener noreferrer\"><span class=\"media-coverage-article__meta\"><span class=\"media-coverage-article__date\">14 mars 2020<\/span><span class=\"media-coverage-article__publisher\">Uncharted Backpacker<\/span><\/span><span class=\"media-coverage-article__title\">Top Things to Do in Haida Gwaii \u2013 Canada<\/span><\/a><\/li>\n<li><a class=\"media-coverage-article\" title=\"\u201cSea to Sky: Find year-round weekend fun in Whistler\" href=\"https:\/\/www.chron.com\/lifestyle\/travel\/article\/whistler-british-columbia-weekend-fun-for-families-15130647.php\" target=\"_blank\" rel=\"noopener noreferrer\"><span class=\"media-coverage-article__meta\"><span class=\"media-coverage-article__date\">13 mars 2020<\/span><span class=\"media-coverage-article__publisher\">Houston Chronicle<\/span><\/span><span class=\"media-coverage-article__title\">Sea to Sky: Find year-round weekend fun in Whistler<\/span><\/a><\/li>\n<li><a class=\"media-coverage-article\" title=\"\u201cThe wild archipelago of Canada's Haida Gwaii\" href=\"https:\/\/www.stuff.co.nz\/travel\/destinations\/canada-alaska\/120244532\/the-wild-archipelago-of-canadas-haida-gwaii\" target=\"_blank\" rel=\"noopener noreferrer\"><span class=\"media-coverage-article__meta\"><span class=\"media-coverage-article__date\">13 mars 2020<\/span><span class=\"media-coverage-article__publisher\">NZ Stuff<\/span><\/span><span class=\"media-coverage-article__title\">The wild archipelago of Canada&rsquo;s Haida Gwaii<\/span><\/a><\/li>\n<li><a class=\"media-coverage-article\" title=\"\u201cRoad Trip: Toronto \u2013 Tobermory \u2013 Manitoulin Island \u2013 Killarney \u2013 Georgian Bay\" href=\"https:\/\/www.todocanada.ca\/road-trip-georgian-bay-itinerary\/\" target=\"_blank\" rel=\"noopener noreferrer\"><span class=\"media-coverage-article__meta\"><span class=\"media-coverage-article__date\">11 mars 2020<\/span><span class=\"media-coverage-article__publisher\">To Do Canada<\/span><\/span><span class=\"media-coverage-article__title\">Road Trip: Toronto \u2013 Tobermory \u2013 Manitoulin Island \u2013 Killarney \u2013 Georgian Bay<\/span><\/a><\/li>\n<li><a class=\"media-coverage-article\" title=\"\u201cCanada's Mysterious Lake Monster\" href=\"http:\/\/www.bbc.com\/travel\/story\/20200309-ogopogo-the-monster-lurking-in-okanagan-lake\" target=\"_blank\" rel=\"noopener noreferrer\"><span class=\"media-coverage-article__meta\"><span class=\"media-coverage-article__date\">11 mars 2020<\/span><span class=\"media-coverage-article__publisher\">BBC Travel<\/span><\/span><span class=\"media-coverage-article__title\">Canada&rsquo;s Mysterious Lake Monster<\/span><\/a><\/li>\n<li><a class=\"media-coverage-article\" title=\"\u201c4 places to eat and drink Indigenous food and wine in British Columbia\" href=\"https:\/\/calgaryherald.com\/travel\/4-places-to-eat-and-drink-indigenous-food-and-wine-in-british-columbia\/wcm\/76632a77-343b-4e4f-8557-712ea716b424\/\" target=\"_blank\" rel=\"noopener noreferrer\"><span class=\"media-coverage-article__meta\"><span class=\"media-coverage-article__date\">10 mars 2020<\/span><span class=\"media-coverage-article__publisher\">Calgary Herald<\/span><\/span><span class=\"media-coverage-article__title\">4 places to eat and drink Indigenous food and wine in British Columbia<\/span><\/a><\/li>\n<li><a class=\"media-coverage-article\" title=\"\u201cDestination Northern Ontario and Indigenous Tourism Ontario take next steps in the strategy to promote Indigenous food tourism\" href=\"https:\/\/www.sootoday.com\/spotlight\/destination-northern-ontario-and-indigenous-tourism-ontario-take-next-steps-in-the-strategy-to-promote-indigenous-food-tourism-2148370\" target=\"_blank\" rel=\"noopener noreferrer\"><span class=\"media-coverage-article__meta\"><span class=\"media-coverage-article__date\">9 mars 2020<\/span><span class=\"media-coverage-article__publisher\">Soo Today<\/span><\/span><span class=\"media-coverage-article__title\">Destination Northern Ontario and Indigenous Tourism Ontario take next steps in the strategy to promote Indigenous food tourism<\/span><\/a><\/li>\n<li><a class=\"media-coverage-article\" title=\"\u201cHow northern lights boosting Canada's indigenous tourism\" href=\"http:\/\/365asiantimes.com\/en\/main\/article\/620\" target=\"_blank\" rel=\"noopener noreferrer\"><span class=\"media-coverage-article__meta\"><span class=\"media-coverage-article__date\">9 mars 2020<\/span><span class=\"media-coverage-article__publisher\">Asian Times<\/span><\/span><span class=\"media-coverage-article__title\">How northern lights boosting Canada&rsquo;s indigenous tourism<\/span><\/a><\/li>\n<li><a class=\"media-coverage-article\" title=\"\u201cThe wild archipelago of Haida Gwaii: Where raw, natural beauty is unparalleled\" href=\"https:\/\/www.traveller.com.au\/the-wild-archipelago-of-haida-gwaii-where-raw-natural-beauty-is-unparalleled-h1lj32\" target=\"_blank\" rel=\"noopener noreferrer\"><span class=\"media-coverage-article__meta\"><span class=\"media-coverage-article__date\">6 mars 2020<\/span><span class=\"media-coverage-article__publisher\">Traveller<\/span><\/span><span class=\"media-coverage-article__title\">The wild archipelago of Haida Gwaii: Where raw, natural beauty is unparalleled<\/span><\/a><\/li>\n<li><a class=\"media-coverage-article\" title=\"\u201cGetting Lost In Nature (And With Beavers) In Quebec, Canada\" href=\"https:\/\/handluggageonly.co.uk\/2020\/03\/04\/getting-lost-in-nature-and-with-beavers-in-quebec-canada\/\" target=\"_blank\" rel=\"noopener noreferrer\"><span class=\"media-coverage-article__meta\"><span class=\"media-coverage-article__date\">4 mars 2020<\/span><span class=\"media-coverage-article__publisher\">Hand Luggage Only<\/span><\/span><span class=\"media-coverage-article__title\">Getting Lost In Nature (And With Beavers) In Quebec, Canada<\/span><\/a><\/li>\n<li><a class=\"media-coverage-article\" title=\"\u201cEscape to Canada\u2019s pristine \u2018place of spirits\u2019\" href=\"https:\/\/www.nationalgeographic.com\/travel\/destinations\/north-america\/canada\/explore-canada-torngat-mountains-national-park\/\" target=\"_blank\" rel=\"noopener noreferrer\"><span class=\"media-coverage-article__meta\"><span class=\"media-coverage-article__date\">n.d.<\/span><span class=\"media-coverage-article__publisher\">National Geographic<\/span><\/span><span class=\"media-coverage-article__title\">Escape to Canada\u2019s pristine \u2018place of spirits\u2019<\/span><\/a><\/li>\n<li><a class=\"media-coverage-article\" title=\"\u201cFrom Northern Lights chasing to cultural healing, Indigenous tourism in Canada is on the rise\" href=\"https:\/\/inews.co.uk\/inews-lifestyle\/canada-indigenous-tourism-tours-northern-lights-first-nations-tepees-2054437\" target=\"_blank\" rel=\"noopener noreferrer\"><span class=\"media-coverage-article__meta\"><span class=\"media-coverage-article__date\">3 mars 2020<\/span><span class=\"media-coverage-article__publisher\">The I Paper<\/span><\/span><span class=\"media-coverage-article__title\">From Northern Lights chasing to cultural healing, Indigenous tourism in Canada is on the rise<\/span><\/a><\/li>\n<li><a class=\"media-coverage-article\" title=\"\u201cFinalists announced for Saskatchewan Tourism Awards Of Excellence\" href=\"https:\/\/www.weyburnreview.com\/news\/local-news\/finalists-announced-for-saskatchewan-tourism-awards-of-excellence-1.24089430\" target=\"_blank\" rel=\"noopener noreferrer\"><span class=\"media-coverage-article__meta\"><span class=\"media-coverage-article__date\">3 mars 2020<\/span><span class=\"media-coverage-article__publisher\">Weyburn Review<\/span><\/span><span class=\"media-coverage-article__title\">Finalists announced for Saskatchewan Tourism Awards Of Excellence<\/span><\/a><\/li>\n<li><a class=\"media-coverage-article\" title=\"\u201cThe Best Canada Adventures: 36 Amazing Trips From Coast to Coast\" href=\"https:\/\/theplanetd.com\/canada-adventures\/\" target=\"_blank\" rel=\"noopener noreferrer\"><span class=\"media-coverage-article__meta\"><span class=\"media-coverage-article__date\">2 mars 2020<\/span><span class=\"media-coverage-article__publisher\">The Planet D<\/span><\/span><span class=\"media-coverage-article__title\">The Best Canada Adventures: 36 Amazing Trips From Coast to Coast<\/span><\/a><\/li>\n<li><a class=\"media-coverage-article\" title=\"\u201cHow to see the northern lights (and other inspiring sights) in the mighty Yukon\" href=\"https:\/\/www.businessmayor.com\/how-to-see-the-northern-lights-and-other-inspiring-sights-in-the-mighty-yukon\/\" target=\"_blank\" rel=\"noopener noreferrer\"><span class=\"media-coverage-article__meta\"><span class=\"media-coverage-article__date\">2 mars 2020<\/span><span class=\"media-coverage-article__publisher\">Business Mayor<\/span><\/span><span class=\"media-coverage-article__title\">How to see the northern lights (and other inspiring sights) in the mighty Yukon<\/span><\/a><\/li>\n<li><a class=\"media-coverage-article\" title=\"\u201cSeven cool Canadian destinations\" href=\"https:\/\/www.modernmississauga.com\/main\/2020\/2\/29\/seven-cool-canadian-destinations\" target=\"_blank\" rel=\"noopener noreferrer\"><span class=\"media-coverage-article__meta\"><span class=\"media-coverage-article__date\">29 f\u00e9vrier 2020<\/span><span class=\"media-coverage-article__publisher\">Modern Mississauga<\/span><\/span><span class=\"media-coverage-article__title\">Seven cool Canadian destinations<\/span><\/a><\/li>\n<li><a class=\"media-coverage-article\" title=\"\u201cSpring time in BC: road trips, festivals, bear viewing, forest bathing\" href=\"https:\/\/vancouversun.com\/travel\/local-travel\/spring-time-in-bc-road-trips-festivals-bear-viewing-forest-bathing\" target=\"_blank\" rel=\"noopener noreferrer\"><span class=\"media-coverage-article__meta\"><span class=\"media-coverage-article__date\">28 f\u00e9vrier 2020<\/span><span class=\"media-coverage-article__publisher\">Vancouver Sun<\/span><\/span><span class=\"media-coverage-article__title\">Spring time in BC: road trips, festivals, bear viewing, forest bathing<\/span><\/a><\/li>\n<li><a class=\"media-coverage-article\" title=\"\u201cVisiting Haida Gwaii, Canada\u2019s most mysterious islands\" href=\"https:\/\/theunionjournal.com\/visiting-haida-gwaii-canadas-most-mysterious-islands\/\" target=\"_blank\" rel=\"noopener noreferrer\"><span class=\"media-coverage-article__meta\"><span class=\"media-coverage-article__date\">27 f\u00e9vrier 2020<\/span><span class=\"media-coverage-article__publisher\">The Union Journal<\/span><\/span><span class=\"media-coverage-article__title\">Visiting Haida Gwaii, Canada\u2019s most mysterious islands<\/span><\/a><\/li>\n<li><a class=\"media-coverage-article\" title=\"\u201cOttawa banking on food to grow appetite for Indigenous tourism\" href=\"https:\/\/www.piquenewsmagazine.com\/whistler\/ottawa-banking-on-food-to-grow-appetite-for-indigenous-tourism\/Content?oid=15094977\" target=\"_blank\" rel=\"noopener noreferrer\"><span class=\"media-coverage-article__meta\"><span class=\"media-coverage-article__date\">27 f\u00e9vrier 2020<\/span><span class=\"media-coverage-article__publisher\">Pique<\/span><\/span><span class=\"media-coverage-article__title\">Ottawa banking on food to grow appetite for Indigenous tourism<\/span><\/a><\/li>\n<li><a class=\"media-coverage-article\" title=\"\u201cHow to see the northern lights (and other inspiring sights) in the mighty Yukon\" href=\"https:\/\/www.10best.com\/interests\/explore\/how-to-see-northern-lights-sights-yukon-canada\/\" target=\"_blank\" rel=\"noopener noreferrer\"><span class=\"media-coverage-article__meta\"><span class=\"media-coverage-article__date\">26 f\u00e9vrier 2020<\/span><span class=\"media-coverage-article__publisher\">10Best<\/span><\/span><span class=\"media-coverage-article__title\">How to see the northern lights (and other inspiring sights) in the mighty Yukon<\/span><\/a><\/li>\n<li><a class=\"media-coverage-article\" title=\"\u201cMore than 700 anglers in Ice Showdown\" href=\"https:\/\/www.manitoulin.ca\/more-than-700-anglers-in-ice-showdown\/\" target=\"_blank\" rel=\"noopener noreferrer\"><span class=\"media-coverage-article__meta\"><span class=\"media-coverage-article__date\">26 f\u00e9vrier 2020<\/span><span class=\"media-coverage-article__publisher\">Manitoulin Expositor<\/span><\/span><span class=\"media-coverage-article__title\">More than 700 anglers in Ice Showdown<\/span><\/a><\/li>\n<li><a class=\"media-coverage-article\" title=\"\u201cWhistler, Canada: An Eco-Friendly Destination for Your Green Travel Bucket List\" href=\"https:\/\/www.surfandsunshine.com\/whistler-canada-an-eco-friendly-destination-for-your-green-travel-bucket-list\/\" target=\"_blank\" rel=\"noopener noreferrer\"><span class=\"media-coverage-article__meta\"><span class=\"media-coverage-article__date\">25 f\u00e9vrier 2020<\/span><span class=\"media-coverage-article__publisher\">Surf and Sunshine<\/span><\/span><span class=\"media-coverage-article__title\">Whistler, Canada: An Eco-Friendly Destination for Your Green Travel Bucket List<\/span><\/a><\/li>\n<li><a class=\"media-coverage-article\" title=\"\u201cFive Canadian hotels perfect for a quick, affordable family getaway\" href=\"https:\/\/www.theglobeandmail.com\/life\/travel\/article-five-canadian-hotels-perfect-for-a-quick-affordable-family-getaway\/\" target=\"_blank\" rel=\"noopener noreferrer\"><span class=\"media-coverage-article__meta\"><span class=\"media-coverage-article__date\">25 f\u00e9vrier 2020<\/span><span class=\"media-coverage-article__publisher\">The Globe and Mail<\/span><\/span><span class=\"media-coverage-article__title\">Five Canadian hotels perfect for a quick, affordable family getaway<\/span><\/a><\/li>\n<li><a class=\"media-coverage-article\" title=\"\u201cNew Indigenous tourism strategy for N.L. to showcase culture, history\" href=\"https:\/\/www.cbc.ca\/news\/canada\/newfoundland-labrador\/indigenous-tourism-strategy-1.5474349\" target=\"_blank\" rel=\"noopener noreferrer\"><span class=\"media-coverage-article__meta\"><span class=\"media-coverage-article__date\">25 f\u00e9vrier 2020<\/span><span class=\"media-coverage-article__publisher\">CBC News<\/span><\/span><span class=\"media-coverage-article__title\">New Indigenous tourism strategy for N.L. to showcase culture, history<\/span><\/a><\/li>\n<li><a class=\"media-coverage-article\" title=\"\u201c25 Best Things to Do in Canada\" href=\"https:\/\/vacationidea.com\/canada\/best-things-to-do-in-canada.html\" target=\"_blank\" rel=\"noopener noreferrer\"><span class=\"media-coverage-article__meta\"><span class=\"media-coverage-article__date\">23 f\u00e9vrier 2020<\/span><span class=\"media-coverage-article__publisher\">VacationIdea<\/span><\/span><span class=\"media-coverage-article__title\">25 Best Things to Do in Canada<\/span><\/a><\/li>\n<li><a class=\"media-coverage-article\" title=\"\u201cWest Kelowna's Indigenous World Winery honours First Nations traditions\" href=\"https:\/\/vancouversun.com\/news\/local-news\/west-kelownas-indigenous-world-winery-honours-first-nations-traditions\" target=\"_blank\" rel=\"noopener noreferrer\"><span class=\"media-coverage-article__meta\"><span class=\"media-coverage-article__date\">23 f\u00e9vrier 2020<\/span><span class=\"media-coverage-article__publisher\">Vancouver Sun<\/span><\/span><span class=\"media-coverage-article__title\">West Kelowna&rsquo;s Indigenous World Winery honours First Nations traditions<\/span><\/a><\/li>\n<li><a class=\"media-coverage-article\" title=\"\u201cLe t\u00e9l\u00e9journal Colombie-Britannique\" href=\"https:\/\/partner.criticalmention.com\/bits\/wordplay\/#\/uuid=b2f8f658-9528-4a5f-ba7f-3d88d706fceb&amp;channelId=7088&amp;minTime=20200223020000&amp;maxTime=20200223022959&amp;token=fe2bf984-9791-499f-af08-be1ee7ad6249&amp;chromeless=true\" target=\"_blank\" rel=\"noopener noreferrer\"><span class=\"media-coverage-article__meta\"><span class=\"media-coverage-article__date\">22 f\u00e9vrier 2020<\/span><span class=\"media-coverage-article__publisher\">Radio-Canada Vancouver (CBUFT-TV)<\/span><\/span><span class=\"media-coverage-article__title\">Le t\u00e9l\u00e9journal Colombie-Britannique<\/span><\/a><\/li>\n<li><a class=\"media-coverage-article\" title=\"\u201c10 years later, Indigenous tourism still reaps the benefits of the 2010 Olympics\" href=\"https:\/\/www.cbc.ca\/news\/canada\/british-columbia\/vancouver-olympics-indigenous-tourism-1.5471686?cmp=rss\" target=\"_blank\" rel=\"noopener noreferrer\"><span class=\"media-coverage-article__meta\"><span class=\"media-coverage-article__date\">22 f\u00e9vrier 2020<\/span><span class=\"media-coverage-article__publisher\">CBC News<\/span><\/span><span class=\"media-coverage-article__title\">10 years later, Indigenous tourism still reaps the benefits of the 2010 Olympics<\/span><\/a><\/li>\n<li><a class=\"media-coverage-article\" title=\"\u201cBC Travel Guide: 21-day road trip Part 2 \u2013 Vancouver, Jasper, Banff and Okanagan wine country\" href=\"https:\/\/lifesincrediblejourney.com\/bc-travel-guide-21-day-road-trip-part-2-vancouver-jasper-banff-and-okanagan-wine-country\/\" target=\"_blank\" rel=\"noopener noreferrer\"><span class=\"media-coverage-article__meta\"><span class=\"media-coverage-article__date\">20 f\u00e9vrier 2020<\/span><span class=\"media-coverage-article__publisher\">Life&rsquo;s Incredible Journey<\/span><\/span><span class=\"media-coverage-article__title\">BC Travel Guide: 21-day road trip Part 2 \u2013 Vancouver, Jasper, Banff and Okanagan wine country<\/span><\/a><\/li>\n<li><a class=\"media-coverage-article\" title=\"\u201cThe 2020 Tourism Town Hall series kicks off in Dieppe, NB on February 20, 2020\" href=\"https:\/\/tiac-aitc.ca\/cgi\/page.cgi\/_zine.html\/TopStories\/The_2020_Tourism_Town_Hall_series_kicks_off_in_Dieppe_NB_on_February_20_2020\" target=\"_blank\" rel=\"noopener noreferrer\"><span class=\"media-coverage-article__meta\"><span class=\"media-coverage-article__date\">20 f\u00e9vrier 2020<\/span><span class=\"media-coverage-article__publisher\">Tourism Industry Association of Canada<\/span><\/span><span class=\"media-coverage-article__title\">The 2020 Tourism Town Hall series kicks off in Dieppe, NB on February 20, 2020<\/span><\/a><\/li>\n<li><a class=\"media-coverage-article\" title=\"\u201cChasing Yukon magic: Fall under the spell of the northern lights and all northwestern Canada has to offer\" href=\"https:\/\/www.seattletimes.com\/life\/travel\/chasing-yukon-magic-fall-under-the-spell-of-the-northern-lights-and-all-northwestern-canada-has-to-offer\/?utm_source=RSS&amp;utm_medium=Referral&amp;utm_campaign=RSS_all\" target=\"_blank\" rel=\"noopener noreferrer\"><span class=\"media-coverage-article__meta\"><span class=\"media-coverage-article__date\">15 f\u00e9vrier 2020<\/span><span class=\"media-coverage-article__publisher\">Seattle Times<\/span><\/span><span class=\"media-coverage-article__title\">Chasing Yukon magic: Fall under the spell of the northern lights and all northwestern Canada has to offer<\/span><\/a><\/li>\n<li><a class=\"media-coverage-article\" title=\"\u201cThe Thoughtful Traveler\u2019s Guide to Indigenous Tourism\" href=\"https:\/\/www.afar.com\/magazine\/the-thoughtful-travelers-guide-to-indigenous-tourism\" target=\"_blank\" rel=\"noopener noreferrer\"><span class=\"media-coverage-article__meta\"><span class=\"media-coverage-article__date\">13 f\u00e9vrier 2020<\/span><span class=\"media-coverage-article__publisher\">Afar<\/span><\/span><span class=\"media-coverage-article__title\">The Thoughtful Traveler\u2019s Guide to Indigenous Tourism<\/span><\/a><\/li>\n<li><a class=\"media-coverage-article\" title=\"\u201cEat Your Way Around Vancouver on This Flavor-Packed Weekend\" href=\"https:\/\/traveler.marriott.com\/eat-and-drink\/best-vancouver-restaurants\/?utm_source=flipboard&amp;utm_medium=flipboard_rss&amp;utm_campaign=marriott%20bonvoy%20traveler\" target=\"_blank\" rel=\"noopener noreferrer\"><span class=\"media-coverage-article__meta\"><span class=\"media-coverage-article__date\">12 f\u00e9vrier 2020<\/span><span class=\"media-coverage-article__publisher\">Marriott Bonvoy Traveler<\/span><\/span><span class=\"media-coverage-article__title\">Eat Your Way Around Vancouver on This Flavor-Packed Weekend<\/span><\/a><\/li>\n<li><a class=\"media-coverage-article\" title=\"\u201cOur Vancouver Island Bucket List\" href=\"https:\/\/soultravelblog.com\/vancouver-island-bucket-list\/?utm_source=rss&amp;utm_medium=rss&amp;utm_campaign=vancouver-island-bucket-list\" target=\"_blank\" rel=\"noopener noreferrer\"><span class=\"media-coverage-article__meta\"><span class=\"media-coverage-article__date\">12 f\u00e9vrier 2020<\/span><span class=\"media-coverage-article__publisher\">Soul Travel<\/span><\/span><span class=\"media-coverage-article__title\">Our Vancouver Island Bucket List<\/span><\/a><\/li>\n<li><a class=\"media-coverage-article\" title=\"\u201cHow a Mother-and-Son Tour of Haida Gwaii Became the Trip of a Lifetime\" href=\"https:\/\/www.readersdigest.ca\/travel\/canada\/haida-gwaii-mother-and-son\/\" target=\"_blank\" rel=\"noopener noreferrer\"><span class=\"media-coverage-article__meta\"><span class=\"media-coverage-article__date\">10 f\u00e9vrier 2020<\/span><span class=\"media-coverage-article__publisher\">Reader&rsquo;s Digest Canada<\/span><\/span><span class=\"media-coverage-article__title\">How a Mother-and-Son Tour of Haida Gwaii Became the Trip of a Lifetime<\/span><\/a><\/li>\n<li><a class=\"media-coverage-article\" title=\"\u201cPrince Edward Island\u2019s best road trip: Red Cliffs &amp; Green Gables\" href=\"https:\/\/www.nationalgeographic.co.uk\/travel\/2020\/02\/prince-edward-islands-best-road-trip-red-cliffs-green-gables\" target=\"_blank\" rel=\"noopener noreferrer\"><span class=\"media-coverage-article__meta\"><span class=\"media-coverage-article__date\">10 f\u00e9vrier 2020<\/span><span class=\"media-coverage-article__publisher\">National Geographic<\/span><\/span><span class=\"media-coverage-article__title\">Prince Edward Island\u2019s best road trip: Red Cliffs &amp; Green Gables<\/span><\/a><\/li>\n<li><a class=\"media-coverage-article\" title=\"\u201c15 Best Things to See and Do in Whitehorse\" href=\"https:\/\/www.todocanada.ca\/15-best-things-to-see-and-do-in-whitehorse\/\" target=\"_blank\" rel=\"noopener noreferrer\"><span class=\"media-coverage-article__meta\"><span class=\"media-coverage-article__date\">7 f\u00e9vrier 2020<\/span><span class=\"media-coverage-article__publisher\">To Do Canada<\/span><\/span><span class=\"media-coverage-article__title\">15 Best Things to See and Do in Whitehorse<\/span><\/a><\/li>\n<li><a class=\"media-coverage-article\" title=\"\u201cThe Ultimate Ontario Bucket List\" href=\"http:\/\/viestramagazine.com\/the-ultimate-ontario-bucket-list-p869-171.htm\" target=\"_blank\" rel=\"noopener noreferrer\"><span class=\"media-coverage-article__meta\"><span class=\"media-coverage-article__date\">7 f\u00e9vrier 2020<\/span><span class=\"media-coverage-article__publisher\">Viestra Magazine<\/span><\/span><span class=\"media-coverage-article__title\">The Ultimate Ontario Bucket Lists<\/span><\/a><\/li>\n<li><a class=\"media-coverage-article\" title=\"\u201cVisiting Haida Gwaii, Canada's most mysterious islands\" href=\"https:\/\/edition.cnn.com\/travel\/article\/haida-gwaii-canada-islands\/index.html\" target=\"_blank\" rel=\"noopener noreferrer\"><span class=\"media-coverage-article__meta\"><span class=\"media-coverage-article__date\">6 f\u00e9vrier 2020<\/span><span class=\"media-coverage-article__publisher\">CNN Travel<\/span><\/span><span class=\"media-coverage-article__title\">Visiting Haida Gwaii, Canada&rsquo;s most mysterious islands<\/span><\/a><\/li>\n<li><a class=\"media-coverage-article\" title=\"\u201c9 Stunning BC Vineyards Where You Can Try Multiple Glasses Of Wine For $5 Or Less\" href=\"https:\/\/www.narcity.com\/travel\/ca\/bc\/bc-wine-tastings-that-offer-multiple-glasses-of-wine-for-dollar5-or-less\" target=\"_blank\" rel=\"noopener noreferrer\"><span class=\"media-coverage-article__meta\"><span class=\"media-coverage-article__date\">6 f\u00e9vrier 2020<\/span><span class=\"media-coverage-article__publisher\">Narcity<\/span><\/span><span class=\"media-coverage-article__title\">9 Stunning BC Vineyards Where You Can Try Multiple Glasses Of Wine For $5 Or Less<\/span><\/a><\/li>\n<li><a class=\"media-coverage-article\" title=\"\u201cAmazing Things to Do in Wonderful Winnipeg\" href=\"https:\/\/theinsatiabletraveler.com\/things-to-do-in-winnipeg-manitoba-canada\/\" target=\"_blank\" rel=\"noopener noreferrer\"><span class=\"media-coverage-article__meta\"><span class=\"media-coverage-article__date\">5 f\u00e9vrier 2020<\/span><span class=\"media-coverage-article__publisher\">The Insatiable Traveler<\/span><\/span><span class=\"media-coverage-article__title\">Amazing Things to Do in Wonderful Winnipeg<\/span><\/a><\/li>\n<li><a class=\"media-coverage-article\" title=\"\u201cNK\u2019MIP \u2013 a Top Indigenous Attraction\" href=\"https:\/\/roadstories.ca\/nkmip-a-top-indigenous-attraction\/\" target=\"_blank\" rel=\"noopener noreferrer\"><span class=\"media-coverage-article__meta\"><span class=\"media-coverage-article__date\">5 f\u00e9vrier 2020<\/span><span class=\"media-coverage-article__publisher\">Road Stories<\/span><\/span><span class=\"media-coverage-article__title\">NK\u2019MIP \u2013 a Top Indigenous Attraction<\/span><\/a><\/li>\n<li><a class=\"media-coverage-article\" title=\"\u201cCanoe Spirit\" href=\"https:\/\/www.toqueandcanoe.com\/2020\/02\/05\/canadiantravelblog-indigenouscanoe\/\" target=\"_blank\" rel=\"noopener noreferrer\"><span class=\"media-coverage-article__meta\"><span class=\"media-coverage-article__date\">5 f\u00e9vrier 2020<\/span><span class=\"media-coverage-article__publisher\">Toque &amp; Canoe<\/span><\/span><span class=\"media-coverage-article__title\">Canoe Spirit<\/span><\/a><\/li>\n<li><a class=\"media-coverage-article\" title=\"\u201c'More than just food': Celebrating Indigenous cuisine and culture\" href=\"https:\/\/edmonton.ctvnews.ca\/more-than-just-food-celebrating-indigenous-cuisine-and-culture-1.4796910\" target=\"_blank\" rel=\"noopener noreferrer\"><span class=\"media-coverage-article__meta\"><span class=\"media-coverage-article__date\">4 f\u00e9vrier 2020<\/span><span class=\"media-coverage-article__publisher\">CTV News<\/span><\/span><span class=\"media-coverage-article__title\">&lsquo;More than just food&rsquo;: Celebrating Indigenous cuisine and culture<\/span><\/a><\/li>\n<li><a class=\"media-coverage-article\" title=\"\u201cAll-Indigenous seafood feast brings Dine Out Vancouver Festival 2020 to a meaningful, unforgettable close\" href=\"https:\/\/www.straight.com\/food\/1355166\/all-indigenous-seafood-feast-brings-dine-out-vancouver-festival-2020-meaningful\" target=\"_blank\" rel=\"noopener noreferrer\"><span class=\"media-coverage-article__meta\"><span class=\"media-coverage-article__date\">3 f\u00e9vrier 2020<\/span><span class=\"media-coverage-article__publisher\">The Georgia Straight<\/span><\/span><span class=\"media-coverage-article__title\">All-Indigenous seafood feast brings Dine Out Vancouver Festival 2020 to a meaningful, unforgettable close<\/span><\/a><\/li>\n<li><a class=\"media-coverage-article\" title=\"\u201c10 Ultimate Things to Do in Toronto\" href=\"https:\/\/www.fodors.com\/world\/north-america\/canada\/ontario\/toronto\/experiences\/news\/10-ultimate-things-to-do-in-toronto\" target=\"_blank\" rel=\"noopener noreferrer\"><span class=\"media-coverage-article__meta\"><span class=\"media-coverage-article__date\">31 janvier 2020<\/span><span class=\"media-coverage-article__publisher\">Fodor&rsquo;s Travel<\/span><\/span><span class=\"media-coverage-article__title\">10 Ultimate Things to Do in Toronto<\/span><\/a><\/li>\n<li><a class=\"media-coverage-article\" title=\"\u201cCanada: chasse aux tr\u00e9sors dans l\u2019Alberta sur les traces des \u00addinosaures\" href=\"https:\/\/www.lefigaro.fr\/voyages\/canada-chasse-aux-tresors-dans-l-alberta-sur-les-traces-des-dinosaures-20200131\" target=\"_blank\" rel=\"noopener noreferrer\"><span class=\"media-coverage-article__meta\"><span class=\"media-coverage-article__date\">30 janvier 2020<\/span><span class=\"media-coverage-article__publisher\">Le Figaro Magazine<\/span><\/span><span class=\"media-coverage-article__title\">Canada: chasse aux tr\u00e9sors dans l\u2019Alberta sur les traces des \u00addinosaures<\/span><\/a><\/li>\n<li><a class=\"media-coverage-article\" title=\"\u201c36 Hours in Whistler\" href=\"https:\/\/www.nytimes.com\/2020\/01\/30\/travel\/what-to-do-36-hours-in-whistler-british-columbia.html\" target=\"_blank\" rel=\"noopener noreferrer\"><span class=\"media-coverage-article__meta\"><span class=\"media-coverage-article__date\">30 janvier 2020<\/span><span class=\"media-coverage-article__publisher\">The New York Times<\/span><\/span><span class=\"media-coverage-article__title\">36 Hours in Whistler<\/span><\/a><\/li>\n<li><a class=\"media-coverage-article\" title=\"\u201c5 Leaders Growing Canada's Rich Indigenous Tourism Offerings\" href=\"https:\/\/www.canadiantraveller.com\/5-Leaders-Growing-Canadas-Rich-Indigenous-Tourism-Offerings\" target=\"_blank\" rel=\"noopener noreferrer\"><span class=\"media-coverage-article__meta\"><span class=\"media-coverage-article__date\">21 janvier 2020<\/span><span class=\"media-coverage-article__publisher\">Canadian Traveller<\/span><\/span><span class=\"media-coverage-article__title\">5 Leaders Growing Canada&rsquo;s Rich Indigenous Tourism Offerings<\/span><\/a><\/li>\n<li><a class=\"media-coverage-article\" title=\"\u201cNorthern lights star on a trip to Canada's Yukon territory\" href=\"https:\/\/www.newsrust.com\/2020\/01\/northern-lights-star-on-trip-to-canadas.html\" target=\"_blank\" rel=\"noopener noreferrer\"><span class=\"media-coverage-article__meta\"><span class=\"media-coverage-article__date\">18 janvier 2020<\/span><span class=\"media-coverage-article__publisher\">Newsrust<\/span><\/span><span class=\"media-coverage-article__title\">Northern lights star on a trip to Canada&rsquo;s Yukon territory<\/span><\/a><\/li>\n<li><a class=\"media-coverage-article\" title=\"\u201cHow to Eat Around the World Without Leaving Toronto\" href=\"https:\/\/www.fodors.com\/world\/north-america\/canada\/ontario\/toronto\/experiences\/news\/how-to-eat-around-the-world-without-leaving-toronto\" target=\"_blank\" rel=\"noopener noreferrer\"><span class=\"media-coverage-article__meta\"><span class=\"media-coverage-article__date\">17 janvier 2020<\/span><span class=\"media-coverage-article__publisher\">Fodor&rsquo;s Travel<\/span><\/span><span class=\"media-coverage-article__title\">How to Eat Around the World Without Leaving Toronto<\/span><\/a><\/li>\n<li><a class=\"media-coverage-article\" title=\"\u201cWhere To See The Northern Lights In Canada This Winter\" href=\"https:\/\/www.forbes.com\/sites\/miriamporter\/2020\/01\/17\/where-to-see-the-northern-lights-in-canada-this-winter\/?ss=forbes-travel#79d99c695b01\" target=\"_blank\" rel=\"noopener noreferrer\"><span class=\"media-coverage-article__meta\"><span class=\"media-coverage-article__date\">17 janvier 2020<\/span><span class=\"media-coverage-article__publisher\">Forbes<\/span><\/span><span class=\"media-coverage-article__title\">Where To See The Northern Lights In Canada This Winter<\/span><\/a><\/li>\n<li><a class=\"media-coverage-article\" title=\"\u201cIMPACT: Achieving Tourism Sustainability\" href=\"https:\/\/www.travelpress.com\/impact-achieving-tourism-sustainability\/#.XiiXM1NKjw4\" target=\"_blank\" rel=\"noopener noreferrer\"><span class=\"media-coverage-article__meta\"><span class=\"media-coverage-article__date\">17 janvier 2020<\/span><span class=\"media-coverage-article__publisher\">Travel Press<\/span><\/span><span class=\"media-coverage-article__title\">IMPACT: Achieving Tourism Sustainability<\/span><\/a><\/li>\n<li><a class=\"media-coverage-article\" title=\"\u201cWhy Quebec should be your next stop (relatively) close to home\" href=\"http:\/\/www.startribune.com\/why-quebec-should-be-your-next-stop-relatively-close-to-home\/566855922\/\" target=\"_blank\" rel=\"noopener noreferrer\"><span class=\"media-coverage-article__meta\"><span class=\"media-coverage-article__date\">17 janvier 2020<\/span><span class=\"media-coverage-article__publisher\">Star Tribune<\/span><\/span><span class=\"media-coverage-article__title\">Why Quebec should be your next stop (relatively) close to home<\/span><\/a><\/li>\n<li><a class=\"media-coverage-article\" title=\"\u201cVisit North America\u2019s First Indigenous Winery\" href=\"https:\/\/www.westjetmagazine.com\/story\/article\/nkmip-cellars\" target=\"_blank\" rel=\"noopener noreferrer\"><span class=\"media-coverage-article__meta\"><span class=\"media-coverage-article__date\">17 janvier 2020<\/span><span class=\"media-coverage-article__publisher\">WestJet Magazine<\/span><\/span><span class=\"media-coverage-article__title\">Visit North America\u2019s First Indigenous Winery<\/span><\/a><\/li>\n<li><a class=\"media-coverage-article\" title=\"\u201cWanuskewin\" href=\"https:\/\/www.atlasobscura.com\/places\/wanuskewin\" target=\"_blank\" rel=\"noopener noreferrer\"><span class=\"media-coverage-article__meta\"><span class=\"media-coverage-article__date\">15 janvier 2020<\/span><span class=\"media-coverage-article__publisher\">Atlas Obscura<\/span><\/span><span class=\"media-coverage-article__title\">Wanuskewin<\/span><\/a><\/li>\n<li><a class=\"media-coverage-article\" title=\"\u201cOkanogan\/Okanagan Trail\" href=\"https:\/\/oliverdailynews.com\/okanogan-okanagan-trail\/\" target=\"_blank\" rel=\"noopener noreferrer\"><span class=\"media-coverage-article__meta\"><span class=\"media-coverage-article__date\">15 janvier 2020<\/span><span class=\"media-coverage-article__publisher\">Oliver Daily News<\/span><\/span><span class=\"media-coverage-article__title\">Okanogan\/Okanagan Trail<\/span><\/a><\/li>\n<li><a class=\"media-coverage-article\" title=\"\u201cHaida Gwaii in British Columbia Named Must-visit by New York Times\" href=\"https:\/\/604now.com\/haida-gwaii-british-columbia-new-york-times-52-must-visit-places-2020\/\" target=\"_blank\" rel=\"noopener noreferrer\"><span class=\"media-coverage-article__meta\"><span class=\"media-coverage-article__date\">13 janvier 2020<\/span><span class=\"media-coverage-article__publisher\">604 Now<\/span><\/span><span class=\"media-coverage-article__title\">Haida Gwaii in British Columbia Named Must-visit by New York Times<\/span><\/a><\/li>\n<li><a class=\"media-coverage-article\" title=\"\u201cWhere to Book Indigenous Experiences in Canada\" href=\"https:\/\/www.ttgmedia.com\/features\/where-to-book-indigenous-experiences-in-canada--20783\" target=\"_blank\" rel=\"noopener noreferrer\"><span class=\"media-coverage-article__meta\"><span class=\"media-coverage-article__date\">13 janvier 2020<\/span><span class=\"media-coverage-article__publisher\">TTG Media Limited<\/span><\/span><span class=\"media-coverage-article__title\">Where to Book Indigenous Experiences in Canada<\/span><\/a><\/li>\n<li><a class=\"media-coverage-article\" title=\"\u201cSecond Cities: Destinations to add onto a trip to Vancouver\" href=\"https:\/\/thepointsguy.co.uk\/guide\/vancouver-second-cities\/\" target=\"_blank\" rel=\"noopener noreferrer\"><span class=\"media-coverage-article__meta\"><span class=\"media-coverage-article__date\">11 janvier 2020<\/span><span class=\"media-coverage-article__publisher\">The Points Guy<\/span><\/span><span class=\"media-coverage-article__title\">Second Cities: Destinations to add onto a trip to Vancouver<\/span><\/a><\/li>\n<li><a class=\"media-coverage-article\" title=\"\u201cInside the Cranbrook residential school that became a resort\" href=\"https:\/\/o.canada.com\/travel\/inside-the-cranbrook-residential-school-that-became-a-resort\" target=\"_blank\" rel=\"noopener noreferrer\"><span class=\"media-coverage-article__meta\"><span class=\"media-coverage-article__date\">8 janvier 2020<\/span><span class=\"media-coverage-article__publisher\">Canada.com<\/span><\/span><span class=\"media-coverage-article__title\">Inside the Cranbrook residential school that became a resort<\/span><\/a><\/li>\n<li><a class=\"media-coverage-article\" title=\"\u201c5 bonnes raisons de visiter l\u2019Ontario\" href=\"https:\/\/www.lefigaro.fr\/voyages\/5-bonnes-raisons-de-visiter-l-ontario-20200108\" target=\"_blank\" rel=\"noopener noreferrer\"><span class=\"media-coverage-article__meta\"><span class=\"media-coverage-article__date\">8 janvier 2020<\/span><span class=\"media-coverage-article__publisher\">Le Figaro<\/span><\/span><span class=\"media-coverage-article__title\">5 bonnes raisons de visiter l\u2019Ontario<\/span><\/a><\/li>\n<li><a class=\"media-coverage-article\" title=\"\u201cVacay.ca 20 Best Places to Travel in Canada for 2020: Banff is No. 1\" href=\"https:\/\/vacay.ca\/2020\/01\/vacay-ca-20-best-places-to-travel-in-canada-for-2020-banff-is-no-1\/\" target=\"_blank\" rel=\"noopener noreferrer\"><span class=\"media-coverage-article__meta\"><span class=\"media-coverage-article__date\">8 janvier 2020<\/span><span class=\"media-coverage-article__publisher\">Vacay.ca<\/span><\/span><span class=\"media-coverage-article__title\">Vacay.ca 20 Best Places to Travel in Canada for 2020: Banff is No. 1<\/span><\/a><\/li>\n<li><a class=\"media-coverage-article\" title=\"\u201cSustainably shop, eat and travel your way through Vancouver\" href=\"https:\/\/inhabitat.com\/sustainably-shop-eat-and-travel-your-way-through-vancouver\/\" target=\"_blank\" rel=\"noopener noreferrer\"><span class=\"media-coverage-article__meta\"><span class=\"media-coverage-article__date\">30 d\u00e9cembre 2019<\/span><span class=\"media-coverage-article__publisher\">Inhabitat<\/span><\/span><span class=\"media-coverage-article__title\">Sustainably shop, eat and travel your way through Vancouver<\/span><\/a><\/li>\n<li><a class=\"media-coverage-article\" title=\"\u201c21 Best Places To See The Northern Lights In 2020\" href=\"https:\/\/www.forbes.com\/sites\/laurabegleybloom\/2020\/12\/30\/best-places-to-see-the-northern-lights-in-2020\/#352fe44277d7\" target=\"_blank\" rel=\"noopener noreferrer\"><span class=\"media-coverage-article__meta\"><span class=\"media-coverage-article__date\">30 d\u00e9cembre 2019<\/span><span class=\"media-coverage-article__publisher\">Forbes<\/span><\/span><span class=\"media-coverage-article__title\">21 Best Places To See The Northern Lights In 2020<\/span><\/a><\/li>\n<li><a class=\"media-coverage-article\" title=\"\u201c2019 \u2013 A Year In Travel With The Wandering Wagars\" href=\"https:\/\/wanderingwagars.com\/2019-a-year-in-travel-with-the-wandering-wagars\/\" target=\"_blank\" rel=\"noopener noreferrer\"><span class=\"media-coverage-article__meta\"><span class=\"media-coverage-article__date\">29 d\u00e9cembre 2019<\/span><span class=\"media-coverage-article__publisher\">Wandering Wagars<\/span><\/span><span class=\"media-coverage-article__title\">2019 \u2013 A Year In Travel With The Wandering Wagars<\/span><\/a><\/li>\n<li><a class=\"media-coverage-article\" title=\"\u201c15 authentic ways to connect with Indigenous Canada\" href=\"https:\/\/www.nationalgeographic.com\/travel\/destinations\/north-america\/canada\/partner-content-connect-with-indigenous-canada\/\" target=\"_blank\" rel=\"noopener noreferrer\"><span class=\"media-coverage-article__meta\"><span class=\"media-coverage-article__date\">19 d\u00e9cembre 2019<\/span><span class=\"media-coverage-article__publisher\">National Geographic<\/span><\/span><span class=\"media-coverage-article__title\">15 authentic ways to connect with Indigenous Canada<\/span><\/a><\/li>\n<li><a class=\"media-coverage-article\" title=\"\u201cWanderlust Hot List: The top 15 places you need to visit in 2020\" href=\"https:\/\/www.msn.com\/en-za\/lifestyle\/travel\/wanderlust-hot-list-the-top-15-places-you-need-to-visit-in-2020\/ar-BBYma8P?li=BBqg1EP\" target=\"_blank\" rel=\"noopener noreferrer\"><span class=\"media-coverage-article__meta\"><span class=\"media-coverage-article__date\">18 d\u00e9cembre 2019<\/span><span class=\"media-coverage-article__publisher\">MSN Lifestyle<\/span><\/span><span class=\"media-coverage-article__title\">Wanderlust Hot List: The top 15 places you need to visit in 2020<\/span><\/a><\/li>\n<li><a class=\"media-coverage-article\" title=\"\u201cIndigenous touring gaining traction\" href=\"https:\/\/o.canada.com\/life\/food\/penner-indigenous-touring-gaining-traction\/wcm\/1301d32f-7fbf-492b-bfe5-326659ee7b02\" target=\"_blank\" rel=\"noopener noreferrer\"><span class=\"media-coverage-article__meta\"><span class=\"media-coverage-article__date\">14 d\u00e9cembre 2019<\/span><span class=\"media-coverage-article__publisher\">Canada.com<\/span><\/span><span class=\"media-coverage-article__title\">Indigenous touring gaining traction<\/span><\/a><\/li>\n<li><a class=\"media-coverage-article\" title=\"\u201cOttawa Senators to Celebrate Indigenous Cultures in Canada\" href=\"https:\/\/www.silversevensens.com\/2019\/12\/12\/21009894\/ottawa-senators-to-celebrate-indigenous-cultures-in-canada\" target=\"_blank\" rel=\"noopener noreferrer\"><span class=\"media-coverage-article__meta\"><span class=\"media-coverage-article__date\">12 d\u00e9cembre 2019<\/span><span class=\"media-coverage-article__publisher\">Silver Seven Sens<\/span><\/span><span class=\"media-coverage-article__title\">Ottawa Senators to Celebrate Indigenous Cultures in Canada<\/span><\/a><\/li>\n<li><a class=\"media-coverage-article\" title=\"\u201cAn Indigenous take on holiday appetizers and side dishes\" href=\"https:\/\/www.theloop.ca\/an-indigenous-take-on-holiday-appetizers-and-side-dishes\/\" target=\"_blank\" rel=\"noopener noreferrer\"><span class=\"media-coverage-article__meta\"><span class=\"media-coverage-article__date\">11 d\u00e9cembre 2019<\/span><span class=\"media-coverage-article__publisher\">CTV The Social<\/span><\/span><span class=\"media-coverage-article__title\">An Indigenous take on holiday appetizers and side dishes<\/span><\/a><\/li>\n<li><a class=\"media-coverage-article\" title=\"\u201cThe holidays don\u2019t get any better than this sandwich dipped in eggnog\" href=\"https:\/\/www.ctv.ca\/Your-Morning\/Video\/The-holidays-dont-get-any-better-than-this-sandwich-dipped-in-eggnog-vid1851798\" target=\"_blank\" rel=\"noopener noreferrer\"><span class=\"media-coverage-article__meta\"><span class=\"media-coverage-article__date\">11 d\u00e9cembre 2019<\/span><span class=\"media-coverage-article__publisher\">CTV Your Morning<\/span><\/span><span class=\"media-coverage-article__title\">The holidays don\u2019t get any better than this sandwich dipped in eggnog<\/span><\/a><\/li>\n<li><a class=\"media-coverage-article\" title=\"\u201c2019 #FavouriteThings Holiday Gift Suggestions \u2013 Indigenous World\" href=\"https:\/\/myvancity.ca\/2019\/12\/10\/2019-favouritethings-holiday-gift-suggestions-indigenous-world\/\" target=\"_blank\" rel=\"noopener noreferrer\"><span class=\"media-coverage-article__meta\"><span class=\"media-coverage-article__date\">10 d\u00e9cembre 2019<\/span><span class=\"media-coverage-article__publisher\">My Van City<\/span><\/span><span class=\"media-coverage-article__title\">2019 #FavouriteThings Holiday Gift Suggestions \u2013 Indigenous World<\/span><\/a><\/li>\n<li><a class=\"media-coverage-article\" title=\"\u201cAppetite for indigenous tourism growing\" href=\"http:\/\/www.kelownadailycourier.ca\/business_news\/article_40b1e6de-1b73-11ea-8b6b-578dbac2bf23.html\" target=\"_blank\" rel=\"noopener noreferrer\"><span class=\"media-coverage-article__meta\"><span class=\"media-coverage-article__date\">10 d\u00e9cembre 2019<\/span><span class=\"media-coverage-article__publisher\">Kelowna Daily Courier<\/span><\/span><span class=\"media-coverage-article__title\">Appetite for indigenous tourism growing<\/span><\/a><\/li>\n<li><a class=\"media-coverage-article\" title=\"\u201cYour gift guide to supporting Indigenous artists and businesses this holiday season\" href=\"https:\/\/www.cbc.ca\/news\/indigenous\/indigenous-holiday-gift-guide-1.5387431\" target=\"_blank\" rel=\"noopener noreferrer\"><span class=\"media-coverage-article__meta\"><span class=\"media-coverage-article__date\">7 d\u00e9cembre 2019<\/span><span class=\"media-coverage-article__publisher\">CBC News<\/span><\/span><span class=\"media-coverage-article__title\">Your gift guide to supporting Indigenous artists and businesses this holiday season<\/span><\/a><\/li>\n<li><a class=\"media-coverage-article\" title=\"\u201cBeyond bears: How an Indigenous-led tourism company in B.C. is fostering deeper connections to their land\" href=\"https:\/\/cangeotravel.ca\/article\/beyond-bears-how-an-indigenous-led-tourism-company-in-b-c-is-fostering-deeper-connections-to-their-land\/\" target=\"_blank\" rel=\"noopener noreferrer\"><span class=\"media-coverage-article__meta\"><span class=\"media-coverage-article__date\">6 d\u00e9cembre 2019<\/span><span class=\"media-coverage-article__publisher\">Canadian Geographic Travel<\/span><\/span><span class=\"media-coverage-article__title\">Beyond bears: How an Indigenous-led tourism company in B.C. is fostering deeper connections to their land<\/span><\/a><\/li>\n<li><a class=\"media-coverage-article\" title=\"\u201cIndigenous chefs look to spread their culture one recipe at a time\" href=\"https:\/\/www.facebook.com\/watch\/?v=477078602916561\" target=\"_blank\" rel=\"noopener noreferrer\"><span class=\"media-coverage-article__meta\"><span class=\"media-coverage-article__date\">4 d\u00e9cembre 2019<\/span><span class=\"media-coverage-article__publisher\">CBC Yukon<\/span><\/span><span class=\"media-coverage-article__title\">Indigenous chefs look to spread their culture one recipe at a time<\/span><\/a><\/li>\n<li><a class=\"media-coverage-article\" title=\"\u201c50+ Best Things to Do in Canada (Province and Territories Breakdown)\" href=\"https:\/\/theworldpursuit.com\/things-to-do-in-canada\/\" target=\"_blank\" rel=\"noopener noreferrer\"><span class=\"media-coverage-article__meta\"><span class=\"media-coverage-article__date\">2 d\u00e9cembre 2019<\/span><span class=\"media-coverage-article__publisher\">The World Pursuit<\/span><\/span><span class=\"media-coverage-article__title\">50+ Best Things to Do in Canada (Province and Territories Breakdown)<\/span><\/a><\/li>\n<li><a class=\"media-coverage-article\" title=\"\u201cThe Best Canada Adventures: 36 Amazing Trips From Coast to Coast\" href=\"https:\/\/theplanetd.com\/canada-adventures\/\" target=\"_blank\" rel=\"noopener noreferrer\"><span class=\"media-coverage-article__meta\"><span class=\"media-coverage-article__date\">29 novembre 2019<\/span><span class=\"media-coverage-article__publisher\">The Planet D<\/span><\/span><span class=\"media-coverage-article__title\">The Best Canada Adventures: 36 Amazing Trips From Coast to Coast<\/span><\/a><\/li>\n<li><a class=\"media-coverage-article\" title=\"\u201c50 Reasons You\u2019ve Got Winnipeg All Wrong\" href=\"https:\/\/www.readersdigest.ca\/travel\/canada\/things-to-do-in-winnipeg\/\" target=\"_blank\" rel=\"noopener noreferrer\"><span class=\"media-coverage-article__meta\"><span class=\"media-coverage-article__date\">29 novembre 2019<\/span><span class=\"media-coverage-article__publisher\">Reader&rsquo;s Digest Canada<\/span><\/span><span class=\"media-coverage-article__title\">50 Reasons You\u2019ve Got Winnipeg All Wrong<\/span><\/a><\/li>\n<li><a class=\"media-coverage-article\" title=\"\u201cTOTA tops in responsible tourism again\" href=\"https:\/\/www.kelownacapnews.com\/news\/tota-tops-in-responsible-tourism-again\/\" target=\"_blank\" rel=\"noopener noreferrer\"><span class=\"media-coverage-article__meta\"><span class=\"media-coverage-article__date\">28 novembre 2019<\/span><span class=\"media-coverage-article__publisher\">Kelowna Capital News<\/span><\/span><span class=\"media-coverage-article__title\">TOTA tops in responsible tourism again<\/span><\/a><\/li>\n<li><a class=\"media-coverage-article\" title=\"\u201cWikwemikong Tourism captures national award\" href=\"http:\/\/anishinabeknews.ca\/2019\/11\/28\/wikwemikong-tourism-captures-national-award\/\" target=\"_blank\" rel=\"noopener noreferrer\"><span class=\"media-coverage-article__meta\"><span class=\"media-coverage-article__date\">28 novembre 2019<\/span><span class=\"media-coverage-article__publisher\">Anishinabek News<\/span><\/span><span class=\"media-coverage-article__title\">Wikwemikong Tourism captures national award<\/span><\/a><\/li>\n<li><a class=\"media-coverage-article\" title=\"\u201cA First Nations tour of Vancouver's Stanley Park\" href=\"https:\/\/calgaryherald.com\/travel\/a-first-nations-tour-of-vancouvers-stanley-park\/wcm\/3e5e6d73-c0d7-4b4b-b37c-75ac9444b705\" target=\"_blank\" rel=\"noopener noreferrer\"><span class=\"media-coverage-article__meta\"><span class=\"media-coverage-article__date\">26 novembre 2019<\/span><span class=\"media-coverage-article__publisher\">Calgary Harold<\/span><\/span><span class=\"media-coverage-article__title\">A First Nations tour of Vancouver&rsquo;s Stanley Park<\/span><\/a><\/li>\n<li><a class=\"media-coverage-article\" title=\"\u201cWanuskewin Heritage Park wins national tourism award\" href=\"https:\/\/globalnews.ca\/news\/6220128\/wanuskewin-heritage-park-national-tourism-award\/\" target=\"_blank\" rel=\"noopener noreferrer\"><span class=\"media-coverage-article__meta\"><span class=\"media-coverage-article__date\">26 novembre 2019<\/span><span class=\"media-coverage-article__publisher\">Global News<\/span><\/span><span class=\"media-coverage-article__title\">Wanuskewin Heritage Park wins national tourism award<\/span><\/a><\/li>\n<li><a class=\"media-coverage-article\" title=\"\u201cLund Resort at Klah ah men receives national award\" href=\"https:\/\/www.prpeak.com\/business\/lund-resort-at-klah-ah-men-receives-national-award-1.24019875\" target=\"_blank\" rel=\"noopener noreferrer\"><span class=\"media-coverage-article__meta\"><span class=\"media-coverage-article__date\">26 novembre 2019<\/span><span class=\"media-coverage-article__publisher\">Powell River Peak<\/span><\/span><span class=\"media-coverage-article__title\">Lund Resort at Klah ah men receives national award<\/span><\/a><\/li>\n<li><a class=\"media-coverage-article\" title=\"\u201cOkanagan Indigenous culture highlighted in tourism video\" href=\"https:\/\/infotel.ca\/newsitem\/okanagan-indigenous-culture-highlighted-in-tourism-video\/it67887\" target=\"_blank\" rel=\"noopener noreferrer\"><span class=\"media-coverage-article__meta\"><span class=\"media-coverage-article__date\">22 novembre 2019<\/span><span class=\"media-coverage-article__publisher\">Infotel News<\/span><\/span><span class=\"media-coverage-article__title\">Okanagan Indigenous culture highlighted in tourism video<\/span><\/a><\/li>\n<li><a class=\"media-coverage-article\" title=\"\u201cWhat to see and do on Vancouver Island and surrounding islands\" href=\"https:\/\/www.msn.com\/en-us\/travel\/tripideas\/what-to-see-and-do-on-vancouver-island-and-surrounding-islands\/ar-BBX4CvY\" target=\"_blank\" rel=\"noopener noreferrer\"><span class=\"media-coverage-article__meta\"><span class=\"media-coverage-article__date\">21 novembre 2019<\/span><span class=\"media-coverage-article__publisher\">MSN<\/span><\/span><span class=\"media-coverage-article__title\">What to see and do on Vancouver Island and surrounding islands<\/span><\/a><\/li>\n<li><a class=\"media-coverage-article\" title=\"\u201cThe Squamish Lil'wat Cultural Centre's executive director is stepping down\" href=\"https:\/\/www.piquenewsmagazine.com\/whistler\/the-squamish-lilwat-cultural-centres-executive-director-is-stepping-down\/Content?oid=14686704\" target=\"_blank\" rel=\"noopener noreferrer\"><span class=\"media-coverage-article__meta\"><span class=\"media-coverage-article__date\">20 novembre 2019<\/span><span class=\"media-coverage-article__publisher\">Pique<\/span><\/span><span class=\"media-coverage-article__title\">The Squamish Lil&rsquo;wat Cultural Centre&rsquo;s executive director is stepping down<\/span><\/a><\/li>\n<li><a class=\"media-coverage-article\" title=\"\u201cWikwemikong Tourism nabs Indigenous Tourism award\" href=\"https:\/\/www.manitoulin.ca\/wikwemikong-tourism-nabs-indigenous-tourism-award\/\" target=\"_blank\" rel=\"noopener noreferrer\"><span class=\"media-coverage-article__meta\"><span class=\"media-coverage-article__date\">20 novembre 2019<\/span><span class=\"media-coverage-article__publisher\">Manitoulin Expositor<\/span><\/span><span class=\"media-coverage-article__title\">Wikwemikong Tourism nabs Indigenous Tourism award<\/span><\/a><\/li>\n<li><a class=\"media-coverage-article\" title=\"\u201cWestJet aims to grow Indigenous tourism with one-of-a-kind partnership\" href=\"https:\/\/calgaryherald.com\/business\/local-business\/westjet-aims-to-grow-indigenous-tourism-with-one-of-a-kind-partnership\" target=\"_blank\" rel=\"noopener noreferrer\"><span class=\"media-coverage-article__meta\"><span class=\"media-coverage-article__date\">18 novembre 2019<\/span><span class=\"media-coverage-article__publisher\">Calgary Herald<\/span><\/span><span class=\"media-coverage-article__title\">WestJet aims to grow Indigenous tourism with one-of-a-kind partnership<\/span><\/a><\/li>\n<li><a class=\"media-coverage-article\" title=\"\u201cThompson-Okanagan Indigenous art trail leads to native artisans work\" href=\"https:\/\/infotel.ca\/\/newsitem\/indigenous-art-trail-leads-to-native-artisans-work\/it67669\" target=\"_blank\" rel=\"noopener noreferrer\"><span class=\"media-coverage-article__meta\"><span class=\"media-coverage-article__date\">17 novembre 2019<\/span><span class=\"media-coverage-article__publisher\">Infotel News<\/span><\/span><span class=\"media-coverage-article__title\">Thompson-Okanagan Indigenous art trail leads to native artisans work<\/span><\/a><\/li>\n<li><a class=\"media-coverage-article\" title=\"\u201c7 incredible winter experiences to have in Whistler\" href=\"https:\/\/matadornetwork.com\/read\/7-incredible-winter-experiences-whistler\/\" target=\"_blank\" rel=\"noopener noreferrer\"><span class=\"media-coverage-article__meta\"><span class=\"media-coverage-article__date\">15 novembre 2019<\/span><span class=\"media-coverage-article__publisher\">Matador Network<\/span><\/span><span class=\"media-coverage-article__title\">7 incredible winter experiences to have in Whistler<\/span><\/a><\/li>\n<li><a class=\"media-coverage-article\" title=\"\u201cProvince commits to supporting Indigenous tourism growth in B.C.\" href=\"https:\/\/www.bclocalnews.com\/news\/province-commits-to-supporting-indigenous-tourism-growth-in-b-c\/\" target=\"_blank\" rel=\"noopener noreferrer\"><span class=\"media-coverage-article__meta\"><span class=\"media-coverage-article__date\">14 novembre 2019<\/span><span class=\"media-coverage-article__publisher\">BC Local News<\/span><\/span><span class=\"media-coverage-article__title\">Province commits to supporting Indigenous tourism growth in B.C.<\/span><\/a><\/li>\n<li><a class=\"media-coverage-article\" title=\"\u201cIndigenous tourism focus of conference in Kelowna\" href=\"http:\/\/www.kelownadailycourier.ca\/business_news\/article_4d185134-076d-11ea-9dc2-f32daec8f76c.html\" target=\"_blank\" rel=\"noopener noreferrer\"><span class=\"media-coverage-article__meta\"><span class=\"media-coverage-article__date\">14 novembre 2019<\/span><span class=\"media-coverage-article__publisher\">The Daily Courier<\/span><\/span><span class=\"media-coverage-article__title\">Indigenous tourism focus of conference in Kelowna<\/span><\/a><\/li>\n<li><a class=\"media-coverage-article\" title=\"\u201cIndigenous tourism conference in Kelowna promotes cultural experiences\" href=\"https:\/\/globalnews.ca\/news\/6164854\/indigenous-tourism-conference-in-kelowna-promotes-cultural-experiences\/\" target=\"_blank\" rel=\"noopener noreferrer\"><span class=\"media-coverage-article__meta\"><span class=\"media-coverage-article__date\">13 novembre 2019<\/span><span class=\"media-coverage-article__publisher\">Global News<\/span><\/span><span class=\"media-coverage-article__title\">Indigenous tourism conference in Kelowna promotes cultural experiences<\/span><\/a><\/li>\n<li><a class=\"media-coverage-article\" title=\"\u201cHow To Explore Canada\u2019s Most Beautiful Rainforest\" href=\"https:\/\/www.theurbanlist.com\/nz\/a-list\/how-to-explore-canadas-most-beautiful-rainforest\" target=\"_blank\" rel=\"noopener noreferrer\"><span class=\"media-coverage-article__meta\"><span class=\"media-coverage-article__date\">12 novembre 2019<\/span><span class=\"media-coverage-article__publisher\">Urban List<\/span><\/span><span class=\"media-coverage-article__title\">How To Explore Canada\u2019s Most Beautiful Rainforest<\/span><\/a><\/li>\n<li><a class=\"media-coverage-article\" title=\"\u201cA weekend in the Yukon: Summertime sights in the land of the midnight sun\" href=\"https:\/\/www.piquenewsmagazine.com\/whistler\/a-weekend-in-the-yukon-summertime-sights-in-the-land-of-the-midnight-sun\/Content?oid=14622685\" target=\"_blank\" rel=\"noopener noreferrer\"><span class=\"media-coverage-article__meta\"><span class=\"media-coverage-article__date\">10 novembre 2019<\/span><span class=\"media-coverage-article__publisher\">Pique<\/span><\/span><span class=\"media-coverage-article__title\">A weekend in the Yukon: Summertime sights in the land of the midnight sun<\/span><\/a><\/li>\n<li><a class=\"media-coverage-article\" title=\"\u201cMaking it happen: The future of tourism in the Kootenay Rockies\" href=\"https:\/\/www.bclocalnews.com\/news\/making-it-happen-the-future-of-tourism-in-the-kootenay-rockies\/\" target=\"_blank\" rel=\"noopener noreferrer\"><span class=\"media-coverage-article__meta\"><span class=\"media-coverage-article__date\">1 novembre 2019<\/span><span class=\"media-coverage-article__publisher\">BC Local News<\/span><\/span><span class=\"media-coverage-article__title\">Making it happen: The future of tourism in the Kootenay Rockies<\/span><\/a><\/li>\n<li><a class=\"media-coverage-article\" title=\"\u201cOsoyoos: A Beautiful BC Hotspot with Breathtaking Wineries\" href=\"https:\/\/www.besthealthmag.ca\/best-you\/wellness\/osoyoos-wineries\/\" target=\"_blank\" rel=\"noopener noreferrer\"><span class=\"media-coverage-article__meta\"><span class=\"media-coverage-article__date\">31 octobre 2019<\/span><span class=\"media-coverage-article__publisher\">Best Health<\/span><\/span><span class=\"media-coverage-article__title\">Osoyoos: A Beautiful BC Hotspot with Breathtaking Wineries<\/span><\/a><\/li>\n<li><a class=\"media-coverage-article\" title=\"\u201cNortherners named for tourism excellence\" href=\"https:\/\/www.northernontariobusiness.com\/regional-news\/northeastern-ontario\/northerners-named-for-tourism-excellence-1779571\" target=\"_blank\" rel=\"noopener noreferrer\"><span class=\"media-coverage-article__meta\"><span class=\"media-coverage-article__date\">31 octobre 2019<\/span><span class=\"media-coverage-article__publisher\">Northern Ontario Business<\/span><\/span><span class=\"media-coverage-article__title\">Northerners named for tourism excellence<\/span><\/a><\/li>\n<li><a class=\"media-coverage-article\" title=\"\u201cThis food truck is the first to serve epic Indigenous eats in Vancouver\" href=\"https:\/\/dailyhive.com\/vancouver\/mr-bannock-indigenous-food-truck-interac-vancouver\" target=\"_blank\" rel=\"noopener noreferrer\"><span class=\"media-coverage-article__meta\"><span class=\"media-coverage-article__date\">30 octobre 2019<\/span><span class=\"media-coverage-article__publisher\">Daily Hive<\/span><\/span><span class=\"media-coverage-article__title\">This food truck is the first to serve epic Indigenous eats in Vancouver<\/span><\/a><\/li>\n<li><a class=\"media-coverage-article\" title=\"\u201cThe best food and wine regions to visit in Canada\" href=\"https:\/\/www.gourmettraveller.com.au\/travel\/destinations\/canada-best-food-wine-regions-17883\" target=\"_blank\" rel=\"noopener noreferrer\"><span class=\"media-coverage-article__meta\"><span class=\"media-coverage-article__date\">27 octobre 2019<\/span><span class=\"media-coverage-article__publisher\">Gourmet Traveller<\/span><\/span><span class=\"media-coverage-article__title\">The best food and wine regions to visit in Canada<\/span><\/a><\/li>\n<li><a class=\"media-coverage-article\" title=\"\u201cRelax at one of these cozy BC lodgings\" href=\"https:\/\/vancouversun.com\/travel\/local-travel\/try-one-of-these-fall-getaways-in-british-columbia\" target=\"_blank\" rel=\"noopener noreferrer\"><span class=\"media-coverage-article__meta\"><span class=\"media-coverage-article__date\">25 octobre 2019<\/span><span class=\"media-coverage-article__publisher\">Vancouver Sun<\/span><\/span><span class=\"media-coverage-article__title\">Relax at one of these cozy BC lodgings<\/span><\/a><\/li>\n<li><a class=\"media-coverage-article\" title=\"\u201cCarry On: The value of Indigenous tourism \" href=\"https:\/\/www.bcbusiness.ca\/Carry-On-The-value-of-Indigenous-tourism\" target=\"_blank\" rel=\"noopener noreferrer\"><span class=\"media-coverage-article__meta\"><span class=\"media-coverage-article__date\">25 octobre 2019<\/span><span class=\"media-coverage-article__publisher\">BC Business<\/span><\/span><span class=\"media-coverage-article__title\">Carry On: The value of Indigenous tourism<\/span><\/a><\/li>\n<li><a class=\"media-coverage-article\" title=\"\u201cA local\u2019s guide to Vancouver\" href=\"https:\/\/www.nationalgeographic.com\/travel\/destinations\/north-america\/canada\/british-columbia\/vancouver\/vancouver-city-guide\/\" target=\"_blank\" rel=\"noopener noreferrer\"><span class=\"media-coverage-article__meta\"><span class=\"media-coverage-article__date\">22 octobre 2019<\/span><span class=\"media-coverage-article__publisher\">National Geographic<\/span><\/span><span class=\"media-coverage-article__title\">A local\u2019s guide to Vancouver<\/span><\/a><\/li>\n<li><a class=\"media-coverage-article\" title=\"\u201cBest Last Minute Vacations For Canadians You Haven\u2019t Thought Of\" href=\"https:\/\/travel.hilton.com\/en_us\/articles\/best-last-minute-vacations-for-canadians-you-havent-thought-of-canada\/\" target=\"_blank\" rel=\"noopener noreferrer\"><span class=\"media-coverage-article__meta\"><span class=\"media-coverage-article__date\">22 octobre 2019<\/span><span class=\"media-coverage-article__publisher\">Hilton Travel<\/span><\/span><span class=\"media-coverage-article__title\">Best Last Minute Vacations For Canadians You Haven\u2019t Thought Of<\/span><\/a><\/li>\n<li><a class=\"media-coverage-article\" title=\"\u201cOn the Horizon: ITAC\u2019s National Standards &amp; Recognition Program for Indigenous Tourism\" href=\"http:\/\/tourismhr.ca\/on-the-horizon-itacs-national-standards-recognition-program-for-indigenous-tourism\/\" target=\"_blank\" rel=\"noopener noreferrer\"><span class=\"media-coverage-article__meta\"><span class=\"media-coverage-article__date\">16 octobre 2019<\/span><span class=\"media-coverage-article__publisher\">Tourism HR Canada<\/span><\/span><span class=\"media-coverage-article__title\">On the Horizon: ITAC\u2019s National Standards &amp; Recognition Program for Indigenous Tourism<\/span><\/a><\/li>\n<li><a class=\"media-coverage-article\" title=\"\u201cThe Best Places to Travel in November for a Short Getaway\" href=\"https:\/\/cultureatz.com\/travel-in-november-getaway\/\" target=\"_blank\" rel=\"noopener noreferrer\"><span class=\"media-coverage-article__meta\"><span class=\"media-coverage-article__date\">15 octobre 2019<\/span><span class=\"media-coverage-article__publisher\">CULTUREATZ<\/span><\/span><span class=\"media-coverage-article__title\">The Best Places to Travel in November for a Short Getaway<\/span><\/a><\/li>\n<li><a class=\"media-coverage-article\" title=\"\u201c8 Guides and Tours to Honor Indigenous Cultures\" href=\"https:\/\/www.outsideonline.com\/2403726\/8-guides-and-tours-honor-indigenous-cultures\" target=\"_blank\" rel=\"noopener noreferrer\"><span class=\"media-coverage-article__meta\"><span class=\"media-coverage-article__date\">14 octobre 2019<\/span><span class=\"media-coverage-article__publisher\">Outside<\/span><\/span><span class=\"media-coverage-article__title\">8 Guides and Tours to Honor Indigenous Cultures<\/span><\/a><\/li>\n<li><a class=\"media-coverage-article\" title=\"\u201cDemand for Indigenous tourism outpacing availability of staff, creation of infrastructure\" href=\"https:\/\/www.cbc.ca\/news\/canada\/british-columbia\/indigenous-business-canada-1.5317336\" target=\"_blank\" rel=\"noopener noreferrer\"><span class=\"media-coverage-article__meta\"><span class=\"media-coverage-article__date\">12 octobre 2019<\/span><span class=\"media-coverage-article__publisher\">CBC News<\/span><\/span><span class=\"media-coverage-article__title\">Demand for Indigenous tourism outpacing availability of staff, creation of infrastructure<\/span><\/a><\/li>\n<li><a class=\"media-coverage-article\" title=\"\u201cIn Osoyoos, Indigenous Food and Wine Reflects the Legacy of the Land\" href=\"https:\/\/montecristomagazine.com\/travel\/osoyoos-indigenous-food-and-wine-reflects-the-legacy-of-the-land\" target=\"_blank\" rel=\"noopener noreferrer\"><span class=\"media-coverage-article__meta\"><span class=\"media-coverage-article__date\">11 octobre 2019<\/span><span class=\"media-coverage-article__publisher\">Montecristo Magazine<\/span><\/span><span class=\"media-coverage-article__title\">In Osoyoos, Indigenous Food and Wine Reflects the Legacy of the Land<\/span><\/a><\/li>\n<li><a class=\"media-coverage-article\" title=\"\u201cNew partnership aims to boost island\u2019s Indigenous tourism\" href=\"https:\/\/www.mycomoxvalleynow.com\/59136\/new-partnership-aims-to-boost-islands-indigenous-tourism\/\" target=\"_blank\" rel=\"noopener noreferrer\"><span class=\"media-coverage-article__meta\"><span class=\"media-coverage-article__date\">9 octobre 2019<\/span><span class=\"media-coverage-article__publisher\">My Comox Valley Now<\/span><\/span><span class=\"media-coverage-article__title\">New partnership aims to boost island\u2019s Indigenous tourism<\/span><\/a><\/li>\n<li><a class=\"media-coverage-article\" title=\"\u201cHow To Experience Yukon\u2019s First Nations Culture\" href=\"http:\/\/www.eglobaltravelmedia.com.au\/how-to-experience-yukons-first-nations-culture\/\" target=\"_blank\" rel=\"noopener noreferrer\"><span class=\"media-coverage-article__meta\"><span class=\"media-coverage-article__date\">9 octobre 2019<\/span><span class=\"media-coverage-article__publisher\">Global Travel Media<\/span><\/span><span class=\"media-coverage-article__title\">How To Experience Yukon\u2019s First Nations Culture<\/span><\/a><\/li>\n<li><a class=\"media-coverage-article\" title=\"\u201c\u2018We\u2019re not here to Disney-ify the culture\u2019: The challenges of marketing Indigenous tourism\" href=\"https:\/\/www.thespec.com\/news-story\/9632998--we-re-not-here-to-disney-ify-the-culture-the-challenges-of-marketing-indigenous-tourism\/\" target=\"_blank\" rel=\"noopener noreferrer\"><span class=\"media-coverage-article__meta\"><span class=\"media-coverage-article__date\">7 octobre 2019<\/span><span class=\"media-coverage-article__publisher\">The Hamilton Spectator<\/span><\/span><span class=\"media-coverage-article__title\">\u2018We\u2019re not here to Disney-ify the culture\u2019: The challenges of marketing Indigenous tourism<\/span><\/a><\/li>\n<li><a class=\"media-coverage-article\" title=\"\u201cOne day deep in the Great Bear Rainforest of British Columbia\" href=\"https:\/\/calgaryherald.com\/travel\/one-day-deep-in-the-great-bear-rainforest-of-british-columbia\/wcm\/3c529cec-e962-4742-83b9-5a91e96e38b8\" target=\"_blank\" rel=\"noopener noreferrer\"><span class=\"media-coverage-article__meta\"><span class=\"media-coverage-article__date\">2 octobre 2019<\/span><span class=\"media-coverage-article__publisher\">Calgary Herald<\/span><\/span><span class=\"media-coverage-article__title\">One day deep in the Great Bear Rainforest of British Columbia<\/span><\/a><\/li>\n<li><a class=\"media-coverage-article\" title=\"\u201cThese Northern Ontario industries are primed for growth\" href=\"https:\/\/www.northernontariobusiness.com\/industry-news\/aboriginal-businesses\/these-northern-ontario-industries-are-primed-for-growth-1723282\" target=\"_blank\" rel=\"noopener noreferrer\"><span class=\"media-coverage-article__meta\"><span class=\"media-coverage-article__date\">1 octobre 2019<\/span><span class=\"media-coverage-article__publisher\">Northern Ontario Business<\/span><\/span><span class=\"media-coverage-article__title\">These Northern Ontario industries are primed for growth<\/span><\/a><\/li>\n<li><a class=\"media-coverage-article\" title=\"\u201c21 Fun Saskatoon Activities \u2013 A City of Bridges Weekend \" href=\"https:\/\/traveltalesoflife.com\/saskatoon-activities-what-to-do-in-saskatoon\/\" target=\"_blank\" rel=\"noopener noreferrer\"><span class=\"media-coverage-article__meta\"><span class=\"media-coverage-article__date\">27 septembre 2019<\/span><span class=\"media-coverage-article__publisher\">Travel Tales of Life<\/span><\/span><span class=\"media-coverage-article__title\">21 Fun Saskatoon Activities \u2013 A City of Bridges Weekend<\/span><\/a><\/li>\n<li><a class=\"media-coverage-article\" title=\"\u201cExploring Sacacomie \u2013 Quebec\u2019s Stunning \u2018Hidden\u2019 Gem\" href=\"https:\/\/handluggageonly.co.uk\/2019\/09\/26\/exploring-sacacomie-quebecs-stunning-hidden-gem\/\" target=\"_blank\" rel=\"noopener noreferrer\"><span class=\"media-coverage-article__meta\"><span class=\"media-coverage-article__date\">26 septembre 2019<\/span><span class=\"media-coverage-article__publisher\">Hand Luggage Only<\/span><\/span><span class=\"media-coverage-article__title\">Exploring Sacacomie \u2013 Quebec\u2019s Stunning \u2018Hidden\u2019 Gem<\/span><\/a><\/li>\n<li><a class=\"media-coverage-article\" title=\"\u201c6 Ways to Make Your Indigenous Vacay in the Okanagan More Meaningful\" href=\"http:\/\/vacay.ca\/2019\/09\/6-ways-to-make-your-indigenous-vacay-in-the-okanagan-more-meaningful\/\" target=\"_blank\" rel=\"noopener noreferrer\"><span class=\"media-coverage-article__meta\"><span class=\"media-coverage-article__date\">25 septembre 2019<\/span><span class=\"media-coverage-article__publisher\">Vacay<\/span><\/span><span class=\"media-coverage-article__title\">6 Ways to Make Your Indigenous Vacay in the Okanagan More Meaningful<\/span><\/a><\/li>\n<li><a class=\"media-coverage-article\" title=\"\u201cHow a Newfoundlander Became a Champion for Indigenous Food in BC\" href=\"https:\/\/www.vernonmorningstar.com\/sip-savour\/how-a-newfoundlander-became-a-champion-for-indigenous-food-in-bc\/\" target=\"_blank\" rel=\"noopener noreferrer\"><span class=\"media-coverage-article__meta\"><span class=\"media-coverage-article__date\">25 septembre 2019<\/span><span class=\"media-coverage-article__publisher\">Vernon Morning Star<\/span><\/span><span class=\"media-coverage-article__title\">How a Newfoundlander Became a Champion for Indigenous Food in BC<\/span><\/a><\/li>\n<li><a class=\"media-coverage-article\" title=\"\u201cTop B.C. towns to visit this fall\" href=\"https:\/\/enterprise.mediamiser.com\/fe\/ls\/?access=54343b92e936111ff07bb39a498f1b36&amp;article=22615\" target=\"_blank\" rel=\"noopener noreferrer\"><span class=\"media-coverage-article__meta\"><span class=\"media-coverage-article__date\">24 setpembre 2019<\/span><span class=\"media-coverage-article__publisher\">The Province<\/span><\/span><span class=\"media-coverage-article__title\">Top B.C. towns to visit this fall<\/span><\/a><\/li>\n<li><a class=\"media-coverage-article\" title=\"\u201cPaddling into the past: a kayak trip to the British Columbia islands of Haida Gwaii\" href=\"http:\/\/www.startribune.com\/paddling-into-the-past-a-kayak-trip-to-the-british-columbia-islands-of-haida-gwaii\/560815572\/\" target=\"_blank\" rel=\"noopener noreferrer\"><span class=\"media-coverage-article__meta\"><span class=\"media-coverage-article__date\">21 septembre 2019<\/span><span class=\"media-coverage-article__publisher\">Star Tribune<\/span><\/span><span class=\"media-coverage-article__title\">Paddling into the past: a kayak trip to the British Columbia islands of Haida Gwaii<\/span><\/a><\/li>\n<li><a class=\"media-coverage-article\" title=\"\u201c5 Ways To Get Close To Canada\u2019s Indigenous History\" href=\"http:\/\/farandwide.much.com\/canada-indigenous-history-travelling-activities\/\" target=\"_blank\" rel=\"noopener noreferrer\"><span class=\"media-coverage-article__meta\"><span class=\"media-coverage-article__date\">20 septembre 2019<\/span><span class=\"media-coverage-article__publisher\">Far &amp; Wide<\/span><\/span><span class=\"media-coverage-article__title\">5 Ways To Get Close To Canada\u2019s Indigenous History<\/span><\/a><\/li>\n<li><a class=\"media-coverage-article\" title=\"\u201cThe Lesser-Known Side Of Whistler: Learning About Lil\u2019wat And Squamish Nation Cultures\" href=\"http:\/\/farandwide.much.com\/whistler-lilwat-squamish-nation-culture-interview\/\" target=\"_blank\" rel=\"noopener noreferrer\"><span class=\"media-coverage-article__meta\"><span class=\"media-coverage-article__date\">20 septembre 2019<\/span><span class=\"media-coverage-article__publisher\">Far &amp; Wide<\/span><\/span><span class=\"media-coverage-article__title\">The Lesser-Known Side Of Whistler: Learning About Lil\u2019wat And Squamish Nation Cultures<\/span><\/a><\/li>\n<li><a class=\"media-coverage-article\" title=\"\u201cCanadian Road Trip Planning: Best Places to Visit in Canada\" href=\"https:\/\/dobbernationloves.com\/travel-resorts\/canadian-road-trip\/\" target=\"_blank\" rel=\"noopener noreferrer\"><span class=\"media-coverage-article__meta\"><span class=\"media-coverage-article__date\">19 septembre 2019<\/span><span class=\"media-coverage-article__publisher\">Dobbernation Loves<\/span><\/span><span class=\"media-coverage-article__title\">Canadian Road Trip Planning: Best Places to Visit in Canada<\/span><\/a><\/li>\n<li><a class=\"media-coverage-article\" title=\"\u201cThe Lund Resort at Klah ah men is so worth the journey\" href=\"https:\/\/www.vancourier.com\/living\/the-lund-resort-at-klah-ah-men-is-so-worth-the-journey-1.23947793\" target=\"_blank\" rel=\"noopener noreferrer\"><span class=\"media-coverage-article__meta\"><span class=\"media-coverage-article__date\">16 septembre 2019<\/span><span class=\"media-coverage-article__publisher\">Vancouver Courier<\/span><\/span><span class=\"media-coverage-article__title\">The Lund Resort at Klah ah men is so worth the journey<\/span><\/a><\/li>\n<li><a class=\"media-coverage-article\" title=\"\u201cA Canadian-Indigenous Culinary Experience\" href=\"http:\/\/cdn1.westjetmagazine.com\/westjet-magazine-digital-issues\/WJ-09-19\/html5\/index.html?page=73&amp;noflash\" target=\"_blank\" rel=\"noopener noreferrer\"><span class=\"media-coverage-article__meta\"><span class=\"media-coverage-article__date\">septembre 2019<\/span><span class=\"media-coverage-article__publisher\">WestJet Magazine<\/span><\/span><span class=\"media-coverage-article__title\">A Canadian-Indigenous Culinary Experience<\/span><\/a><\/li>\n<li><a class=\"media-coverage-article\" title=\"\u201cThe magic of fall in Whistler, Canada\" href=\"https:\/\/explorationvacation.net\/2019\/09\/fall-in-whistler-canada\/\" target=\"_blank\" rel=\"noopener noreferrer\"><span class=\"media-coverage-article__meta\"><span class=\"media-coverage-article__date\">15 septembre 2019<\/span><span class=\"media-coverage-article__publisher\">Exploration Vacation<\/span><\/span><span class=\"media-coverage-article__title\">The magic of fall in Whistler, Canada<\/span><\/a><\/li>\n<li><a class=\"media-coverage-article\" title=\"\u201cWhere to eat in Winnipeg\" href=\"https:\/\/www.gourmettraveller.com.au\/travel\/destinations\/where-to-eat-in-winnipeg-17577\" target=\"_blank\" rel=\"noopener noreferrer\"><span class=\"media-coverage-article__meta\"><span class=\"media-coverage-article__date\">15 septembre 2019<\/span><span class=\"media-coverage-article__publisher\">Gourmet Traveller<\/span><\/span><span class=\"media-coverage-article__title\">Where to eat in Winnipeg<\/span><\/a><\/li>\n<li><a class=\"media-coverage-article\" title=\"\u201c5 ways to get your wellness fix in Saskatoon, Saskatchewan\" href=\"https:\/\/www.globeguide.ca\/wellness-saskatoon-saskatchewan\/\" target=\"_blank\" rel=\"noopener noreferrer\"><span class=\"media-coverage-article__meta\"><span class=\"media-coverage-article__date\">10 septembre 2019<\/span><span class=\"media-coverage-article__publisher\">Globe Guide<\/span><\/span><span class=\"media-coverage-article__title\">5 ways to get your wellness fix in Saskatoon, Saskatchewan<\/span><\/a><\/li>\n<li><a class=\"media-coverage-article\" title=\"\u201cRVing in the Yukon: Slow Down and Enjoy This RVers Utopia\" href=\"https:\/\/www.escapees.com\/rving-in-yukon\/\" target=\"_blank\" rel=\"noopener noreferrer\"><span class=\"media-coverage-article__meta\"><span class=\"media-coverage-article__date\">9 septembre 2019<\/span><span class=\"media-coverage-article__publisher\">Escapees RV Club<\/span><\/span><span class=\"media-coverage-article__title\">RVing in the Yukon: Slow Down and Enjoy This RVers Utopia<\/span><\/a><\/li>\n<li><a class=\"media-coverage-article\" title=\"\u201cTasty Time Travel: Food History at Canada\u2019s Historic Sites\" href=\"https:\/\/www.familyfuncanada.com\/tasty-time-travel-food-history-at-canadas-historic-sites\/\" target=\"_blank\" rel=\"noopener noreferrer\"><span class=\"media-coverage-article__meta\"><span class=\"media-coverage-article__date\">9 septembre 2019<\/span><span class=\"media-coverage-article__publisher\">Family Fun Canada<\/span><\/span><span class=\"media-coverage-article__title\">Tasty Time Travel: Food History at Canada\u2019s Historic Sites<\/span><\/a><\/li>\n<li><a class=\"media-coverage-article\" title=\"\u201cThe 13 Best Places to See the Northern Lights \" href=\"https:\/\/travel.usnews.com\/gallery\/the-13-best-places-to-see-the-northern-lights?onepage\" target=\"_blank\" rel=\"noopener noreferrer\"><span class=\"media-coverage-article__meta\"><span class=\"media-coverage-article__date\">9 septembre 2019<\/span><span class=\"media-coverage-article__publisher\">U.S. News<\/span><\/span><span class=\"media-coverage-article__title\">The 13 Best Places to See the Northern Lights<\/span><\/a><\/li>\n<li><a class=\"media-coverage-article\" title=\"\u201cA Complete Churchill Manitoba Guide: Polar Bears, Belugas and More!\" href=\"https:\/\/www.wanderingwagars.com\/churchill-manitoba-guide\/\" target=\"_blank\" rel=\"noopener noreferrer\"><span class=\"media-coverage-article__meta\"><span class=\"media-coverage-article__date\">8 septembre 2019<\/span><span class=\"media-coverage-article__publisher\">Wandering Wagars<\/span><\/span><span class=\"media-coverage-article__title\">A Complete Churchill Manitoba Guide: Polar Bears, Belugas and More!<\/span><\/a><\/li>\n<li><a class=\"media-coverage-article\" title=\"\u201cCanada\u2019s Roadside Attractions\" href=\"https:\/\/www.canadianbucketlist.com\/roadside-attractions\/\" target=\"_blank\" rel=\"noopener noreferrer\"><span class=\"media-coverage-article__meta\"><span class=\"media-coverage-article__date\">8 septembre 2019<\/span><span class=\"media-coverage-article__publisher\">The Great Canadian Bucket List<\/span><\/span><span class=\"media-coverage-article__title\">Canada\u2019s Roadside Attractions<\/span><\/a><\/li>\n<li><a class=\"media-coverage-article\" title=\"\u201c5 reasons to explore Haida Gwaii with Maple Leaf Adventures (without the Leafs)\" href=\"https:\/\/calgaryherald.com\/travel\/5-reasons-to-explore-haida-gwaii-with-maple-leaf-adventures-without-the-leafs\/wcm\/bf96c5a2-91f3-44af-adbd-339f6b1a3c76\" target=\"_blank\" rel=\"noopener noreferrer\"><span class=\"media-coverage-article__meta\"><span class=\"media-coverage-article__date\">8 septembre 2019<\/span><span class=\"media-coverage-article__publisher\">Calgary Herald<\/span><\/span><span class=\"media-coverage-article__title\">5 reasons to explore Haida Gwaii with Maple Leaf Adventures (without the Leafs)<\/span><\/a><\/li>\n<li><a class=\"media-coverage-article\" title=\"\u201cExplore the Beauty of Canada\u2019s Northwest Territories With the Indigenous Tour Operators Who Know the Region Best\" href=\"https:\/\/www.travelandleisure.com\/trip-ideas\/adventure-travel\/arctic-adventure-in-tuktoyaktuk-canada\" target=\"_blank\" rel=\"noopener noreferrer\"><span class=\"media-coverage-article__meta\"><span class=\"media-coverage-article__date\">6 septembre 2019<\/span><span class=\"media-coverage-article__publisher\">Travel and Leisure<\/span><\/span><span class=\"media-coverage-article__title\">Explore the Beauty of Canada\u2019s Northwest Territories With the Indigenous Tour Operators Who Know the Region Best<\/span><\/a><\/li>\n<li><a class=\"media-coverage-article\" title=\"\u201cLessons I Learned as an Outsider My First Time at a Pow Wow in Wendake\" href=\"https:\/\/sometimeshome.com\/pow-wow-wendake\/\" target=\"_blank\" rel=\"noopener noreferrer\"><span class=\"media-coverage-article__meta\"><span class=\"media-coverage-article__date\">6 septembre 2019<\/span><span class=\"media-coverage-article__publisher\">Sometimes Home<\/span><\/span><span class=\"media-coverage-article__title\">Lessons I Learned as an Outsider My First Time at a Pow Wow in Wendake<\/span><\/a><\/li>\n<li><a class=\"media-coverage-article\" title=\"\u201cCulture-filled Two Day Trip to Wendake Quebec, Canada\" href=\"https:\/\/sometimeshome.com\/wendake-quebec-canada\/\" target=\"_blank\" rel=\"noopener noreferrer\"><span class=\"media-coverage-article__meta\"><span class=\"media-coverage-article__date\">5 septembre 2019<\/span><span class=\"media-coverage-article__publisher\">Sometimes Home<\/span><\/span><span class=\"media-coverage-article__title\">Culture-filled Two Day Trip to Wendake Quebec, Canada<\/span><\/a><\/li>\n<li><a class=\"media-coverage-article\" title=\"\u201cHead Smashed in Buffalo Jump\" href=\"https:\/\/www.emilyluxton.co.uk\/canada\/head-smashed-in-buffalo-jump-alberta\/\" target=\"_blank\" rel=\"noopener noreferrer\"><span class=\"media-coverage-article__meta\"><span class=\"media-coverage-article__date\">n.d.<\/span><span class=\"media-coverage-article__publisher\">Emily Luxton Travels<\/span><\/span><span class=\"media-coverage-article__title\">Head Smashed in Buffalo Jump<\/span><\/a><\/li>\n<li><a class=\"media-coverage-article\" title=\"\u201cAn Art Lover\u2019s Guide To Vancouver\" href=\"https:\/\/stories.forbestravelguide.com\/an-art-lovers-guide-to-vancouver\" target=\"_blank\" rel=\"noopener noreferrer\"><span class=\"media-coverage-article__meta\"><span class=\"media-coverage-article__date\">29 aout 2019<\/span><span class=\"media-coverage-article__publisher\">Forbes Travel Guide<\/span><\/span><span class=\"media-coverage-article__title\">An Art Lover\u2019s Guide To Vancouver<\/span><\/a><\/li>\n<li><a class=\"media-coverage-article\" title=\"\u201cYukon Ho!\" href=\"https:\/\/modernfarmer.com\/2019\/08\/yukon-ho\/\" target=\"_blank\" rel=\"noopener noreferrer\"><span class=\"media-coverage-article__meta\"><span class=\"media-coverage-article__date\">27 aout 2019<\/span><span class=\"media-coverage-article__publisher\">Modern Farmer<\/span><\/span><span class=\"media-coverage-article__title\">Yukon Ho!<\/span><\/a><\/li>\n<li><a class=\"media-coverage-article\" title=\"\u201cCanada\u2019s Top Seven Island Escapes You Need To Visit\" href=\"https:\/\/www.forbes.com\/sites\/sandramacgregor\/2019\/08\/27\/canadas-top-seven-island-escapes-you-need-to-visit\/#8c40f8e6d61f\" target=\"_blank\" rel=\"noopener noreferrer\"><span class=\"media-coverage-article__meta\"><span class=\"media-coverage-article__date\">27 aout 2019<\/span><span class=\"media-coverage-article__publisher\">Forbes<\/span><\/span><span class=\"media-coverage-article__title\">Canada\u2019s Top Seven Island Escapes You Need To Visit<\/span><\/a><\/li>\n<li><a class=\"media-coverage-article\" title=\"\u201cFor real adventure in British Columbia, head to The North\" href=\"https:\/\/matadornetwork.com\/read\/northern-british-columbia-travel\/\" target=\"_blank\" rel=\"noopener noreferrer\"><span class=\"media-coverage-article__meta\"><span class=\"media-coverage-article__date\">26 aout 2019<\/span><span class=\"media-coverage-article__publisher\">Matador Network<\/span><\/span><span class=\"media-coverage-article__title\">For real adventure in British Columbia, head to The North<\/span><\/a><\/li>\n<li><a class=\"media-coverage-article\" title=\"\u201cTen Reasons to Visit Whistler in Fall\" href=\"https:\/\/www.annmariejohn.com\/2019\/08\/reasons-to-visit-whistler-in-fall.html\" target=\"_blank\" rel=\"noopener noreferrer\"><span class=\"media-coverage-article__meta\"><span class=\"media-coverage-article__date\">aout 2019<\/span><span class=\"media-coverage-article__publisher\">AnnMarie John<\/span><\/span><span class=\"media-coverage-article__title\">Ten Reasons to Visit Whistler in Fall<\/span><\/a><\/li>\n<li><a class=\"media-coverage-article\" title=\"\u201cBlackfoot Crossing promotes, preserves Siksika language, culture and traditions\" href=\"https:\/\/enterprise.mediamiser.com\/fe\/ls\/?access=54343b92e936111ff07bb39a498f1b36&amp;article=20911\" target=\"_blank\" rel=\"noopener noreferrer\"><span class=\"media-coverage-article__meta\"><span class=\"media-coverage-article__date\">23 aout 2019<\/span><span class=\"media-coverage-article__publisher\">Prairie Post West<\/span><\/span><span class=\"media-coverage-article__title\">Blackfoot Crossing promotes, preserves Siksika language, culture and traditions<\/span><\/a><\/li>\n<li><a class=\"media-coverage-article\" title=\"\u201cIsland Day Trip with Mom: Alert Bay\" href=\"http:\/\/www.wmtc.ca\/2019\/08\/island-day-trip-with-mom-alert-bay.html\" target=\"_blank\" rel=\"noopener noreferrer\"><span class=\"media-coverage-article__meta\"><span class=\"media-coverage-article__date\">21 aout 2019<\/span><span class=\"media-coverage-article__publisher\">WMTC<\/span><\/span><span class=\"media-coverage-article__title\">Island Day Trip with Mom: Alert Bay<\/span><\/a><\/li>\n<li><a class=\"media-coverage-article\" title=\"\u201cThaidene N\u00eb\u200b\u200b\u200b\u200b\u200b\u200b\u200bn\u00e9\u200b\u200b\u200b\u200b\u200b\u200b\u200b National Park Reserve becomes N.W.T.'s newest protected area\" href=\"https:\/\/www.cbc.ca\/news\/canada\/north\/thaidene-nene-finalized-1.5253685\" target=\"_blank\" rel=\"noopener noreferrer\"><span class=\"media-coverage-article__meta\"><span class=\"media-coverage-article__date\">20 aout 2019<\/span><span class=\"media-coverage-article__publisher\">CBC News<\/span><\/span><span class=\"media-coverage-article__title\">Thaidene N\u00eb\u200b\u200b\u200b\u200b\u200b\u200b\u200bn\u00e9\u200b\u200b\u200b\u200b\u200b\u200b\u200b National Park Reserve becomes N.W.T.&rsquo;s newest protected area<\/span><\/a><\/li>\n<li><a class=\"media-coverage-article\" title=\"\u201cHaida Gwaii\" href=\"https:\/\/www.nationalgeographic.com\/travel\/canada\/haida-gwaii-british-columbia\/\" target=\"_blank\" rel=\"noopener noreferrer\"><span class=\"media-coverage-article__meta\"><span class=\"media-coverage-article__date\">n.d.<\/span><span class=\"media-coverage-article__publisher\">National Geographic<\/span><\/span><span class=\"media-coverage-article__title\">Haida Gwaii<\/span><\/a><\/li>\n<li><a class=\"media-coverage-article\" title=\"\u201cIndigenous tourism businesses booming in B.C. as visitors spend $705M a year\" href=\"https:\/\/www.cbc.ca\/news\/canada\/british-columbia\/indigenous-tourism-businesses-booming-bc-1.5249296\" target=\"_blank\" rel=\"noopener noreferrer\"><span class=\"media-coverage-article__meta\"><span class=\"media-coverage-article__date\">16 aout 2019<\/span><span class=\"media-coverage-article__publisher\">CBC News<\/span><\/span><span class=\"media-coverage-article__title\">Indigenous tourism businesses booming in B.C. as visitors spend $705M a year<\/span><\/a><\/li>\n<li><a class=\"media-coverage-article\" title=\"\u201cThe 24 Most Beautiful Places in Canada\" href=\"https:\/\/www.smartertravel.com\/most-beautiful-places-in-canada\/\" target=\"_blank\" rel=\"noopener noreferrer\"><span class=\"media-coverage-article__meta\"><span class=\"media-coverage-article__date\">15 aout 2019<\/span><span class=\"media-coverage-article__publisher\">Smarter Travel<\/span><\/span><span class=\"media-coverage-article__title\">The 24 Most Beautiful Places in Canada<\/span><\/a><\/li>\n<li><a class=\"media-coverage-article\" title=\"\u201cGet Married In Canada At One Of These Stunning Locations\" href=\"http:\/\/worldbridemagazine.com\/21613\/get-married-in-canada-at-one-of-these-stunning-locations\/\" target=\"_blank\" rel=\"noopener noreferrer\"><span class=\"media-coverage-article__meta\"><span class=\"media-coverage-article__date\">12 aout 2019<\/span><span class=\"media-coverage-article__publisher\">World Bride Magazine<\/span><\/span><span class=\"media-coverage-article__title\">Get Married In Canada At One Of These Stunning Locations<\/span><\/a><\/li>\n<li><a class=\"media-coverage-article\" title=\"\u201cPrince Edward Island\u2019s Best Road Trip: Red Cliffs &amp; Green Gables\" href=\"https:\/\/www.nationalgeographic.com\/travel\/destinations\/north-america\/canada\/partner-content-prince-edward-island-best-road-trip\/\" target=\"_blank\" rel=\"noopener noreferrer\"><span class=\"media-coverage-article__meta\"><span class=\"media-coverage-article__date\">12 aout 2019<\/span><span class=\"media-coverage-article__publisher\">National Geographic<\/span><\/span><span class=\"media-coverage-article__title\">Prince Edward Island\u2019s Best Road Trip: Red Cliffs &amp; Green Gables<\/span><\/a><\/li>\n<li><a class=\"media-coverage-article\" title=\"\u201cDiscover The Wendake Hotel Musee Premieres Nations In Quebec City\" href=\"https:\/\/www.wanderingwagars.com\/wendake-hotel-musee-premieres-nations\/\" target=\"_blank\" rel=\"noopener noreferrer\"><span class=\"media-coverage-article__meta\"><span class=\"media-coverage-article__date\">11 aout 2019<\/span><span class=\"media-coverage-article__publisher\">Wandering Wagars<\/span><\/span><span class=\"media-coverage-article__title\">Discover The Wendake Hotel Musee Premieres Nations In Quebec City<\/span><\/a><\/li>\n<li><a class=\"media-coverage-article\" title=\"\u201cThe Best Places to See This Dazzling and Colorful Natural Wonder\" href=\"https:\/\/www.msn.com\/en-ca\/lifestyle\/travel\/the-best-places-to-see-this-dazzling-and-colorful-natural-wonder\/ss-AAFthVX#image=16\" target=\"_blank\" rel=\"noopener noreferrer\"><span class=\"media-coverage-article__meta\"><span class=\"media-coverage-article__date\">7 aout 2019<\/span><span class=\"media-coverage-article__publisher\">MSN<\/span><\/span><span class=\"media-coverage-article__title\">The Best Places to See This Dazzling and Colorful Natural Wonder<\/span><\/a><\/li>\n<li><a class=\"media-coverage-article\" title=\"\u201cPhoto Essay: Images That Will Have You Dreaming of a Trip to Torngat Mountains National Park\" href=\"https:\/\/travelandhappiness.com\/photo-essay-images-that-will-have-you-dreaming-of-a-trip-to-torngat-mountains-national-park\/\" target=\"_blank\" rel=\"noopener noreferrer\"><span class=\"media-coverage-article__meta\"><span class=\"media-coverage-article__date\">2 aout 2019<\/span><span class=\"media-coverage-article__publisher\">Travel &amp; Happiness<\/span><\/span><span class=\"media-coverage-article__title\">Photo Essay: Images That Will Have You Dreaming of a Trip to Torngat Mountains National Park<\/span><\/a><\/li>\n<li><a class=\"media-coverage-article\" title=\"\u201cMuseum offers a glimpse into Abenaki way of life during the 19th century\" href=\"https:\/\/www.cbc.ca\/news\/indigenous\/abenaki-museum-house-reconstruction-1.5230402\" target=\"_blank\" rel=\"noopener noreferrer\"><span class=\"media-coverage-article__meta\"><span class=\"media-coverage-article__date\">31 juillet 2019<\/span><span class=\"media-coverage-article__publisher\">CBC News<\/span><\/span><span class=\"media-coverage-article__title\">Museum offers a glimpse into Abenaki way of life during the 19th century<\/span><\/a><\/li>\n<li><a class=\"media-coverage-article\" title=\"\u201cWhat Happiness Looks Like Around the World\" href=\"https:\/\/www.afar.com\/magazine\/what-happiness-looks-like-around-the-world\" target=\"_blank\" rel=\"noopener noreferrer\"><span class=\"media-coverage-article__meta\"><span class=\"media-coverage-article__date\">31 juillet 2019<\/span><span class=\"media-coverage-article__publisher\">Afar<\/span><\/span><span class=\"media-coverage-article__title\">What Happiness Looks Like Around the World<\/span><\/a><\/li>\n<li><a class=\"media-coverage-article\" title=\"\u201cFinalists Named for 2019 Explore Canada Awards of Excellence\" href=\"https:\/\/www.hoteliermagazine.com\/finalists-named-for-2019-explore-canada-awards-of-excellence\/\" target=\"_blank\" rel=\"noopener noreferrer\"><span class=\"media-coverage-article__meta\"><span class=\"media-coverage-article__date\">31 juillet 2019<\/span><span class=\"media-coverage-article__publisher\">Hotelier<\/span><\/span><span class=\"media-coverage-article__title\">Finalists Named for 2019 Explore Canada Awards of Excellence<\/span><\/a><\/li>\n<li><a class=\"media-coverage-article\" title=\"\u201cLe Manitoba mise sur le tourisme autochtone authentique\" href=\"https:\/\/ici.radio-canada.ca\/nouvelle\/1211010\/toursime-autochtone-manitoba-authentique-brokenhead-feast-atac\" target=\"_blank\" rel=\"noopener noreferrer\"><span class=\"media-coverage-article__meta\"><span class=\"media-coverage-article__date\">29 juillet 2019<\/span><span class=\"media-coverage-article__publisher\">CBC Radio-Canada<\/span><\/span><span class=\"media-coverage-article__title\">Le Manitoba mise sur le tourisme autochtone authentique<\/span><\/a><\/li>\n<li><a class=\"media-coverage-article\" title=\"\u201cReconnect With Your Five Senses In Piopolis Quebec\" href=\"https:\/\/www.wanderingwagars.com\/piopolis-quebec-aux-cinq-sens\/\" target=\"_blank\" rel=\"noopener noreferrer\"><span class=\"media-coverage-article__meta\"><span class=\"media-coverage-article__date\">28 juillet 2019<\/span><span class=\"media-coverage-article__publisher\">Wandering Wagars<\/span><\/span><span class=\"media-coverage-article__title\">Reconnect With Your Five Senses In Piopolis Quebec<\/span><\/a><\/li>\n<li><a class=\"media-coverage-article\" title=\"\u201cHow To Be An Ethical Traveller On Indigenous Land\" href=\"https:\/\/theecohub.ca\/how-to-be-an-ethical-traveller-on-indigenous-land\/\" target=\"_blank\" rel=\"noopener noreferrer\"><span class=\"media-coverage-article__meta\"><span class=\"media-coverage-article__date\">26 juillet 2019<\/span><span class=\"media-coverage-article__publisher\">The Eco Hub<\/span><\/span><span class=\"media-coverage-article__title\">How To Be An Ethical Traveller On Indigenous Land<\/span><\/a><\/li>\n<li><a class=\"media-coverage-article\" title=\"\u201cNew Cape Breton airport could create crucial Indigenous tourism jobs\" href=\"https:\/\/www.thechronicleherald.ca\/opinion\/letter-to-the-editor\/keith-henry-new-cape-breton-airport-could-create-crucial-indigenous-tourism-jobs-335593\/\" target=\"_blank\" rel=\"noopener noreferrer\"><span class=\"media-coverage-article__meta\"><span class=\"media-coverage-article__date\">24 juillet 2019<\/span><span class=\"media-coverage-article__publisher\">The Chronicle Herald<\/span><\/span><span class=\"media-coverage-article__title\">New Cape Breton airport could create crucial Indigenous tourism jobs<\/span><\/a><\/li>\n<li><a class=\"media-coverage-article\" title=\"\u201cHaida Gwaii's bounty brings nature's food to the dinner table\" href=\"https:\/\/vancouversun.com\/life\/food\/local-food-reviews\/haida-gwaiis-bounty-brings-natures-food-to-our-dinner-table\" target=\"_blank\" rel=\"noopener noreferrer\"><span class=\"media-coverage-article__meta\"><span class=\"media-coverage-article__date\">21 juillet 2019<\/span><span class=\"media-coverage-article__publisher\">Vancouver Sun<\/span><\/span><span class=\"media-coverage-article__title\">Haida Gwaii&rsquo;s bounty brings nature&rsquo;s food to the dinner table<\/span><\/a><\/li>\n<li><a class=\"media-coverage-article\" title=\"\u201cExperience Tadoussac Whale Watching With A First Nations Twist\" href=\"https:\/\/www.wanderingwagars.com\/tadoussac-whale-watching\/\" target=\"_blank\" rel=\"noopener noreferrer\"><span class=\"media-coverage-article__meta\"><span class=\"media-coverage-article__date\">21 juillet 2019<\/span><span class=\"media-coverage-article__publisher\">Wandering Wagars<\/span><\/span><span class=\"media-coverage-article__title\">Experience Tadoussac Whale Watching With A First Nations Twist<\/span><\/a><\/li>\n<li><a class=\"media-coverage-article\" title=\"\u201cMy Extreme Sleep Story: In an Igloo\" href=\"https:\/\/www.saatva.com\/blog\/extreme-sleeping-igloo\/\" target=\"_blank\" rel=\"noopener noreferrer\"><span class=\"media-coverage-article__meta\"><span class=\"media-coverage-article__date\">19 juillet 2019<\/span><span class=\"media-coverage-article__publisher\">Saatva<\/span><\/span><span class=\"media-coverage-article__title\">My Extreme Sleep Story: In an Igloo<\/span><\/a><\/li>\n<li><a class=\"media-coverage-article\" title=\"\u201cMetis \u2018Paddle into the Past\u2019 in Alberta takes participants back in time\" href=\"https:\/\/aptnnews.ca\/2019\/07\/15\/metis-paddle-into-the-past-in-alberta-takes-participants-back-in-time\/\" target=\"_blank\" rel=\"noopener noreferrer\"><span class=\"media-coverage-article__meta\"><span class=\"media-coverage-article__date\">15 juillet 2019<\/span><span class=\"media-coverage-article__publisher\">APTN News<\/span><\/span><span class=\"media-coverage-article__title\">Metis \u2018Paddle into the Past\u2019 in Alberta takes participants back in time<\/span><\/a><\/li>\n<li><a class=\"media-coverage-article\" title=\"\u201cEverything You Need To Know About Visiting Wendake Quebec\" href=\"https:\/\/www.wanderingwagars.com\/things-to-do-in-wendake-quebec\/\" target=\"_blank\" rel=\"noopener noreferrer\"><span class=\"media-coverage-article__meta\"><span class=\"media-coverage-article__date\">14 juillet 2019<\/span><span class=\"media-coverage-article__publisher\">Wandering Wagars<\/span><\/span><span class=\"media-coverage-article__title\">Everything You Need To Know About Visiting Wendake Quebec<\/span><\/a><\/li>\n<li><a class=\"media-coverage-article\" title=\"\u201ciN WINE: New Water to Wine tour combines indigenous history, paddling, and wine\" href=\"https:\/\/infotel.ca\/inwine\/in-wine-new-water-to-wine-tour-combines-indigenous-history-paddling-and-wine\/it63879\" target=\"_blank\" rel=\"noopener noreferrer\"><span class=\"media-coverage-article__meta\"><span class=\"media-coverage-article__date\">12 juillet 2019<\/span><span class=\"media-coverage-article__publisher\">iN wine<\/span><\/span><span class=\"media-coverage-article__title\">iN WINE: New Water to Wine tour combines indigenous history, paddling, and wine<\/span><\/a><\/li>\n<li><a class=\"media-coverage-article\" title=\"\u201c9 reasons to love Haida Gwaii\" href=\"https:\/\/vancouversun.com\/travel\/9-reasons-to-love-haida-gwaii\/wcm\/1225b3f7-92b0-4d74-aa03-0f3ad9a18983\" target=\"_blank\" rel=\"noopener noreferrer\"><span class=\"media-coverage-article__meta\"><span class=\"media-coverage-article__date\">11 juillet 2019<\/span><span class=\"media-coverage-article__publisher\">Vancouver Sun<\/span><\/span><span class=\"media-coverage-article__title\">9 reasons to love Haida Gwaii<br \/>\n<\/span><\/a><\/li>\n<li><a class=\"media-coverage-article\" title=\"\u201cWhat is the Indigenous Tourism that Canada emphasizes? Local coverage of activities that use diverse cultures and negative heritage as tourism materials\" href=\"https:\/\/www.travelvoice.jp\/20190709-133322\" target=\"_blank\" rel=\"noopener noreferrer\"><span class=\"media-coverage-article__meta\"><span class=\"media-coverage-article__date\">9 juillet 2019<\/span><span class=\"media-coverage-article__publisher\">Travel Voice<\/span><\/span><span class=\"media-coverage-article__title\">What is the Indigenous Tourism that Canada emphasizes? Local coverage of activities that use diverse cultures and negative heritage as tourism materials<\/span><\/a><\/li>\n<li><a class=\"media-coverage-article\" title=\"\u201cMust Do Aboriginal Tourism Experiences In Quebec For Authentic Canadian Culture\" href=\"https:\/\/www.wanderingwagars.com\/aboriginal-tourism-quebec\/\" target=\"_blank\" rel=\"noopener noreferrer\"><span class=\"media-coverage-article__meta\"><span class=\"media-coverage-article__date\">7 juillet 2019<\/span><span class=\"media-coverage-article__publisher\">Wandering Wagars<\/span><\/span><span class=\"media-coverage-article__title\">Must Do Aboriginal Tourism Experiences In Quebec For Authentic Canadian Culture<\/span><\/a><\/li>\n<li><a class=\"media-coverage-article\" title=\"\u201cGetting the word out: new exhibit highlights Yukon First Nations languages\" href=\"https:\/\/www.yukon-news.com\/entertainment\/getting-the-word-out-new-exhibit-highlights-yukon-first-nations-languages\/\" target=\"_blank\" rel=\"noopener noreferrer\"><span class=\"media-coverage-article__meta\"><span class=\"media-coverage-article__date\">4 juillet 2019<\/span><span class=\"media-coverage-article__publisher\">Yukon News<\/span><\/span><span class=\"media-coverage-article__title\">Getting the word out: new exhibit highlights Yukon First Nations languages<\/span><\/a><\/li>\n<li><a class=\"media-coverage-article\" title=\"\u201cThe coolest experiences you (probably) don\u2019t know about yet in Canada's north\" href=\"https:\/\/www.theguardian.com\/discover-cool-canada\/2019\/jun\/27\/the-coolest-experiences-you-probably-dont-know-about-yet-in-canadas-north\" target=\"_blank\" rel=\"noopener noreferrer\"><span class=\"media-coverage-article__meta\"><span class=\"media-coverage-article__date\">27 juin 2019<\/span><span class=\"media-coverage-article__publisher\">The Guardian<\/span><\/span><span class=\"media-coverage-article__title\">The coolest experiences you (probably) don\u2019t know about yet in Canada&rsquo;s north<\/span><\/a><\/li>\n<li><a class=\"media-coverage-article\" title=\"\u201cFirst Nations, first-hand art: A look at Yukon artists rebuilding their culture\" href=\"https:\/\/www.cbc.ca\/news\/canada\/north\/yukon-first-nations-art-revitalization-1.5189360\" target=\"_blank\" rel=\"noopener noreferrer\"><span class=\"media-coverage-article__meta\"><span class=\"media-coverage-article__date\">27 juin 2019<\/span><span class=\"media-coverage-article__publisher\">CBC News<\/span><\/span><span class=\"media-coverage-article__title\">First Nations, first-hand art: A look at Yukon artists rebuilding their culture<\/span><\/a><\/li>\n<li><a class=\"media-coverage-article\" title=\"\u201cMarket hungry for Indigenous food tourism\" href=\"https:\/\/www.northernontariobusiness.com\/industry-news\/aboriginal-businesses\/market-hungry-for-indigenous-food-tourism-1537969\" target=\"_blank\" rel=\"noopener noreferrer\"><span class=\"media-coverage-article__meta\"><span class=\"media-coverage-article__date\">25 juin 2019<\/span><span class=\"media-coverage-article__publisher\">Northern Ontario Business<\/span><\/span><span class=\"media-coverage-article__title\">Market hungry for Indigenous food tourism<\/span><\/a><\/li>\n<li><a class=\"media-coverage-article\" title=\"\u201c6 Unique Ways To Experience Canadian Indigenous Culture This Summer\" href=\"https:\/\/www.narcity.com\/things-to-do\/ca\/canadian-indigenous-cultural-experiences-have-to-be-on-your-summer-bucket-list\" target=\"_blank\" rel=\"noopener noreferrer\"><span class=\"media-coverage-article__meta\"><span class=\"media-coverage-article__date\">21juin 2019<\/span><span class=\"media-coverage-article__publisher\">Narcity<\/span><\/span><span class=\"media-coverage-article__title\">6 Unique Ways To Experience Canadian Indigenous Culture This Summer<\/span><\/a><\/li>\n<li><a class=\"media-coverage-article\" title=\"\u201cThe long-overdue rise of Indigenous cuisine brings Canada back to its roots\" href=\"https:\/\/eatnorth.com\/robyn-maclean\/long-overdue-rise-indigenous-cuisine-brings-canada-back-its-roots?fbclid=IwAR36uQohItflgQ8Nqyouw3kfL61Qwi8NA9SAaxF-JxVINylUrg-dKbUC0TM\" target=\"_blank\" rel=\"noopener noreferrer\"><span class=\"media-coverage-article__meta\"><span class=\"media-coverage-article__date\">21 juin 2019<\/span><span class=\"media-coverage-article__publisher\">Eat North<\/span><\/span><span class=\"media-coverage-article__title\">The long-overdue rise of Indigenous cuisine brings Canada back to its roots<\/span><\/a><\/li>\n<li><a class=\"media-coverage-article\" title=\"\u201cDiscover these 5 incredible Indigenous experiences in Canada\" href=\"https:\/\/calgaryherald.com\/travel\/discover-these-5-incredible-indigenous-experiences-in-canada\/wcm\/71e2e568-5fc8-4096-bf2f-28562b095794?fbclid=IwAR3F0bW4loQJGDc60dvy-VQg28ZUgvbhYTDI4urZbTM0iZ8wBi1qBzv2Eoc\" target=\"_blank\" rel=\"noopener noreferrer\"><span class=\"media-coverage-article__meta\"><span class=\"media-coverage-article__date\">21 juin 2019<\/span><span class=\"media-coverage-article__publisher\">Calgary Herald<\/span><\/span><span class=\"media-coverage-article__title\">Discover these 5 incredible Indigenous experiences in Canada<\/span><\/a><\/li>\n<li><a class=\"media-coverage-article\" title=\"\u201cThis Indigenous taco is a classic item served at a pow wow and its delicious\" href=\"https:\/\/www.ctv.ca\/Your-Morning\/Video\/This-Indigenous-taco-is-a-classic-item-served-at-a-pow-wow-and-its-delicious-vid1712972\" target=\"_blank\" rel=\"noopener noreferrer\"><span class=\"media-coverage-article__meta\"><span class=\"media-coverage-article__date\">21 juin 2019<\/span><span class=\"media-coverage-article__publisher\">CTV Your Morning<\/span><\/span><span class=\"media-coverage-article__title\">This Indigenous taco is a classic item served at a pow wow and its delicious<\/span><\/a><\/li>\n<li><a class=\"media-coverage-article\" title=\"\u201c'Everyone is your community\u2019: Chef Bill Alexander on bringing Indigenous food to a wider audience\" href=\"https:\/\/www.theglobeandmail.com\/amp\/life\/food-and-wine\/article-chef-bill-alexander-on-bringing-indigenous-food-to-a-wider-audience\/\" target=\"_blank\" rel=\"noopener noreferrer\"><span class=\"media-coverage-article__meta\"><span class=\"media-coverage-article__date\">18 juin 2019<\/span><span class=\"media-coverage-article__publisher\">The Globe and Mail<\/span><\/span><span class=\"media-coverage-article__title\">\u2018Everyone is your community\u2019: Chef Bill Alexander on bringing Indigenous food to a wider audience<\/span><\/a><\/li>\n<li><a class=\"media-coverage-article\" title=\"\u201cSLCC celebrates National Indigenous Peoples Day\" href=\"https:\/\/www.squamishchief.com\/news\/local-news\/slcc-celebrates-national-indigenous-peoples-day-1.23857200\" target=\"_blank\" rel=\"noopener noreferrer\"><span class=\"media-coverage-article__meta\"><span class=\"media-coverage-article__date\">15 juin 2019<\/span><span class=\"media-coverage-article__publisher\">Squamish Chief<\/span><\/span><span class=\"media-coverage-article__title\">SLCC celebrates National Indigenous Peoples Day<\/span><\/a><\/li>\n<li><a class=\"media-coverage-article\" title=\"\u201cThis New Highway to the Arctic Ocean Is Canada's Coolest Road Trip\" href=\"https:\/\/www.cntraveler.com\/story\/canadian-road-trip-3-days-on-the-inuvik-tuktoyaktuk-highway\" target=\"_blank\" rel=\"noopener noreferrer\"><span class=\"media-coverage-article__meta\"><span class=\"media-coverage-article__date\">13 juin 2019<\/span><span class=\"media-coverage-article__publisher\">Conde Nast Traveler<\/span><\/span><span class=\"media-coverage-article__title\">This New Highway to the Arctic Ocean Is Canada&rsquo;s Coolest Road Trip<\/span><\/a><\/li>\n<li><a class=\"media-coverage-article\" title=\"\u201cWhere to learn about Indigenous history in Alberta\" href=\"https:\/\/edmontonjournal.com\/travel\/where-to-learn-about-indigenous-history-in-alberta\/wcm\/9906f05d-34bf-42da-85a1-b33601b9d68c\" target=\"_blank\" rel=\"noopener noreferrer\"><span class=\"media-coverage-article__meta\"><span class=\"media-coverage-article__date\">12 juin 2019<\/span><span class=\"media-coverage-article__publisher\">Edmonton Journal<\/span><\/span><span class=\"media-coverage-article__title\">Where to learn about Indigenous history in Alberta<\/span><\/a><\/li>\n<li><a class=\"media-coverage-article\" title=\"\u201cIndigenous tourism comes of age\" href=\"https:\/\/sellingtravel.co.uk\/blog-reader\/Indigenous-tourism-comes-of-age\" target=\"_blank\" rel=\"noopener noreferrer\"><span class=\"media-coverage-article__meta\"><span class=\"media-coverage-article__date\">12 juin 2019<\/span><span class=\"media-coverage-article__publisher\">Selling Travel<\/span><\/span><span class=\"media-coverage-article__title\">Indigenous tourism comes of age<\/span><\/a><\/li>\n<li><a class=\"media-coverage-article\" title=\"\" href=\"https:\/\/vancouverisland.ctvnews.ca\/opportunities-here-are-amazing-indigenous-tourism-booming-on-vancouver-island-1.4457562\" target=\"_blank\" rel=\"noopener noreferrer\"><span class=\"media-coverage-article__meta\"><span class=\"media-coverage-article__date\">7 juin 2019<\/span><span class=\"media-coverage-article__publisher\">CTV News Vancouver Island<\/span><\/span><span class=\"media-coverage-article__title\">&lsquo;Opportunities here are amazing&rsquo;: Indigenous tourism booming on Vancouver Island<\/span><\/a><\/li>\n<li><a class=\"media-coverage-article\" title=\"\u201cCanada autochtone : Toronto, Vancouver, Montr\u00e9al\u2026 15 choses \u00e0 faire en ville\" href=\"https:\/\/www.geo.fr\/voyage\/canada-autochtone-toronto-vancouver-montreal-15-choses-a-faire-en-ville-195854\" target=\"_blank\" rel=\"noopener noreferrer\"><span class=\"media-coverage-article__meta\"><span class=\"media-coverage-article__date\">6 juin 2019<\/span><span class=\"media-coverage-article__publisher\">GEO France Magazine<\/span><\/span><span class=\"media-coverage-article__title\">Canada autochtone : Toronto, Vancouver, Montr\u00e9al\u2026 15 choses \u00e0 faire en ville<\/span><\/a><\/li>\n<li><a class=\"media-coverage-article\" title=\"\" href=\"https:\/\/www.westjetmagazine.com\/hub\/indigenous-culture-canada?fbclid=IwAR0mBt4RM19MGTDdVZicnU-rus7N95ubzBvXc3ZBGoQ3fQavAnU7rvgZNVU\" target=\"_blank\" rel=\"noopener noreferrer\"><span class=\"media-coverage-article__meta\"><span class=\"media-coverage-article__publisher\">WestJet Magazine<\/span><\/span><span class=\"media-coverage-article__title\">Indigenous Culture in Canada<\/span><\/a><\/li>\n<li><a class=\"media-coverage-article\" title=\"\" href=\"https:\/\/www.osoyoostimes.com\/indigenous-culture-tradition-explored-in-new-restaurant\/\" target=\"_blank\" rel=\"noopener noreferrer\"><span class=\"media-coverage-article__meta\"><span class=\"media-coverage-article__date\">25 mai 2019<\/span><span class=\"media-coverage-article__publisher\">Osoyoos Times<\/span><\/span><span class=\"media-coverage-article__title\">Indigenous culture, tradition explored in new restaurant<\/span><\/a><\/li>\n<li><a class=\"media-coverage-article\" title=\"\u201c4 authentic ways to experience Indigenous culture in the Canadian Prairies \" href=\"https:\/\/vancouversun.com\/travel\/4-authentic-ways-to-experience-indigenous-culture-in-the-canadian-prairies\/wcm\/9fca8400-d505-4fc1-8e4d-9c54b3a9c52b\" target=\"_blank\" rel=\"noopener noreferrer\"><span class=\"media-coverage-article__meta\"><span class=\"media-coverage-article__date\">24 mai 2019<\/span><span class=\"media-coverage-article__publisher\">Vancouver Sun<\/span><\/span><span class=\"media-coverage-article__title\">4 authentic ways to experience Indigenous culture in the Canadian Prairies<br \/>\n<\/span><\/a><\/li>\n<li><a class=\"media-coverage-article\" title=\"\u201cMahikan Trails Helps Guests Forge Meaningful Relationships With The Natural Environment\" href=\"http:\/\/www.albertanativenews.com\/mahikan-trails-helps-guests-forge-meaningful-relationships-with-the-natural-environment\/?fbclid=IwAR1G7QQLwJF5_1UVFQIk2EBLvhTllztj2mxEXqXh7qOkyhgRNcN-A3--ZDw\" target=\"_blank\" rel=\"noopener noreferrer\"><span class=\"media-coverage-article__meta\"><span class=\"media-coverage-article__date\">23 mai 2019<\/span><span class=\"media-coverage-article__publisher\">Alberta Native News<\/span><\/span><span class=\"media-coverage-article__title\">Mahikan Trails Helps Guests Forge Meaningful Relationships With The Natural Environment<\/span><\/a><\/li>\n<li><a class=\"media-coverage-article\" title=\"\u201c13 Canadian Hotels with the Best Food Perks\" href=\"https:\/\/www.foodnetwork.ca\/dining-out\/photos\/canadian-restaurants-food-perks\/#!walper-donut\" target=\"_blank\" rel=\"noopener noreferrer\"><span class=\"media-coverage-article__meta\"><span class=\"media-coverage-article__date\">23 mai 2019<\/span><span class=\"media-coverage-article__publisher\">Food Network<\/span><\/span><span class=\"media-coverage-article__title\">13 Canadian Hotels with the Best Food Perks<\/span><\/a><\/li>\n<li><a class=\"media-coverage-article\" title=\"\u201cThis maple smoked salmon is a signature Indigenous dish\" href=\"https:\/\/www.ctv.ca\/Your-Morning\/Video\/This-maple-smoked-salmon-is-a-signature-Indigenous-dish--vid1688648\" target=\"_blank\" rel=\"noopener noreferrer\"><span class=\"media-coverage-article__meta\"><span class=\"media-coverage-article__date\">22 mai 2019<\/span><span class=\"media-coverage-article__publisher\">Your Morning<\/span><\/span><span class=\"media-coverage-article__title\">This maple smoked salmon is a signature Indigenous dish<\/span><\/a><\/li>\n<li><a class=\"media-coverage-article\" title=\"\u201cOttawa putting $2.5M into Indigenous tourism\" href=\"https:\/\/indigenoustourism.ca\/wp-content\/uploads\/2019\/05\/Winnipeg_20190522_B002-1.pdf\" target=\"_blank\" rel=\"noopener noreferrer\"><span class=\"media-coverage-article__meta\"><span class=\"media-coverage-article__date\">22 mai 2019<\/span><span class=\"media-coverage-article__publisher\">Winnipeg Free Press<\/span><\/span><span class=\"media-coverage-article__title\">Ottawa putting $2.5M into Indigenous tourism<\/span><\/a><\/li>\n<li><a class=\"media-coverage-article\" title=\"\u201cAboriginal Awareness Week Calgary aims for multicultural audience\" href=\"https:\/\/www.cbc.ca\/news\/canada\/calgary\/indigneous-week-calgary-1.5141570\" target=\"_blank\" rel=\"noopener noreferrer\"><span class=\"media-coverage-article__meta\"><span class=\"media-coverage-article__date\">19 mai 2019<\/span><span class=\"media-coverage-article__publisher\">CBC News<\/span><\/span><span class=\"media-coverage-article__title\">Aboriginal Awareness Week Calgary aims for multicultural audience<\/span><\/a><\/li>\n<li><a class=\"media-coverage-article\" title=\"\u201cIndigenous tourism on the rise as people share culture on their own terms\" href=\"https:\/\/www.thestar.com\/calgary\/2019\/05\/18\/indigenous-tourism-on-the-rise-as-people-share-culture-on-their-own-terms.html\" target=\"_blank\" rel=\"noopener noreferrer\"><span class=\"media-coverage-article__meta\"><span class=\"media-coverage-article__date\">18 mai 2019<\/span><span class=\"media-coverage-article__publisher\">The Star<\/span><\/span><span class=\"media-coverage-article__title\">Indigenous tourism on the rise as people share culture on their own terms<\/span><\/a><\/li>\n<li><a class=\"media-coverage-article\" title=\"\" hidden=\"\" href=\"https:\/\/www.theglobeandmail.com\/life\/travel\/article-hidden-canada-the-2019-travel-guide-to-the-countrys-undiscovered\/#location1\" target=\"_blank\" rel=\"noopener noreferrer\"><span class=\"media-coverage-article__meta\"><span class=\"media-coverage-article__date\">17 mai 2019<\/span><span class=\"media-coverage-article__publisher\">The Globe and Mail<\/span><\/span><span class=\"media-coverage-article__title\">Hidden Canada: Don&rsquo;t Pack Your Passport<\/span><\/a><\/li>\n<li><a class=\"media-coverage-article\" title=\"\u201cMeet the Grey Eagle concierge who moonlights as a movie stunt double\" href=\"https:\/\/www.cbc.ca\/news\/canada\/calgary\/white-hat-hospitality-shane-hoof-movie-stunt-double-grey-eagle-casino-1.5140380\" target=\"_blank\" rel=\"noopener noreferrer\"><span class=\"media-coverage-article__meta\"><span class=\"media-coverage-article__date\">17 mai 2019<\/span><span class=\"media-coverage-article__publisher\">CBC News<\/span><\/span><span class=\"media-coverage-article__title\">Meet the Grey Eagle concierge who moonlights as a movie stunt double<\/span><\/a><\/li>\n<li><a class=\"media-coverage-article\" title=\"\u201cLaugh and cry: Indigenous tourism delivers a range of enriching experiences\" href=\"https:\/\/calgaryherald.com\/travel\/laugh-and-cry-indigenous-tourism-delivers-a-range-of-enriching-experiences\/wcm\/054e34de-46f6-4639-b3dd-47bf848ab03c\" target=\"_blank\" rel=\"noopener noreferrer\"><span class=\"media-coverage-article__meta\"><span class=\"media-coverage-article__date\">16 mai 2019<\/span><span class=\"media-coverage-article__publisher\">Calgary Herald<\/span><\/span><span class=\"media-coverage-article__title\">Laugh and cry: Indigenous tourism delivers a range of enriching experiences<\/span><\/a><\/li>\n<li><a class=\"media-coverage-article\" title=\"\u201cExploring Indigenous Cuisine with Chef Bill Alexander\" href=\"https:\/\/torontoguardian.com\/2019\/05\/indigenous-cuisine-chef-bill-alexander\/\" target=\"_blank\" rel=\"noopener noreferrer\"><span class=\"media-coverage-article__meta\"><span class=\"media-coverage-article__date\">15 mai 2019<\/span><span class=\"media-coverage-article__publisher\">Toronto Guardian<\/span><\/span><span class=\"media-coverage-article__title\">Exploring Indigenous Cuisine with Chef Bill Alexander<\/span><\/a><\/li>\n<li><a class=\"media-coverage-article\" title=\"\u201cIndigenous tourism an untapped market in Atlantic Canada, industry officials say\" href=\"https:\/\/www.cbc.ca\/news\/canada\/new-brunswick\/indigenous-tourism-summit-mi-kmaq-wolastoq-1.5126720\" target=\"_blank\" rel=\"noopener noreferrer\"><span class=\"media-coverage-article__meta\"><span class=\"media-coverage-article__date\">8 mai 2019<\/span><span class=\"media-coverage-article__publisher\">CBC News<\/span><\/span><span class=\"media-coverage-article__title\">Indigenous tourism an untapped market in Atlantic Canada, industry officials say<\/span><\/a><\/li>\n<li><a class=\"media-coverage-article\" title=\"\u201cWestJet's Dreamliner takes first transatlantic flight\" href=\"https:\/\/www.newswire.ca\/news-releases\/westjet-s-dreamliner-takes-first-transatlantic-flight-820648633.html\" target=\"_blank\" rel=\"noopener noreferrer\"><span class=\"media-coverage-article__meta\"><span class=\"media-coverage-article__date\">29 avril 2019<\/span><span class=\"media-coverage-article__publisher\">News Wire<\/span><\/span><span class=\"media-coverage-article__title\">WestJet&rsquo;s Dreamliner takes first transatlantic flight<\/span><\/a><\/li>\n<li><a class=\"media-coverage-article\" title=\"\u201cIndigenous culinary experience foundation of tourism\u2019s new reality\" href=\"https:\/\/windspeaker.com\/news\/windspeaker-news\/indigenous-culinary-experience-foundation-tourisms-new-reality\" target=\"_blank\" rel=\"noopener noreferrer\"><span class=\"media-coverage-article__meta\"><span class=\"media-coverage-article__date\">26 avril 2019<\/span><span class=\"media-coverage-article__publisher\">Windspeaker<\/span><\/span><span class=\"media-coverage-article__title\">Indigenous culinary experience foundation of tourism\u2019s new reality<\/span><\/a><\/li>\n<li><a class=\"media-coverage-article\" title=\"\u201cGo North: reindeer herding in the Northwest Territories\" href=\"https:\/\/www.lonelyplanet.com\/canada\/northwest-territories\/inuvik\/travel-tips-and-articles\/go-north-reindeer-herding-in-the-northwest-territories\/40625c8c-8a11-5710-a052-1479d2751f24\" target=\"_blank\" rel=\"noopener noreferrer\"><span class=\"media-coverage-article__meta\"><span class=\"media-coverage-article__date\">25 avril 2019<\/span><span class=\"media-coverage-article__publisher\">Lonely Planet<\/span><\/span><span class=\"media-coverage-article__title\">Go North: reindeer herding in the Northwest Territories<\/span><\/a><\/li>\n<li><a class=\"media-coverage-article\" title=\"\u201cCanada: Voyage en terres indiennes\" href=\"https:\/\/indigenoustourism.ca\/wp-content\/uploads\/2019\/04\/CANADA_DOSSIER_GEO5.pdf\" target=\"_blank\" rel=\"noopener noreferrer\"><span class=\"media-coverage-article__meta\"><span class=\"media-coverage-article__date\">avril 2019<\/span><span class=\"media-coverage-article__publisher\">Geo France<\/span><\/span><span class=\"media-coverage-article__title\">Canada: Voyage en terres indiennes<\/span><\/a><\/li>\n<li><a class=\"media-coverage-article\" title=\"\u201cTake me to the Tundra\" href=\"https:\/\/www.toqueandcanoe.com\/2019\/03\/02\/on-the-land-with-tundra-north-tours\/\" target=\"_blank\" rel=\"noopener noreferrer\"><span class=\"media-coverage-article__meta\"><span class=\"media-coverage-article__date\">2 mars 2019<\/span><span class=\"media-coverage-article__publisher\">Toque &amp; Canoe<\/span><\/span><span class=\"media-coverage-article__title\">Take me to the Tundra<\/span><\/a><\/li>\n<li><a class=\"media-coverage-article\" title=\"\u201cIndigenous offerings becoming focus as 2018 breaks tourism record in Canada\" href=\"https:\/\/www.timescolonist.com\/business\/indigenous-offerings-becoming-focus-as-2018-breaks-tourism-record-in-canada-1.23642199?fbclid=IwAR1n97vwzdH_TOx2mZR9iwt0iPkD5ODzQ5Oi4E50H5FpXnolK8cMiXp3ijU\" target=\"_blank\" rel=\"noopener noreferrer\"><span class=\"media-coverage-article__meta\"><span class=\"media-coverage-article__date\">22 f\u00e9vrier 2019<\/span><span class=\"media-coverage-article__publisher\">Times Colonist<\/span><\/span><span class=\"media-coverage-article__title\">Indigenous offerings becoming focus as 2018 breaks tourism record in Canada<\/span><\/a><\/li>\n<li><a class=\"media-coverage-article\" title=\"\u201c5 Travel Trends for 2019\" href=\"https:\/\/www.recommend.com\/news-tools\/news\/5-travel-trends-2019\/\" target=\"_blank\" rel=\"noopener noreferrer\"><span class=\"media-coverage-article__meta\"><span class=\"media-coverage-article__date\">20 f\u00e9vrier 2019<\/span><span class=\"media-coverage-article__publisher\">Recommend<\/span><\/span><span class=\"media-coverage-article__title\">5 Travel Trends for 2019<\/span><\/a><\/li>\n<li><a class=\"media-coverage-article\" title=\"\u201cExperts\" href=\"https:\/\/www.sookenewsmirror.com\/news\/experts-discuss-sustainability-and-tourism-in-victoria\/\" target=\"_blank\" rel=\"noopener noreferrer\"><span class=\"media-coverage-article__meta\"><span class=\"media-coverage-article__date\">21 janvier 2019<\/span><span class=\"media-coverage-article__publisher\">Sooke News Mirror<\/span><\/span><span class=\"media-coverage-article__title\">Experts discuss sustainability and tourism in Victoria<\/span><\/a><\/li>\n<li><a class=\"media-coverage-article\" title=\"\u201cExperts\" href=\"https:\/\/www.peninsulanewsreview.com\/news\/experts-discuss-sustainability-and-tourism-in-victoria\/\" target=\"_blank\" rel=\"noopener noreferrer\"><span class=\"media-coverage-article__meta\"><span class=\"media-coverage-article__date\">21 janvier 2019<\/span><span class=\"media-coverage-article__publisher\">Peninsula News Review<\/span><\/span><span class=\"media-coverage-article__title\">Experts discuss sustainability and tourism in Victoria<\/span><\/a><\/li>\n<li><a class=\"media-coverage-article\" title=\"\u201cExperts\" href=\"https:\/\/www.vicnews.com\/news\/experts-discuss-sustainability-and-tourism-in-victoria\/\" target=\"_blank\" rel=\"noopener noreferrer\"><span class=\"media-coverage-article__meta\"><span class=\"media-coverage-article__date\">21 janvier 2019<\/span><span class=\"media-coverage-article__publisher\">Victoria News<\/span><\/span><span class=\"media-coverage-article__title\">Experts discuss sustainability and tourism in Victoria<\/span><\/a><\/li>\n<li><a class=\"media-coverage-article\" title=\"\u201cDer moderne Manitu\" href=\"https:\/\/indigenoustourism.ca\/wp-content\/uploads\/2019\/02\/20190113-The-modern-Manitu-Stefan-Beutelsbacher-Welt-am-Sonntag.pdf\" target=\"_blank\" rel=\"noopener noreferrer\"><span class=\"media-coverage-article__meta\"><span class=\"media-coverage-article__date\">13 janvier 2019<\/span><span class=\"media-coverage-article__publisher\">Welt am Sonntag<\/span><\/span><span class=\"media-coverage-article__title\">Der moderne Manitu<\/span><\/a><\/li>\n<li><a class=\"media-coverage-article\" title=\"\" href=\"https:\/\/www.latimes.com\/travel\/la-tr-reindeer-herding-canadian-arctic-20181223-story.html\" target=\"_blank\" rel=\"noopener noreferrer\"><span class=\"media-coverage-article__meta\"><span class=\"media-coverage-article__date\">23 d\u00e9cembre 2019<\/span><span class=\"media-coverage-article__publisher\">LA Times<\/span><\/span><span class=\"media-coverage-article__title\">Herding reindeer in Canada&rsquo;s Arctic<\/span><\/a><\/li>\n<li><a class=\"media-coverage-article\" title=\"\u201cYukon\" href=\"https:\/\/travelwirenews.com\/yukon-indigenous-tourism-should-responsibly-grow-say-advocates-1226446\/\" target=\"_blank\" rel=\"noopener noreferrer\"><span class=\"media-coverage-article__meta\"><span class=\"media-coverage-article__date\">14 d\u00e9cembre 2018<\/span><span class=\"media-coverage-article__publisher\">TravelWireNews<\/span><\/span><span class=\"media-coverage-article__title\">Yukon Indigenous tourism should responsibly grow, say advocates<\/span><\/a><\/li>\n<li><a class=\"media-coverage-article\" title=\"\u201cSLCC\" href=\"https:\/\/www.piquenewsmagazine.com\/whistler\/slcc-receives-grant-for-shuttle\/Content?oid=12456769\" target=\"_blank\" rel=\"noopener noreferrer\"><span class=\"media-coverage-article__meta\"><span class=\"media-coverage-article__date\">13 d\u00e9cembre 2018<\/span><span class=\"media-coverage-article__publisher\">Pique<\/span><\/span><span class=\"media-coverage-article__title\">SLCC receives grant for shuttle<\/span><\/a><\/li>\n<li><a class=\"media-coverage-article\" title=\"\u201cCanada\" href=\"https:\/\/www.traveldailynews.asia\/canada-and-china-get-ready-to-celebrate-a-successful-year-p\" target=\"_blank\" rel=\"noopener noreferrer\"><span class=\"media-coverage-article__meta\"><span class=\"media-coverage-article__date\">5 d\u00e9cembre 2018<\/span><span class=\"media-coverage-article__publisher\">Travel Daily News Asia<\/span><\/span><span class=\"media-coverage-article__title\">Canada and China get ready to celebrate a successful year promoting two-way tourism<\/span><\/a><\/li>\n<li><a class=\"media-coverage-article\" title=\"\u201cCanada\" href=\"https:\/\/www.bizjournals.com\/prnewswire\/press_releases\/2018\/12\/05\/C2468\" target=\"_blank\" rel=\"noopener noreferrer\"><span class=\"media-coverage-article__meta\"><span class=\"media-coverage-article__date\">5 d\u00e9cembre 2018<\/span><span class=\"media-coverage-article__publisher\">The Business Journals<\/span><\/span><span class=\"media-coverage-article__title\">Canada and China get ready to celebrate a successful year promoting two-way tourism<\/span><\/a><\/li>\n<li><a class=\"media-coverage-article\" title=\"\u201cCanada\" href=\"http:\/\/news.morningstar.com\/all\/canada-news-wire\/20181205C2468\/canada-and-china-get-ready-to-celebrate-a-successful-year-promoting-two-way-tourism.aspx\" target=\"_blank\" rel=\"noopener noreferrer\"><span class=\"media-coverage-article__meta\"><span class=\"media-coverage-article__date\">5 d\u00e9cembre 2018<\/span><span class=\"media-coverage-article__publisher\">Morningstar Advisor<\/span><\/span><span class=\"media-coverage-article__title\">Canada and China get ready to celebrate a successful year promoting two-way tourism<\/span><\/a><\/li>\n<li><a class=\"media-coverage-article\" title=\"\u201cCanada\" href=\"https:\/\/markets.businessinsider.com\/news\/stocks\/canada-and-china-get-ready-to-celebrate-a-successful-year-promoting-two-way-tourism-1027784214\" target=\"_blank\" rel=\"noopener noreferrer\"><span class=\"media-coverage-article__meta\"><span class=\"media-coverage-article__date\">5 d\u00e9cembre 2018<\/span><span class=\"media-coverage-article__publisher\">Markets Insider<\/span><\/span><span class=\"media-coverage-article__title\">Canada and China get ready to celebrate a successful year promoting two-way tourism<\/span><\/a><\/li>\n<li><a class=\"media-coverage-article\" title=\"\u201cIndigenous\" href=\"https:\/\/www.capebretonpost.com\/news\/local\/indigenous-tourism-champion-in-cape-breton-265464\/\" target=\"_blank\" rel=\"noopener noreferrer\"><span class=\"media-coverage-article__meta\"><span class=\"media-coverage-article__date\">4 d\u00e9cembre 2018<\/span><span class=\"media-coverage-article__publisher\">Cape Breton Post<\/span><\/span><span class=\"media-coverage-article__title\">Indigenous tourism champion in Cape Breton<\/span><\/a><\/li>\n<li><a class=\"media-coverage-article\" title=\"\u201cLink:\" href=\"http:\/\/www.golfnewsnow.ca\/industry\/link-b-c-lodge-golf-resort-wins-indigenous-cultural-tourism-award\/\" target=\"_blank\" rel=\"noopener noreferrer\"><span class=\"media-coverage-article__meta\"><span class=\"media-coverage-article__date\">2 d\u00e9cembre 2018<\/span><span class=\"media-coverage-article__publisher\">Golf News Now<\/span><\/span><span class=\"media-coverage-article__title\">Link: B.C. Lodge\/Golf Resort Wins Indigenous Cultural Tourism Award<\/span><\/a><\/li>\n<li><a class=\"media-coverage-article\" title=\"\u201cQuaaout\/Talking\" href=\"https:\/\/www.kamloopsthisweek.com\/community\/quaaout-talking-rock-wins-national-tourism-award-1.23513655\" target=\"_blank\" rel=\"noopener noreferrer\"><span class=\"media-coverage-article__meta\"><span class=\"media-coverage-article__date\">29 novembre 2018<\/span><span class=\"media-coverage-article__publisher\">Kamloops This Week<\/span><\/span><span class=\"media-coverage-article__title\">Quaaout\/Talking Rock wins national tourism award<\/span><\/a><\/li>\n<li><a class=\"media-coverage-article\" title=\"\u201cQuaaout\/Talking\" href=\"https:\/\/www.ashcroftcachecreekjournal.com\/home2\/quaaout-talking-rock-wins-national-tourism-award\/\" target=\"_blank\" rel=\"noopener noreferrer\"><span class=\"media-coverage-article__meta\"><span class=\"media-coverage-article__date\">29 novembre 2018<\/span><span class=\"media-coverage-article__publisher\">The Ashcroft-Cache Creek Journal<\/span><\/span><span class=\"media-coverage-article__title\">Quaaout\/Talking Rock wins national tourism award<\/span><\/a><\/li>\n<li><a class=\"media-coverage-article\" title=\"\u201cQuaaout\/Talking\" href=\"https:\/\/www.saobserver.net\/home2\/quaaout-talking-rock-wins-national-tourism-award\/\" target=\"_blank\" rel=\"noopener noreferrer\"><span class=\"media-coverage-article__meta\"><span class=\"media-coverage-article__date\">29 novembre 2018<\/span><span class=\"media-coverage-article__publisher\">Salmon Arm Observer<\/span><\/span><span class=\"media-coverage-article__title\">Quaaout\/Talking Rock wins national tourism award<\/span><\/a><\/li>\n<li><a class=\"media-coverage-article\" title=\"\u201cQuaaout\/Talking\" href=\"https:\/\/www.eaglevalleynews.com\/home2\/quaaout-talking-rock-wins-national-tourism-award\/\" target=\"_blank\" rel=\"noopener noreferrer\"><span class=\"media-coverage-article__meta\"><span class=\"media-coverage-article__date\">29 novembre 2018<\/span><span class=\"media-coverage-article__publisher\">Sicamous Eagle Valley News<\/span><\/span><span class=\"media-coverage-article__title\">Quaaout\/Talking Rock wins national tourism award<\/span><\/a><\/li>\n<li><a class=\"media-coverage-article\" title=\"\u201cSustainable\" href=\"https:\/\/www.theguardian.pe.ca\/business\/sustainable-tourism-takes-spotlight-at-tiapei-annual-conference-262563\/\" target=\"_blank\" rel=\"noopener noreferrer\"><span class=\"media-coverage-article__meta\"><span class=\"media-coverage-article__date\">25 novembre 2018<\/span><span class=\"media-coverage-article__publisher\">Charlottetown Guardian<\/span><\/span><span class=\"media-coverage-article__title\">Sustainable tourism takes spotlight at TIAPEI annual conference<\/span><\/a><\/li>\n<li><a class=\"media-coverage-article\" title=\"\u201cIndigenous\" href=\"https:\/\/www.winnipegfreepress.com\/local\/indigenous-influence-on-tourism-growing-500742122.html\" target=\"_blank\" rel=\"noopener noreferrer\"><span class=\"media-coverage-article__meta\"><span class=\"media-coverage-article__date\">17 novembre 2018<\/span><span class=\"media-coverage-article__publisher\">Winnipeg Free Press<\/span><\/span><span class=\"media-coverage-article__title\">Indigenous influence on tourism grows<\/span><\/a><\/li>\n<li><a class=\"media-coverage-article\" title=\"\u201cIndigeneous\" href=\"https:\/\/tiac-aitc.ca\/cgi\/page.cgi\/_zine.html\/TIAC_Talk_Blog\/Indigeneous_Tourism_Conference\" target=\"_blank\" rel=\"noopener noreferrer\"><span class=\"media-coverage-article__meta\"><span class=\"media-coverage-article__date\">15 novembre 2018<\/span><span class=\"media-coverage-article__publisher\">TIAC-AITC<\/span><\/span><span class=\"media-coverage-article__title\">Indigeneous Tourism Conference<\/span><\/a><\/li>\n<li><a class=\"media-coverage-article\" title=\"\u201cPoundmaker\" href=\"https:\/\/www.newsoptimist.ca\/news\/northwest-region\/poundmaker-museum-wins-tourism-award-1.23489674\" target=\"_blank\" rel=\"noopener noreferrer\"><span class=\"media-coverage-article__meta\"><span class=\"media-coverage-article__date\">7 novembre 2018<\/span><span class=\"media-coverage-article__publisher\">Battlefords News Optimist<\/span><\/span><span class=\"media-coverage-article__title\">Poundmaker museum wins tourism award<\/span><\/a><\/li>\n<li><a class=\"media-coverage-article\" title=\"\u201cArctic\" href=\"https:\/\/travelwirenews.com\/arctic-bay-outfitter-gets-booking-boost-after-winning-indigenous-tourism-award-1158546\/\" target=\"_blank\" rel=\"noopener noreferrer\"><span class=\"media-coverage-article__meta\"><span class=\"media-coverage-article__date\">6 novembre 2018<\/span><span class=\"media-coverage-article__publisher\">TravelWireNews<\/span><\/span><span class=\"media-coverage-article__title\">Arctic Bay outfitter gets booking boost after winning Indigenous tourism award<\/span><\/a><\/li>\n<li><a class=\"media-coverage-article\" title=\"\u201cArctic\" href=\"https:\/\/www.cbc.ca\/news\/canada\/north\/arctic-bay-adventures-wins-tourism-award-1.4893267\" target=\"_blank\" rel=\"noopener noreferrer\"><span class=\"media-coverage-article__meta\"><span class=\"media-coverage-article__date\">6 novembre 2018<\/span><span class=\"media-coverage-article__publisher\">CBC News<\/span><\/span><span class=\"media-coverage-article__title\">Arctic Bay outfitter gets booking boost after winning Indigenous tourism award<\/span><\/a><\/li>\n<li><a class=\"media-coverage-article\" title=\"\u201cTourism\" href=\"http:\/\/www.travelandtourworld.com\/news\/article\/tourism-conference-attracts-big-ideas-develop-local-indigenous-businesses\/\" target=\"_blank\" rel=\"noopener noreferrer\"><span class=\"media-coverage-article__meta\"><span class=\"media-coverage-article__date\">3 novembre 2018<\/span><span class=\"media-coverage-article__publisher\">Travel and Tour World<\/span><\/span><span class=\"media-coverage-article__title\">Tourism conference attracts big ideas to develop local indigenous businesses<\/span><\/a><\/li>\n<li><a class=\"media-coverage-article\" title=\"\u201cTOTA\" href=\"http:\/\/www.travelandtourworld.com\/news\/article\/tota-host-international-indigenous-tourism-conference-2019\/\" target=\"_blank\" rel=\"noopener noreferrer\"><span class=\"media-coverage-article__meta\"><span class=\"media-coverage-article__date\">2 novembre 2018<\/span><span class=\"media-coverage-article__publisher\">Travel and Tour World<\/span><\/span><span class=\"media-coverage-article__title\">TOTA to host International Indigenous Tourism Conference 2019<\/span><\/a><\/li>\n<li><a class=\"media-coverage-article\" title=\"\u201cKelowna\" href=\"https:\/\/cfox.com\/news\/4620988\/kelowna-indigenous-tourism-conference-2019\/\" target=\"_blank\" rel=\"noopener noreferrer\"><span class=\"media-coverage-article__meta\"><span class=\"media-coverage-article__date\">1 novembre 2018<\/span><span class=\"media-coverage-article__publisher\">99.3 The Fox Vancouver CFOX<\/span><\/span><span class=\"media-coverage-article__title\">Kelowna to host International Indigenous Tourism Conference in 2019<\/span><\/a><\/li>\n<li><a class=\"media-coverage-article\" title=\"\u201cKelowna\" href=\"https:\/\/globalnews.ca\/news\/4620988\/kelowna-indigenous-tourism-conference-2019\/\" target=\"_blank\" rel=\"noopener noreferrer\"><span class=\"media-coverage-article__meta\"><span class=\"media-coverage-article__date\">1 novembre 2018<\/span><span class=\"media-coverage-article__publisher\">Global News<\/span><\/span><span class=\"media-coverage-article__title\">Kelowna to host International Indigenous Tourism Conference in 2019<\/span><\/a><\/li>\n<li><a class=\"media-coverage-article\" title=\"\u201cIn\" href=\"https:\/\/infotel.ca\/newsitem\/in-video-kelowna-set-to-host-2019-international-indigenous-tourism-conference\/it56980\" target=\"_blank\" rel=\"noopener noreferrer\"><span class=\"media-coverage-article__meta\"><span class=\"media-coverage-article__date\">1 novembre 2018<\/span><span class=\"media-coverage-article__publisher\">InfoNews.ca<\/span><\/span><span class=\"media-coverage-article__title\">In Video: Kelowna set to host 2019 International Indigenous Tourism Conference<\/span><\/a><\/li>\n<li><a class=\"media-coverage-article\" title=\"\u201cIt's\" href=\"http:\/\/southpeacenews.com\/its-time-to-unlock-tourisms-potential\/\" target=\"_blank\" rel=\"noopener noreferrer\"><span class=\"media-coverage-article__meta\"><span class=\"media-coverage-article__date\">1 novembre 2018<\/span><span class=\"media-coverage-article__publisher\">South Peace News<\/span><\/span><span class=\"media-coverage-article__title\">It&rsquo;s time to unlock tourism&rsquo;s potential<\/span><\/a><\/li>\n<li><a class=\"media-coverage-article\" title=\"\u201cTourism\" href=\"https:\/\/travelwirenews.com\/tourism-conference-brings-big-suggestions-to-help-build-local-indigenous-businesses-1152471\/\" target=\"_blank\" rel=\"noopener noreferrer\"><span class=\"media-coverage-article__meta\"><span class=\"media-coverage-article__date\">1 novembre 2018<\/span><span class=\"media-coverage-article__publisher\">TravelWireNews<\/span><\/span><span class=\"media-coverage-article__title\">Tourism conference brings big suggestions to help build local Indigenous businesses<\/span><\/a><\/li>\n<li><a class=\"media-coverage-article\" title=\"\u201cTourism\" href=\"https:\/\/thestarphoenix.com\/news\/local-news\/tourism-conference-brings-big-ideas-to-help-build-local-indigenous-businesses\" target=\"_blank\" rel=\"noopener noreferrer\"><span class=\"media-coverage-article__meta\"><span class=\"media-coverage-article__date\">1 novembre 2018<\/span><span class=\"media-coverage-article__publisher\">Saskatoon StarPhoenix<\/span><\/span><span class=\"media-coverage-article__title\">Tourism conference brings big ideas to help build local Indigenous businesses<\/span><\/a><\/li>\n<li><a class=\"media-coverage-article\" title=\"\u201cAligning\" href=\"http:\/\/tourismhr.ca\/aligning-dreams-insights-from-successful-indigenous-tourism-entrepreneurs\/\" target=\"_blank\" rel=\"noopener noreferrer\"><span class=\"media-coverage-article__meta\"><span class=\"media-coverage-article__date\">31 octobre 2018<\/span><span class=\"media-coverage-article__publisher\">Tourism HR Canada<\/span><\/span><span class=\"media-coverage-article__title\">Aligning Dreams: Insights from Successful Indigenous Tourism Entrepreneurs<\/span><\/a><\/li>\n<li><a class=\"media-coverage-article\" title=\"\u201cGrowing\" href=\"https:\/\/globalnews.ca\/video\/4610462\/growing-indigenous-tourism-focus-of-saskatoon-conference\" target=\"_blank\" rel=\"noopener noreferrer\"><span class=\"media-coverage-article__meta\"><span class=\"media-coverage-article__date\">30 octobre 2018<\/span><span class=\"media-coverage-article__publisher\">Global News<\/span><\/span><span class=\"media-coverage-article__title\">Growing Indigenous tourism focus of Saskatoon conference<\/span><\/a><\/li>\n<li><a class=\"media-coverage-article\" title=\"How much culture to share can be a sensitive topic when it comes to Indigenous tourism\" href=\"https:\/\/www.cbc.ca\/news\/canada\/saskatchewan\/culture-indigenous-tourism-conference-1.4883125?cmp=rss\" target=\"_blank\" rel=\"noopener noreferrer\"><span class=\"media-coverage-article__meta\"><span class=\"media-coverage-article__date\">30 octobre 2018<\/span><span class=\"media-coverage-article__publisher\">CBC News Online<\/span><\/span><span class=\"media-coverage-article__title\">How much culture to share can be a sensitive topic when it comes to Indigenous tourism<\/span><\/a><\/li>\n<li><a class=\"media-coverage-article\" title=\"\u201cInternational\" href=\"https:\/\/www.cjwwradio.com\/2018\/10\/29\/international-indigenous-tourism-conference-in-saskatoon\/\" target=\"_blank\" rel=\"noopener noreferrer\"><span class=\"media-coverage-article__meta\"><span class=\"media-coverage-article__date\">29 octobre 2018<\/span><span class=\"media-coverage-article__publisher\">CJWW<\/span><\/span><span class=\"media-coverage-article__title\">International Indigenous Tourism Conference in Saskatoon<\/span><\/a><\/li>\n<li><a class=\"media-coverage-article\" title=\"Media Advisory - Minister Joly will participate in the International Indigenous Tourism Conference\" href=\"https:\/\/www.newswire.ca\/news-releases\/media-advisory---minister-joly-will-participate-in-the-international-indigenous-tourism-conference-698918711.html\" target=\"_blank\" rel=\"noopener noreferrer\"><span class=\"media-coverage-article__meta\"><span class=\"media-coverage-article__date\">29 octobre 2018<\/span><span class=\"media-coverage-article__publisher\">Canada NewsWire<\/span><\/span><span class=\"media-coverage-article__title\">Media Advisory &#8211; Minister Joly will participate in the International Indigenous Tourism Conference<\/span><\/a><\/li>\n<li><a class=\"media-coverage-article\" title=\"Indigenous Cultures Learn From Each Other in Rotorua\" href=\"https:\/\/www.nzherald.co.nz\/rotorua-daily-post\/business\/news\/article.cfm?c_id=1503434&amp;objectid=12141016\" target=\"_blank\" rel=\"noopener noreferrer\"><span class=\"media-coverage-article__meta\"><span class=\"media-coverage-article__date\">16 octobre 2018<\/span><span class=\"media-coverage-article__publisher\">New Zealand Herald<\/span><\/span><span class=\"media-coverage-article__title\">Indigenous Cultures Learn From Each Other in Rotorua<\/span><\/a><\/li>\n<li><a class=\"media-coverage-article\" title=\"Showcase Canada 2018\" href=\"https:\/\/indigenoustourism.ca\/wp-content\/uploads\/2018\/10\/Showcase-Canada-Interview.pdf\" target=\"_blank\" rel=\"noopener noreferrer\"><span class=\"media-coverage-article__meta\"><span class=\"media-coverage-article__date\">12 octobre 2018<\/span><span class=\"media-coverage-article__publisher\">Guojia Lvye<\/span><\/span><span class=\"media-coverage-article__title\">Showcase Canada 2018<\/span><\/a><\/li>\n<li><a class=\"media-coverage-article\" title=\"Indigenous Cultural Tourism: How the North is learning from community success in southern Canada\" href=\"http:\/\/www.rcinet.ca\/en\/2018\/10\/06\/indigenous-cultural-tourism-how-the-north-is-learning-from-community-success-in-southern-canada\/\" target=\"_blank\" rel=\"noopener noreferrer\"><span class=\"media-coverage-article__meta\"><span class=\"media-coverage-article__date\">6 octobre 2018<\/span><span class=\"media-coverage-article__publisher\">Radio Canada International<\/span><\/span><span class=\"media-coverage-article__title\">Indigenous Cultural Tourism: How the North is learning from community success in southern Canada<\/span><\/a><\/li>\n<li><a class=\"media-coverage-article\" title=\"Indigenous tourism blossoming on Vancouver Island\" href=\"https:\/\/www.comoxvalleyrecord.com\/news\/indigenous-tourism-blossoming-on-vancouver-island\/\" target=\"_blank\" rel=\"noopener noreferrer\"><span class=\"media-coverage-article__meta\"><span class=\"media-coverage-article__date\">6 octobre 2018<\/span><span class=\"media-coverage-article__publisher\">Comox Valley Record<\/span><\/span><span class=\"media-coverage-article__title\">Indigenous tourism blossoming on Vancouver Island<\/span><\/a><\/li>\n<li><a class=\"media-coverage-article\" title=\"A New Day for Indigenous Tourism\" href=\"https:\/\/www.mediaedgemagazines.com\/the-canadian-council-for-aboriginal-business-ccab\/cb83\/\" target=\"_blank\" rel=\"noopener noreferrer\"><span class=\"media-coverage-article__meta\"><span class=\"media-coverage-article__date\">septembre 2018<\/span><span class=\"media-coverage-article__publisher\">The Aboriginal Business Report<\/span><\/span><span class=\"media-coverage-article__title\">A New Day for Indigenous Tourism<\/span><\/a><\/li>\n<li><a class=\"media-coverage-article\" title=\"New Indigenous Tourism Association Plans to Draw Global Tourists to Alberta\" href=\"https:\/\/www.cbc.ca\/news\/canada\/calgary\/indigenous-tourism-alberta-1.4755314?cmp=rss\" target=\"_blank\" rel=\"noopener noreferrer\"><span class=\"media-coverage-article__meta\"><span class=\"media-coverage-article__date\">20 juillet 2018<\/span><span class=\"media-coverage-article__publisher\">CBC News<\/span><\/span><span class=\"media-coverage-article__title\">New Indigenous Tourism Association Plans to Draw Global Tourists to Alberta<\/span><\/a><\/li>\n<li><a class=\"media-coverage-article\" title=\"New Indigenous Tourism Association Plans to Draw Global Tourists to Alberta\" href=\"https:\/\/ca.news.yahoo.com\/indigenous-tourism-association-plans-draw-185815291.html\" target=\"_blank\" rel=\"noopener noreferrer\"><span class=\"media-coverage-article__meta\"><span class=\"media-coverage-article__date\">20 juillet 2018<\/span><span class=\"media-coverage-article__publisher\">Yahoo! News Canada<\/span><\/span><span class=\"media-coverage-article__title\">New Indigenous Tourism Association Plans to Draw Global Tourists to Alberta<\/span><\/a><\/li>\n<li><a class=\"media-coverage-article\" title=\"New Indigenous Tourism Association Plans to Draw Global Tourists to Alberta\" href=\"https:\/\/travelwirenews.com\/new-indigenous-tourism-association-plans-to-draw-global-tourists-to-alberta-2-943040\/\" target=\"_blank\" rel=\"noopener noreferrer\"><span class=\"media-coverage-article__meta\"><span class=\"media-coverage-article__date\">20 juillet 2018<\/span><span class=\"media-coverage-article__publisher\">TravelWireNews<\/span><\/span><span class=\"media-coverage-article__title\">New Indigenous Tourism Association Plans to Draw Global Tourists to Alberta<\/span><\/a><\/li>\n<li><a class=\"media-coverage-article\" title=\"Alberta Supports New Indigenous Tourism Group\" href=\"http:\/\/www.albertanativenews.com\/alberta-supports-new-indigenous-tourism-group\/\" target=\"_blank\" rel=\"noopener noreferrer\"><span class=\"media-coverage-article__meta\"><span class=\"media-coverage-article__date\">20 juillet 2018<\/span><span class=\"media-coverage-article__publisher\">Alberta Native News<\/span><\/span><span class=\"media-coverage-article__title\">Alberta Supports New Indigenous Tourism Group<\/span><\/a><\/li>\n<li><a class=\"media-coverage-article\" title=\"Newly Founded Association Expected to Bolster Alberta's Untapped Indigenous Tourism Sector\" href=\"https:\/\/calgary.ctvnews.ca\/newly-founded-association-expected-to-bolster-alberta-s-untapped-indigenous-tourism-sector-1.4022230\" target=\"_blank\" rel=\"noopener noreferrer\"><span class=\"media-coverage-article__meta\"><span class=\"media-coverage-article__date\">20 juillet 2018<\/span><span class=\"media-coverage-article__publisher\">CTV News Calgary<\/span><\/span><span class=\"media-coverage-article__title\">Newly Founded Association Expected to Bolster Alberta&rsquo;s Untapped Indigenous Tourism Sector<\/span><\/a><\/li>\n<li><a class=\"media-coverage-article\" title=\"La ministre Chagger termine une mission commerciale f\u00e9d\u00e9rale-provinciale-territoriale productive en Chine\" href=\"https:\/\/www.canada.ca\/fr\/innovation-sciences-developpement-economique\/nouvelles\/2018\/06\/la-ministre-chagger-termine-une-mission-commerciale-federale-provinciale-territoriale-productive-en-chine.html\" target=\"_blank\" rel=\"noopener noreferrer\"><span class=\"media-coverage-article__meta\"><span class=\"media-coverage-article__date\">29 juin 2018<\/span><span class=\"media-coverage-article__publisher\">Government of Canada<\/span><\/span><span class=\"media-coverage-article__title\">La ministre Chagger termine une mission commerciale f\u00e9d\u00e9rale-provinciale-territoriale productive en Chine<\/span><\/a><\/li>\n<li><a class=\"media-coverage-article\" title=\"Minister Chagger Concludes Productive FPT Tourism Trade Mission to China\" href=\"https:\/\/www.canada.ca\/en\/innovation-science-economic-development\/news\/2018\/06\/ministerchaggerconcludes-productive-fpt-tourism-trade-missiontochina.html\" target=\"_blank\" rel=\"noopener noreferrer\"><span class=\"media-coverage-article__meta\"><span class=\"media-coverage-article__date\">29 juin 2018<\/span><span class=\"media-coverage-article__publisher\">Government of Canada<\/span><\/span><span class=\"media-coverage-article__title\">Minister Chagger Concludes Productive FPT Tourism Trade Mission to China<\/span><\/a><\/li>\n<li><a class=\"media-coverage-article\" title=\"ITAC Partners with Destination Canada Germany and Toronto Tourism to Highlight Indigenous Fashion Week\" href=\"http:\/\/nationtalk.ca\/story\/itac-partners-with-destination-canada-germany-and-toronto-tourism-to-highlight-indigenous-fashion-week\" target=\"_blank\" rel=\"noopener noreferrer\"><span class=\"media-coverage-article__meta\"><span class=\"media-coverage-article__date\">28 juin 2018<\/span><span class=\"media-coverage-article__publisher\">Nation Talk<\/span><\/span><span class=\"media-coverage-article__title\">ITAC Partners with Destination Canada Germany and Toronto Tourism to Highlight Indigenous Fashion Week<\/span><\/a><\/li>\n<li><a class=\"media-coverage-article\" title=\"In Their Footsteps: Follow the Path of Canada's Indigenous Peoples\" href=\"http:\/\/www.everythingzoomer.com\/travel\/destinations\/2018\/06\/25\/canada-indigenous-peoples-travel\/\" target=\"_blank\" rel=\"noopener noreferrer\"><span class=\"media-coverage-article__meta\"><span class=\"media-coverage-article__date\">25 juin 2018<\/span><span class=\"media-coverage-article__publisher\">Everything Zoomer<\/span><\/span><span class=\"media-coverage-article__title\">In Their Footsteps: Follow the Path of Canada&rsquo;s Indigenous Peoples<\/span><\/a><\/li>\n<li><a class=\"media-coverage-article\" title=\"Minister Joly Announces New Appointments at the Canada Council for the Arts, National Capital Commission and Canadian Cultural Property Export Review Board\" href=\"https:\/\/www.newswire.ca\/news-releases\/minister-joly-announces-new-appointments-at-the-canada-council-for-the-arts-national-capital-commission-and-canadian-cultural-property-export-review-board-686268531.html\" target=\"_blank\" rel=\"noopener noreferrer\"><span class=\"media-coverage-article__meta\"><span class=\"media-coverage-article__date\">22 juin 2018<\/span><span class=\"media-coverage-article__publisher\">Canada NewsWire<\/span><\/span><span class=\"media-coverage-article__title\">Minister Joly Announces New Appointments at the Canada Council for the Arts, National Capital Commission and Canadian Cultural Property Export Review Board<\/span><\/a><\/li>\n<li><a class=\"media-coverage-article\" title=\"Minister Chagger Celebrates National Indigenous Peoples Day\" href=\"https:\/\/www.canada.ca\/en\/innovation-science-economic-development\/news\/2018\/06\/minister-chagger-celebrates-national-indigenous-peoples-day.html\" target=\"_blank\" rel=\"noopener noreferrer\"><span class=\"media-coverage-article__meta\"><span class=\"media-coverage-article__date\">21 juin 2018<\/span><span class=\"media-coverage-article__publisher\">Government of Canada<\/span><\/span><span class=\"media-coverage-article__title\">Minister Chagger Celebrates National Indigenous Peoples Day<\/span><\/a><\/li>\n<li><a class=\"media-coverage-article\" title=\"Lennox Island Hopes to Go Big With Mi'kmaq Tourism Experiences\" href=\"https:\/\/www.cbc.ca\/news\/canada\/prince-edward-island\/lennox-island-tourism-mi-kmaq-drum-making-jamie-thomas-1.4714242\" target=\"_blank\" rel=\"noopener noreferrer\"><span class=\"media-coverage-article__meta\"><span class=\"media-coverage-article__date\">21 juin 2018<\/span><span class=\"media-coverage-article__publisher\">CBC News<\/span><\/span><span class=\"media-coverage-article__title\">Lennox Island Hopes to Go Big With Mi&rsquo;kmaq Tourism Experiences<\/span><\/a><\/li>\n<li><a class=\"media-coverage-article\" title=\"First Nations Operators Set Attendance Record at RVC 2018\" href=\"https:\/\/www.travelpress.com\/digital_posts\/first-nations-operators-set-attendance-record-at-rvc-2018\/#.W33hWJNKhTZ\" target=\"_blank\" rel=\"noopener noreferrer\"><span class=\"media-coverage-article__meta\"><span class=\"media-coverage-article__date\">18 juin 2018<\/span><span class=\"media-coverage-article__publisher\">Canadian Travel Press<\/span><\/span><span class=\"media-coverage-article__title\">First Nations Operators Set Attendance Record at RVC 2018<\/span><\/a><\/li>\n<li><a class=\"media-coverage-article\" title=\"Minister Chagger to Lead Federal, Provincial and Territorial Tourism Trade Mission to China\" href=\"http:\/\/www.hoteliermagazine.com\/minister-chagger-to-lead-federal-provincial-and-territorial-tourism-trade-mission-to-china\/\" target=\"_blank\" rel=\"noopener noreferrer\"><span class=\"media-coverage-article__meta\"><span class=\"media-coverage-article__date\">15 juin 2018<\/span><span class=\"media-coverage-article__publisher\">Hotelier<\/span><\/span><span class=\"media-coverage-article__title\">Minister Chagger to Lead Federal, Provincial and Territorial Tourism Trade Mission to China<\/span><\/a><\/li>\n<li><a class=\"media-coverage-article\" title=\"Rendez-vous Canada 2018 Sets New Records!\" href=\"https:\/\/www.destinationcanada.com\/en\/news\/rendez-vous-canada-2018-sets-new-records\" target=\"_blank\" rel=\"noopener noreferrer\"><span class=\"media-coverage-article__meta\"><span class=\"media-coverage-article__date\">14 juin 2018<\/span><span class=\"media-coverage-article__publisher\">Destination Canada<\/span><\/span><span class=\"media-coverage-article__title\">Rendez-vous Canada 2018 Sets New Records!<\/span><\/a><\/li>\n<li><a class=\"media-coverage-article\" title=\"2018 Tourism Week Ends on a High Note For TIAC\" href=\"https:\/\/tiac-aitc.ca\/cgi\/page.cgi\/_zine.html\/TIAC_Talk_Blog\/Tourism_Week_ends_on_a_high_note_for_TIAC\" target=\"_blank\" rel=\"noopener noreferrer\"><span class=\"media-coverage-article__meta\"><span class=\"media-coverage-article__date\">1 juin 2018<\/span><span class=\"media-coverage-article__publisher\">Tiac- Aitc<\/span><\/span><span class=\"media-coverage-article__title\">2018 Tourism Week Ends on a High Note For TIAC<\/span><\/a><\/li>\n<li><a class=\"media-coverage-article\" title=\"It's All About Authentic\" href=\"https:\/\/www.travelpress.com\/its-all-about-authentic\/#.W33esZNKhTY\" target=\"_blank\" rel=\"noopener noreferrer\"><span class=\"media-coverage-article__meta\"><span class=\"media-coverage-article__date\">25 mai 2018<\/span><span class=\"media-coverage-article__publisher\">Travel Press<\/span><\/span><span class=\"media-coverage-article__title\">It&rsquo;s All About Authentic<\/span><\/a><\/li>\n<li><a class=\"media-coverage-article\" title=\"Colonial Reality Tour Brings Indigenous Land and History Into Focus\" href=\"http:\/\/www.cbc.ca\/radio\/unreserved\/unreserved-visits-victoria-can-a-city-rooted-in-colonial-history-be-a-progressive-site-for-reconciliation-1.4663453\/colonial-reality-tour-brings-indigenous-land-and-history-into-focus-1.4669191\" target=\"_blank\" rel=\"noopener noreferrer\"><span class=\"media-coverage-article__meta\"><span class=\"media-coverage-article__date\">20 mai 2018<\/span><span class=\"media-coverage-article__publisher\">CBC Radio 1<\/span><\/span><span class=\"media-coverage-article__title\">Colonial Reality Tour Brings Indigenous Land and History Into Focus<\/span><\/a><\/li>\n<li><a class=\"media-coverage-article\" title=\"Call for Nominations Open: ITAC Ingenious Awards &amp; CanadianCIO of the Year Awards\" href=\"http:\/\/www.bizwireexpress.com\/showstoryGNW.php?storyid=253960\" target=\"_blank\" rel=\"noopener noreferrer\"><span class=\"media-coverage-article__meta\"><span class=\"media-coverage-article__date\">9 mai 2018<\/span><span class=\"media-coverage-article__publisher\">BizWire Express<\/span><\/span><span class=\"media-coverage-article__title\">Call for Nominations Open: ITAC Ingenious Awards &amp; CanadianCIO of the Year Awards<\/span><\/a><\/li>\n<li><a class=\"media-coverage-article\" title=\"SLCC Building New Trail, Outdoor Classroom\" href=\"https:\/\/www.piquenewsmagazine.com\/whistler\/slcc-building-new-trail-outdoor-classroom\/Content?oid=8475689\" target=\"_blank\" rel=\"noopener noreferrer\"><span class=\"media-coverage-article__meta\"><span class=\"media-coverage-article__date\">3 mai 2018<\/span><span class=\"media-coverage-article__publisher\">Pique<\/span><\/span><span class=\"media-coverage-article__title\">SLCC Building New Trail, Outdoor Classroom<\/span><\/a><\/li>\n<li><a class=\"media-coverage-article\" title=\"Parent vs. Kid\" href=\"https:\/\/www.nationalgeographic.com\/family\/parent-vs-kid\/\" target=\"_blank\" rel=\"noopener noreferrer\"><span class=\"media-coverage-article__meta\"><span class=\"media-coverage-article__date\">25 avril 2018<\/span><span class=\"media-coverage-article__publisher\">National Geographic<\/span><\/span><span class=\"media-coverage-article__title\">Parent vs. Kid<\/span><\/a><\/li>\n<li><a class=\"media-coverage-article\" title=\"The World's Toughest Highway?\" href=\"http:\/\/www.bbc.com\/travel\/story\/20180418-tuktoyaktuk-canadas-last-arctic-village?ocid=global_travel_rss\" target=\"_blank\" rel=\"noopener noreferrer\"><span class=\"media-coverage-article__meta\"><span class=\"media-coverage-article__date\">19 avril 2018<\/span><span class=\"media-coverage-article__publisher\">BBC<\/span><\/span><span class=\"media-coverage-article__title\">The World&rsquo;s Toughest Highway?<\/span><\/a><\/li>\n<li><a class=\"media-coverage-article\" title=\"Tuktoyaktuk: Canada's Last Arctic Village?\" href=\"http:\/\/www.bbc.com\/travel\/story\/20180418-tuktoyaktuk-canadas-last-arctic-village?ocid=fbtvl\" target=\"_blank\" rel=\"noopener noreferrer\"><span class=\"media-coverage-article__meta\"><span class=\"media-coverage-article__date\">19 avril 2018<\/span><span class=\"media-coverage-article__publisher\">BBC World Television<\/span><\/span><span class=\"media-coverage-article__title\">Tuktoyaktuk: Canada&rsquo;s Last Arctic Village?<\/span><\/a><\/li>\n<li><a class=\"media-coverage-article\" title=\"Tour of Ancient Indigenous Village Offers Unique B.C. Vacation Opportunity\" href=\"https:\/\/nationalpost.com\/pmn\/travel-pmn\/tour-of-ancient-indigenous-village-offers-unique-b-c-vacation-opportunity\" target=\"_blank\" rel=\"noopener noreferrer\"><span class=\"media-coverage-article__meta\"><span class=\"media-coverage-article__date\">16 avril 2018<\/span><span class=\"media-coverage-article__publisher\">The Canadian Press<\/span><\/span><span class=\"media-coverage-article__title\">Tour of Ancient Indigenous Village Offers Unique B.C.Vacation Opportunity<\/span><\/a><\/li>\n<li><a class=\"media-coverage-article\" title=\"Indigenous-led Tourism Adventures in Canada\" href=\"https:\/\/cottagelife.com\/general\/indigenous-led-tourism-adventures-in-canada\/\" target=\"_blank\" rel=\"noopener noreferrer\"><span class=\"media-coverage-article__meta\"><span class=\"media-coverage-article__date\">13 avril 2018<\/span><span class=\"media-coverage-article__publisher\">Cottage Life<\/span><\/span><span class=\"media-coverage-article__title\">Indigenous-led Tourism Adventures in Canada<\/span><\/a><\/li>\n<li><a class=\"media-coverage-article\" title=\"Record-Setting Year for Alberta Tourism\" href=\"https:\/\/www.alberta.ca\/release.cfm?xID=55706DD60BDED-CB21-6A79-3A20FA093215B560\" target=\"_blank\" rel=\"noopener noreferrer\"><span class=\"media-coverage-article__meta\"><span class=\"media-coverage-article__date\">5 avril 2018<\/span><span class=\"media-coverage-article__publisher\">Government of Alberta<\/span><\/span><span class=\"media-coverage-article__title\">Record-Setting Year for Alberta Tourism<\/span><\/a><\/li>\n<li><a class=\"media-coverage-article\" title=\"Sustainable Canada: Tackling Overtourism\" href=\"https:\/\/www.travelweekly.com\/North-America-Travel\/Sustainable-Canada\" target=\"_blank\" rel=\"noopener noreferrer\"><span class=\"media-coverage-article__meta\"><span class=\"media-coverage-article__date\">28 mars 2018<\/span><span class=\"media-coverage-article__publisher\">Travel Weekly<\/span><\/span><span class=\"media-coverage-article__title\">Sustainable Canada: Tackling Overtourism <\/span><\/a><\/li>\n<li><a class=\"media-coverage-article\" title=\"Government of Canada Invests in Indigenous Economic Development in Saskatchewan\" href=\"https:\/\/www.newswire.ca\/news-releases\/government-of-canada-invests-in-indigenous-economic-development-in-saskatchewan-676956703.html\" target=\"_blank\" rel=\"noopener noreferrer\"><span class=\"media-coverage-article__meta\"><span class=\"media-coverage-article__date\">15 mars 2018<\/span><span class=\"media-coverage-article__publisher\">Canada NewsWire<\/span><\/span><span class=\"media-coverage-article__title\">Government of Canada Invests in Indigenous Economic Development in Saskatchewan<\/span><\/a><\/li>\n<li><a class=\"media-coverage-article\" title=\"Government of Canada Invests in Indigenous Economic Development across Western Canada\" href=\"http:\/\/www.itbusinessnet.com\/article\/Government-of-Canada-Invests-in-Indigenous-Economic-Development-across-Western-Canada-5330251\" target=\"_blank\" rel=\"noopener noreferrer\"><span class=\"media-coverage-article__meta\"><span class=\"media-coverage-article__date\">13 mars 2018<\/span><span class=\"media-coverage-article__publisher\">IT Business Net<\/span><\/span><span class=\"media-coverage-article__title\">Government of Canada Invests in Indigenous Economic Development across Western Canada<\/span><\/a><\/li>\n<li><a class=\"media-coverage-article\" title=\"Government of Canada Invests in Indigenous Economic Development across Western Canada\" href=\"https:\/\/www.canada.ca\/en\/western-economic-diversification\/news\/2018\/03\/government-of-canada-invests-in-indigenous-economic-development-across-western-canada.html\" target=\"_blank\" rel=\"noopener noreferrer\"><span class=\"media-coverage-article__meta\"><span class=\"media-coverage-article__date\">13 mars 2018<\/span><span class=\"media-coverage-article__publisher\">Government of Canada<\/span><\/span><span class=\"media-coverage-article__title\">Government of Canada Invests in Indigenous Economic Development across Western Canada<\/span><\/a><\/li>\n<li><a class=\"media-coverage-article\" title=\"Indigenous Economic Growth Announcement\" href=\"https:\/\/www.canada.ca\/en\/western-economic-diversification\/news\/2018\/03\/indigenous-economic-growth-announcement.html\" target=\"_blank\" rel=\"noopener noreferrer\"><span class=\"media-coverage-article__meta\"><span class=\"media-coverage-article__date\">13 mars 2018<\/span><span class=\"media-coverage-article__publisher\">Government of Canada<\/span><\/span><span class=\"media-coverage-article__title\">Indigenous Economic Growth Announcement<\/span><\/a><\/li>\n<li><a class=\"media-coverage-article\" title=\"Le gouvernement du Canada investit dans le d\u00e9veloppement \u00e9conomique des Autochtones de l'Ouest canadien\" href=\"https:\/\/www.newswire.ca\/fr\/news-releases\/le-gouvernement-du-canada-investit-dans-le-developpement-economique-des-autochtones-de-louest-canadien-676689473.html\" target=\"_blank\" rel=\"noopener noreferrer\"><span class=\"media-coverage-article__meta\"><span class=\"media-coverage-article__date\">13 mars 2018<\/span><span class=\"media-coverage-article__publisher\">Canada NewsWire<\/span><\/span><span class=\"media-coverage-article__title\">Le gouvernement du Canada investit dans le d\u00e9veloppement \u00e9conomique des Autochtones de l&rsquo;Ouest canadien<\/span><\/a><\/li>\n<li><a class=\"media-coverage-article\" title=\"Mit den Grizzlys auf Du und Du\" href=\"https:\/\/rp-online.de\/leben\/reisen\/mit-den-grizzlys-auf-du-und-du_aid-19036753\" target=\"_blank\" rel=\"noopener noreferrer\"><span class=\"media-coverage-article__meta\"><span class=\"media-coverage-article__date\">10 mars 2018<\/span><span class=\"media-coverage-article__publisher\">RP Online<\/span><\/span><span class=\"media-coverage-article__title\">Mit den Grizzlys auf Du und Du<\/span><\/a><\/li>\n<li><a class=\"media-coverage-article\" title=\"At Eye Level with Grizzlies\" href=\"https:\/\/rp-online.de\/leben\/reisen\/mit-den-grizzlys-auf-du-und-du_aid-19036753\" target=\"_blank\" rel=\"noopener noreferrer\"><span class=\"media-coverage-article__meta\"><span class=\"media-coverage-article__date\">10 mars 2018<\/span><span class=\"media-coverage-article__publisher\">Rheinische Post<\/span><\/span><span class=\"media-coverage-article__title\">At Eye Level with Grizzlies<\/span><\/a><\/li>\n<li><a class=\"media-coverage-article\" title=\"Indigenous Artist From Small-Town Alberta Honoured to Showcase Work in Germany\" href=\"https:\/\/ca.news.yahoo.com\/indigenous-artist-small-town-alberta-140000603.html\" target=\"_blank\" rel=\"noopener noreferrer\"><span class=\"media-coverage-article__meta\"><span class=\"media-coverage-article__date\">4 mars 2018<\/span><span class=\"media-coverage-article__publisher\">Yahoo! News Canada<\/span><\/span><span class=\"media-coverage-article__title\">Indigenous Artist From Small-Town Alberta Honoured to Showcase Work in Germany<\/span><\/a><\/li>\n<li><a class=\"media-coverage-article\" title=\"Local Artist to Head to Germany for Indigenous Art Project at The Canadian Embassy\" href=\"https:\/\/www.mountainviewgazette.ca\/article\/Artist-involved-in-embassy-project-20180227\" target=\"_blank\" rel=\"noopener noreferrer\"><span class=\"media-coverage-article__meta\"><span class=\"media-coverage-article__date\">27 f\u00e9vrier 2018<\/span><span class=\"media-coverage-article__publisher\">Mountain View Gazette<\/span><\/span><span class=\"media-coverage-article__title\">Local Artist to Head to Germany for Indigenous Art Project at The Canadian Embassy<\/span><\/a><\/li>\n<li><a class=\"media-coverage-article\" title=\"Indigenous Groups Work on Tourism Strategy for N.L.\" href=\"http:\/\/www.cbc.ca\/news\/canada\/newfoundland-labrador\/boosting-indigenous-tourism-strategy-1.4537052?cmp=rss\" target=\"_blank\" rel=\"noopener noreferrer\"><span class=\"media-coverage-article__meta\"><span class=\"media-coverage-article__date\">18 f\u00e9vrier 2018<\/span><span class=\"media-coverage-article__publisher\">CBC News<\/span><\/span><span class=\"media-coverage-article__title\">Indigenous Groups Work on Tourism Strategy for N.L<\/span><\/a><\/li>\n<li><a class=\"media-coverage-article\" title=\"Indigenous Tourism: First Nations Tours\" href=\"http:\/\/www.travelweekly.co.uk\/articles\/295049\/indigenous-tourism-first-nations-tours\" target=\"_blank\" rel=\"noopener noreferrer\"><span class=\"media-coverage-article__meta\"><span class=\"media-coverage-article__date\">4 janvier 2018<\/span><span class=\"media-coverage-article__publisher\">Travel Weekly UK<\/span><\/span><span class=\"media-coverage-article__title\">Indigenous Tourism: First Nations Tours<\/span><\/a><\/li>\n<li><a class=\"media-coverage-article\" title=\"Indigenous Tourism Helping to Keep Stories Alive as International Interest Grows\" href=\"https:\/\/infotel.ca\/newsitem\/indigenous-tourism-helping-keep-stories-alive-as-international-interest-grows\/it49068\" target=\"_blank\" rel=\"noopener noreferrer\"><span class=\"media-coverage-article__meta\"><span class=\"media-coverage-article__date\">2 janvier 2018<\/span><span class=\"media-coverage-article__publisher\">InfoNews.ca<\/span><\/span><span class=\"media-coverage-article__title\">Indigenous Tourism Helping to Keep Stories Alive as International Interest Grows<\/span><\/a><\/li>\n<li><a class=\"media-coverage-article\" title=\"Indigenous Tourism Helping to Keep Stories Alive as International Interest Grows\" href=\"https:\/\/www.nationalobserver.com\/2018\/01\/02\/news\/indigenous-tourism-helping-keep-stories-alive-international-interest-grows\" target=\"_blank\" rel=\"noopener noreferrer\"><span class=\"media-coverage-article__meta\"><span class=\"media-coverage-article__date\">2 janvier 2018<\/span><span class=\"media-coverage-article__publisher\">National Observer<\/span><\/span><span class=\"media-coverage-article__title\">Indigenous Tourism Helping to Keep Stories Alive as International Interest Grows<\/span><\/a><\/li>\n<li><a class=\"media-coverage-article\" title=\"Indigenous Tourism Helping to Keep Stories Alive as International Interest Grows\" href=\"http:\/\/www.cbc.ca\/news\/canada\/calgary\/indigenous-tourism-international-siksika-alberta-1.4469848?cmp=rss\" target=\"_blank\" rel=\"noopener noreferrer\"><span class=\"media-coverage-article__meta\"><span class=\"media-coverage-article__date\">2 janvier 2018<\/span><span class=\"media-coverage-article__publisher\">CBC News<\/span><\/span><span class=\"media-coverage-article__title\">Indigenous Tourism Helping to Keep Stories Alive as International Interest Grows<\/span><\/a><\/li>\n<li><a class=\"media-coverage-article\" title=\"Indigenous Tourism Helping to Keep Stories Alive as International Interest Grows\" href=\"https:\/\/www.thespec.com\/news-story\/8033404-indigenous-tourism-helping-keep-stories-alive-as-international-interest-grows\/\" target=\"_blank\" rel=\"noopener noreferrer\"><span class=\"media-coverage-article__meta\"><span class=\"media-coverage-article__date\">2 janvier 2018<\/span><span class=\"media-coverage-article__publisher\">Hamilton Spectator<\/span><\/span><span class=\"media-coverage-article__title\">Indigenous Tourism Helping to Keep Stories Alive as International Interest Grows<\/span><\/a><\/li>\n<li><a class=\"media-coverage-article\" title=\"Indigenous Tourism Helping Keep Stories Alive as International Interest Grows\" href=\"http:\/\/www.canadianbusiness.com\/business-news\/indigenous-tourism-helping-keep-stories-alive-as-international-interest-grows\/\" target=\"_blank\" rel=\"noopener noreferrer\"><span class=\"media-coverage-article__meta\"><span class=\"media-coverage-article__date\">2 janvier 2018<\/span><span class=\"media-coverage-article__publisher\">Canadian Business Magazine<\/span><\/span><span class=\"media-coverage-article__title\">Indigenous Tourism Helping Keep Stories Alive as International Interest Grows<\/span><\/a><\/li>\n<li><a class=\"media-coverage-article\" title=\"Indigenous Tourism Helping to Keep Stories Alive\" href=\"https:\/\/ipolitics.ca\/2018\/01\/02\/indigenous-tourism-helping-keep-stories-alive\/\" target=\"_blank\" rel=\"noopener noreferrer\"><span class=\"media-coverage-article__meta\"><span class=\"media-coverage-article__date\">2 janvier 2018<\/span><span class=\"media-coverage-article__publisher\">iPolitics<\/span><\/span><span class=\"media-coverage-article__title\">Indigenous Tourism Helping to Keep Stories Alive<\/span><\/a><\/li>\n<li><a class=\"media-coverage-article\" title=\"Indigenous Stories Find New Life as International Tourists Take Notice\" href=\"https:\/\/www.ctvnews.ca\/canada\/indigenous-stories-find-new-life-as-international-tourists-take-notice-1.3742207\" target=\"_blank\" rel=\"noopener noreferrer\"><span class=\"media-coverage-article__meta\"><span class=\"media-coverage-article__date\">2 janvier 2018<\/span><span class=\"media-coverage-article__publisher\">CTV News Toronto<\/span><\/span><span class=\"media-coverage-article__title\">Indigenous Stories Find New Life as International Tourists Take Notice<\/span><\/a><\/li>\n<li><a class=\"media-coverage-article\" title=\"Indigenous Tourism Helping Keep Stories Alive as International Interest Grows\" href=\"https:\/\/www.thetelegram.com\/news\/indigenous-tourism-helping-keep-stories-alive-as-international-interest-grows-173915\/\" target=\"_blank\" rel=\"noopener noreferrer\"><span class=\"media-coverage-article__meta\"><span class=\"media-coverage-article__date\">2 janvier 2018<\/span><span class=\"media-coverage-article__publisher\">The Telegram<\/span><\/span><span class=\"media-coverage-article__title\">Indigenous Tourism Helping Keep Stories Alive as International Interest Grows<\/span><\/a><\/li>\n<li><a class=\"media-coverage-article\" title=\"Canadian Natives Go Back to Their Roots\" href=\"https:\/\/www.deutschlandfunkkultur.de\/kanadas-first-nations-kanadische-ureinwohner-besinnen-sich.979.de.html?dram:article_id=397391\" target=\"_blank\" rel=\"noopener noreferrer\"><span class=\"media-coverage-article__meta\"><span class=\"media-coverage-article__date\">4 octobre 2017<\/span><span class=\"media-coverage-article__publisher\">Deutschlandfunk Kultur<\/span><\/span><span class=\"media-coverage-article__title\">Canadian Natives Go Back to Their Roots<\/span><\/a><\/li>\n<li><a class=\"media-coverage-article\" title=\"Canadian Natives Go Back to Their Roots\" href=\"https:\/\/www.deutschlandfunkkultur.de\/kanadas-first-nations-kanadische-ureinwohner-besinnen-sich.979.de.html?dram:article_id=397391\" target=\"_blank\" rel=\"noopener noreferrer\"><span class=\"media-coverage-article__meta\"><span class=\"media-coverage-article__date\">4 octobre 2017<\/span><span class=\"media-coverage-article__publisher\">Deutschlandfunk Kultur<\/span><\/span><span class=\"media-coverage-article__title\">Canadian Natives Go Back to Their Roots<\/span><\/a><\/li>\n<\/ul>\n<p><button class=\"su-button su-button-style-flat media-coverage-load-more\" style=\"margin: 24px 16px;\" type=\"button\">Charger plus<\/button><\/p>\n","protected":false},"excerpt":{"rendered":"<p>31 mai 2020Penticton Western NewsFeds earmark $1.5M to support recovery of B.C., Indigenous tourism 30 mai 2020To Do Canada25 Places to Go Backcountry Camping in Ontario 26 mai 2020CTV NewsHow Manitoba\u2019s tourism industry plans to recover from the pandemic 26 mai 2020BBC TravelWhy First Nations Communities are Uninviting Visitors 22 mai 2020Indigenous Tourism BCEconomic Stimulus [&hellip;]<\/p>\n","protected":false},"author":14,"featured_media":0,"parent":0,"menu_order":0,"comment_status":"closed","ping_status":"closed","template":"","meta":{"_acf_changed":false,"footnotes":""},"class_list":["post-8057","page","type-page","status-publish","hentry"],"acf":[],"yoast_head":"<!-- This site is optimized with the Yoast SEO plugin v24.6 - https:\/\/yoast.com\/wordpress\/plugins\/seo\/ -->\n<title>Couverture m\u00e9diatique - Association touristique autochtone du Canada<\/title>\n<meta name=\"description\" content=\"31 mai 2020Penticton Western NewsFeds earmark $1.5M to support recovery of B.C., Indigenous tourism 30 mai 2020To Do Canada25 Places to Go Backcountry\" \/>\n<meta name=\"robots\" content=\"index, follow, max-snippet:-1, max-image-preview:large, max-video-preview:-1\" \/>\n<link rel=\"canonical\" href=\"https:\/\/indigenoustourism.ca\/fr\/couverture-mediatique\/\" \/>\n<meta property=\"og:locale\" content=\"fr_FR\" \/>\n<meta property=\"og:type\" content=\"article\" \/>\n<meta property=\"og:title\" content=\"Couverture m\u00e9diatique - Association touristique autochtone du Canada\" \/>\n<meta property=\"og:description\" content=\"31 mai 2020Penticton Western NewsFeds earmark $1.5M to support recovery of B.C., Indigenous tourism 30 mai 2020To Do Canada25 Places to Go Backcountry\" \/>\n<meta property=\"og:url\" content=\"https:\/\/indigenoustourism.ca\/fr\/couverture-mediatique\/\" \/>\n<meta property=\"og:site_name\" content=\"Association touristique autochtone du Canada\" \/>\n<meta property=\"article:modified_time\" content=\"2020-06-04T17:47:15+00:00\" \/>\n<meta property=\"og:image\" content=\"https:\/\/indigenoustourism.ca\/wp-content\/uploads\/2020\/03\/ITAC-Fallback-Image.jpg\" \/>\n\t<meta property=\"og:image:width\" content=\"1920\" \/>\n\t<meta property=\"og:image:height\" content=\"1080\" \/>\n\t<meta property=\"og:image:type\" content=\"image\/jpeg\" \/>\n<meta name=\"twitter:card\" content=\"summary_large_image\" \/>\n<meta name=\"twitter:site\" content=\"@itac_corporate\" \/>\n<meta name=\"twitter:label1\" content=\"Dur\u00e9e de lecture estim\u00e9e\" \/>\n\t<meta name=\"twitter:data1\" content=\"21 minutes\" \/>\n<script type=\"application\/ld+json\" class=\"yoast-schema-graph\">{\"@context\":\"https:\/\/schema.org\",\"@graph\":[{\"@type\":\"WebPage\",\"@id\":\"https:\/\/indigenoustourism.ca\/fr\/couverture-mediatique\/\",\"url\":\"https:\/\/indigenoustourism.ca\/fr\/couverture-mediatique\/\",\"name\":\"Couverture m\u00e9diatique - Association touristique autochtone du Canada\",\"isPartOf\":{\"@id\":\"https:\/\/indigenoustourism.ca\/#website\"},\"datePublished\":\"2018-08-22T22:46:58+00:00\",\"dateModified\":\"2020-06-04T17:47:15+00:00\",\"description\":\"31 mai 2020Penticton Western NewsFeds earmark $1.5M to support recovery of B.C., Indigenous tourism 30 mai 2020To Do Canada25 Places to Go Backcountry\",\"breadcrumb\":{\"@id\":\"https:\/\/indigenoustourism.ca\/fr\/couverture-mediatique\/#breadcrumb\"},\"inLanguage\":\"fr-FR\",\"potentialAction\":[{\"@type\":\"ReadAction\",\"target\":[\"https:\/\/indigenoustourism.ca\/fr\/couverture-mediatique\/\"]}]},{\"@type\":\"BreadcrumbList\",\"@id\":\"https:\/\/indigenoustourism.ca\/fr\/couverture-mediatique\/#breadcrumb\",\"itemListElement\":[{\"@type\":\"ListItem\",\"position\":1,\"name\":\"Home\",\"item\":\"https:\/\/indigenoustourism.ca\/fr\/home\/\"},{\"@type\":\"ListItem\",\"position\":2,\"name\":\"Couverture m\u00e9diatique\"}]},{\"@type\":\"WebSite\",\"@id\":\"https:\/\/indigenoustourism.ca\/#website\",\"url\":\"https:\/\/indigenoustourism.ca\/\",\"name\":\"Association touristique autochtone du Canada\",\"description\":\"Corporate\",\"publisher\":{\"@id\":\"https:\/\/indigenoustourism.ca\/#organization\"},\"potentialAction\":[{\"@type\":\"SearchAction\",\"target\":{\"@type\":\"EntryPoint\",\"urlTemplate\":\"https:\/\/indigenoustourism.ca\/?s={search_term_string}\"},\"query-input\":{\"@type\":\"PropertyValueSpecification\",\"valueRequired\":true,\"valueName\":\"search_term_string\"}}],\"inLanguage\":\"fr-FR\"},{\"@type\":\"Organization\",\"@id\":\"https:\/\/indigenoustourism.ca\/#organization\",\"name\":\"Association touristique autochtone du Canada\",\"url\":\"https:\/\/indigenoustourism.ca\/\",\"logo\":{\"@type\":\"ImageObject\",\"inLanguage\":\"fr-FR\",\"@id\":\"https:\/\/indigenoustourism.ca\/#\/schema\/logo\/image\/\",\"url\":\"https:\/\/indigenoustourism.ca\/wp-content\/uploads\/2018\/02\/ITAC-logo-corporate-bilingual-standard@300x.png\",\"contentUrl\":\"https:\/\/indigenoustourism.ca\/wp-content\/uploads\/2018\/02\/ITAC-logo-corporate-bilingual-standard@300x.png\",\"width\":2408,\"height\":701,\"caption\":\"Association touristique autochtone du Canada\"},\"image\":{\"@id\":\"https:\/\/indigenoustourism.ca\/#\/schema\/logo\/image\/\"},\"sameAs\":[\"https:\/\/x.com\/itac_corporate\"]}]}<\/script>\n<!-- \/ Yoast SEO plugin. -->","yoast_head_json":{"title":"Couverture m\u00e9diatique - Association touristique autochtone du Canada","description":"31 mai 2020Penticton Western NewsFeds earmark $1.5M to support recovery of B.C., Indigenous tourism 30 mai 2020To Do Canada25 Places to Go Backcountry","robots":{"index":"index","follow":"follow","max-snippet":"max-snippet:-1","max-image-preview":"max-image-preview:large","max-video-preview":"max-video-preview:-1"},"canonical":"https:\/\/indigenoustourism.ca\/fr\/couverture-mediatique\/","og_locale":"fr_FR","og_type":"article","og_title":"Couverture m\u00e9diatique - Association touristique autochtone du Canada","og_description":"31 mai 2020Penticton Western NewsFeds earmark $1.5M to support recovery of B.C., Indigenous tourism 30 mai 2020To Do Canada25 Places to Go Backcountry","og_url":"https:\/\/indigenoustourism.ca\/fr\/couverture-mediatique\/","og_site_name":"Association touristique autochtone du Canada","article_modified_time":"2020-06-04T17:47:15+00:00","og_image":[{"width":1920,"height":1080,"url":"https:\/\/indigenoustourism.ca\/wp-content\/uploads\/2020\/03\/ITAC-Fallback-Image.jpg","type":"image\/jpeg"}],"twitter_card":"summary_large_image","twitter_site":"@itac_corporate","twitter_misc":{"Dur\u00e9e de lecture estim\u00e9e":"21 minutes"},"schema":{"@context":"https:\/\/schema.org","@graph":[{"@type":"WebPage","@id":"https:\/\/indigenoustourism.ca\/fr\/couverture-mediatique\/","url":"https:\/\/indigenoustourism.ca\/fr\/couverture-mediatique\/","name":"Couverture m\u00e9diatique - Association touristique autochtone du Canada","isPartOf":{"@id":"https:\/\/indigenoustourism.ca\/#website"},"datePublished":"2018-08-22T22:46:58+00:00","dateModified":"2020-06-04T17:47:15+00:00","description":"31 mai 2020Penticton Western NewsFeds earmark $1.5M to support recovery of B.C., Indigenous tourism 30 mai 2020To Do Canada25 Places to Go Backcountry","breadcrumb":{"@id":"https:\/\/indigenoustourism.ca\/fr\/couverture-mediatique\/#breadcrumb"},"inLanguage":"fr-FR","potentialAction":[{"@type":"ReadAction","target":["https:\/\/indigenoustourism.ca\/fr\/couverture-mediatique\/"]}]},{"@type":"BreadcrumbList","@id":"https:\/\/indigenoustourism.ca\/fr\/couverture-mediatique\/#breadcrumb","itemListElement":[{"@type":"ListItem","position":1,"name":"Home","item":"https:\/\/indigenoustourism.ca\/fr\/home\/"},{"@type":"ListItem","position":2,"name":"Couverture m\u00e9diatique"}]},{"@type":"WebSite","@id":"https:\/\/indigenoustourism.ca\/#website","url":"https:\/\/indigenoustourism.ca\/","name":"Association touristique autochtone du Canada","description":"Corporate","publisher":{"@id":"https:\/\/indigenoustourism.ca\/#organization"},"potentialAction":[{"@type":"SearchAction","target":{"@type":"EntryPoint","urlTemplate":"https:\/\/indigenoustourism.ca\/?s={search_term_string}"},"query-input":{"@type":"PropertyValueSpecification","valueRequired":true,"valueName":"search_term_string"}}],"inLanguage":"fr-FR"},{"@type":"Organization","@id":"https:\/\/indigenoustourism.ca\/#organization","name":"Association touristique autochtone du Canada","url":"https:\/\/indigenoustourism.ca\/","logo":{"@type":"ImageObject","inLanguage":"fr-FR","@id":"https:\/\/indigenoustourism.ca\/#\/schema\/logo\/image\/","url":"https:\/\/indigenoustourism.ca\/wp-content\/uploads\/2018\/02\/ITAC-logo-corporate-bilingual-standard@300x.png","contentUrl":"https:\/\/indigenoustourism.ca\/wp-content\/uploads\/2018\/02\/ITAC-logo-corporate-bilingual-standard@300x.png","width":2408,"height":701,"caption":"Association touristique autochtone du Canada"},"image":{"@id":"https:\/\/indigenoustourism.ca\/#\/schema\/logo\/image\/"},"sameAs":["https:\/\/x.com\/itac_corporate"]}]}},"_links":{"self":[{"href":"https:\/\/indigenoustourism.ca\/fr\/wp-json\/wp\/v2\/pages\/8057","targetHints":{"allow":["GET"]}}],"collection":[{"href":"https:\/\/indigenoustourism.ca\/fr\/wp-json\/wp\/v2\/pages"}],"about":[{"href":"https:\/\/indigenoustourism.ca\/fr\/wp-json\/wp\/v2\/types\/page"}],"author":[{"embeddable":true,"href":"https:\/\/indigenoustourism.ca\/fr\/wp-json\/wp\/v2\/users\/14"}],"replies":[{"embeddable":true,"href":"https:\/\/indigenoustourism.ca\/fr\/wp-json\/wp\/v2\/comments?post=8057"}],"version-history":[{"count":0,"href":"https:\/\/indigenoustourism.ca\/fr\/wp-json\/wp\/v2\/pages\/8057\/revisions"}],"wp:attachment":[{"href":"https:\/\/indigenoustourism.ca\/fr\/wp-json\/wp\/v2\/media?parent=8057"}],"curies":[{"name":"wp","href":"https:\/\/api.w.org\/{rel}","templated":true}]}}